{"id":22,"date":"2023-12-19T15:10:31","date_gmt":"2023-12-19T14:10:31","guid":{"rendered":"https:\/\/ecoticias.com\/hoyeco\/?page_id=22"},"modified":"2026-03-31T18:42:49","modified_gmt":"2026-03-31T16:42:49","slug":"home","status":"publish","type":"page","link":"https:\/\/www.ecoticias.com\/hoyeco\/","title":{"rendered":"HoyECO"},"content":{"rendered":"\n<div class=\"gb-element-66ddaab7\">\n<div class=\"gb-element-c65341e1\">\n<div class=\"gb-element-37468aca\">\n<div class=\"gb-element-d1aa88b0\">\n<div class=\"gb-query-bc5d26c3\"><div class=\"gb-looper-01697000\">\n<div class=\"gb-loop-item post-35577 post type-post status-publish format-standard has-post-thumbnail hentry category-ciencia resize-featured-image\">\n<div class=\"gb-element-2eb0751f\">\n<div>\n<a href=\"https:\/\/www.ecoticias.com\/hoyeco\/cientificos-desarrollan-un-iman-700-000-veces-mas-potente-que-el-campo-de-la-tierra-capaz-de-mantenerse-activo-mas-de-200-horas\/35577\/\"><img loading=\"lazy\" decoding=\"async\" width=\"1800\" height=\"1013\" data-media-id=\"35578\" class=\"gb-media-de7c231a\" alt=\"Im\u00e1n superconductor de 35,6 teslas desarrollado en China en la instalaci\u00f3n SECUF en Pek\u00edn.\" src=\"https:\/\/www.ecoticias.com\/hoyeco\/wp-content\/uploads\/2026\/04\/iman-superconductor-35-6-teslas-china-record.jpg\" srcset=\"https:\/\/www.ecoticias.com\/hoyeco\/wp-content\/uploads\/2026\/04\/iman-superconductor-35-6-teslas-china-record.jpg 1800w, https:\/\/www.ecoticias.com\/hoyeco\/wp-content\/uploads\/2026\/04\/iman-superconductor-35-6-teslas-china-record-300x169.jpg 300w, https:\/\/www.ecoticias.com\/hoyeco\/wp-content\/uploads\/2026\/04\/iman-superconductor-35-6-teslas-china-record-768x432.jpg 768w, https:\/\/www.ecoticias.com\/hoyeco\/wp-content\/uploads\/2026\/04\/iman-superconductor-35-6-teslas-china-record-1536x864.jpg 1536w, https:\/\/www.ecoticias.com\/hoyeco\/wp-content\/uploads\/2026\/04\/iman-superconductor-35-6-teslas-china-record-150x84.jpg 150w\" sizes=\"auto, (max-width: 1800px) 100vw, 1800px\" \/><\/a>\n<\/div>\n\n\n\n<div>\n<h2 class=\"gb-text gb-text-ac65a22c\"><a href=\"https:\/\/www.ecoticias.com\/hoyeco\/cientificos-desarrollan-un-iman-700-000-veces-mas-potente-que-el-campo-de-la-tierra-capaz-de-mantenerse-activo-mas-de-200-horas\/35577\/\">Cient\u00edficos desarrollan un im\u00e1n 700.000 veces m\u00e1s potente que el campo de la Tierra capaz de mantenerse activo m\u00e1s de 200 horas<\/a><\/h2>\n\n\n\n<div class=\"gb-element-be44d9ed\">\n<div class=\"gb-text-064c65ed\"><span class=\"gb-text\">HoyECO<\/span><span class=\"gb-shape\"><svg viewBox=\"0 0 24 24\"><path d=\"M23,12L20.56,9.22L20.9,5.54L17.29,4.72L15.4,1.54L12,3L8.6,1.54L6.71,4.72L3.1,5.53L3.44,9.21L1,12L3.44,14.78L3.1,18.47L6.71,19.29L8.6,22.47L12,21L15.4,22.46L17.29,19.28L20.9,18.46L20.56,14.78L23,12M10,17L6,13L7.41,11.59L10,14.17L16.59,7.58L18,9L10,17Z\"><\/path><\/svg><\/span><\/div>\n\n\n\n<div class=\"gb-text gb-text-909a27ed\">|<\/div>\n\n\n\n<div class=\"gb-text-e5da1983\"><span class=\"gb-shape\"><svg aria-hidden=\"true\" role=\"img\" height=\"1em\" width=\"1em\" viewBox=\"0 0 512 512\" xmlns=\"http:\/\/www.w3.org\/2000\/svg\"><path fill=\"currentColor\" d=\"M256 8C119 8 8 119 8 256s111 248 248 248 248-111 248-248S393 8 256 8zm0 448c-110.5 0-200-89.5-200-200S145.5 56 256 56s200 89.5 200 200-89.5 200-200 200zm61.8-104.4l-84.9-61.7c-3.1-2.3-4.9-5.9-4.9-9.7V116c0-6.6 5.4-12 12-12h32c6.6 0 12 5.4 12 12v141.7l66.8 48.6c5.4 3.9 6.5 11.4 2.6 16.8L334.6 349c-3.9 5.3-11.4 6.5-16.8 2.6z\"><\/path><\/svg><\/span><span class=\"gb-text\">2 de mayo de 2026 a las 12:46<\/span><\/div>\n<\/div>\n\n\n\n<p class=\"gb-text gb-text-b0583e78\">En enero de 2026, la Academia China de Ciencias anunci\u00f3 un \u201cuser magnet\u201d totalmente superconductor que alcanza 35,6 teslas en Pek\u00edn. Es un campo&#8230;..<\/p>\n\n\n\n<p><\/p>\n<\/div>\n<\/div>\n<\/div>\n\n<div class=\"gb-loop-item post-35574 post type-post status-publish format-standard has-post-thumbnail hentry category-energia resize-featured-image\">\n<div class=\"gb-element-2eb0751f\">\n<div>\n<a href=\"https:\/\/www.ecoticias.com\/hoyeco\/donald-trump-desafia-lo-establecido-y-ahora-ha-puesto-a-trabajar-a-la-nasa-para-ser-el-primer-pais-en-construir-centrales-nucleares-en-la-luna\/35574\/\"><img loading=\"lazy\" decoding=\"async\" width=\"1800\" height=\"1013\" data-media-id=\"35575\" class=\"gb-media-de7c231a\" alt=\"Reactor nuclear de la NASA en la superficie de la Luna para generar energ\u00eda en bases espaciales.\" src=\"https:\/\/www.ecoticias.com\/hoyeco\/wp-content\/uploads\/2026\/04\/central-nuclear-luna-nasa-reactor-fision-eeuu.jpg\" srcset=\"https:\/\/www.ecoticias.com\/hoyeco\/wp-content\/uploads\/2026\/04\/central-nuclear-luna-nasa-reactor-fision-eeuu.jpg 1800w, https:\/\/www.ecoticias.com\/hoyeco\/wp-content\/uploads\/2026\/04\/central-nuclear-luna-nasa-reactor-fision-eeuu-300x169.jpg 300w, https:\/\/www.ecoticias.com\/hoyeco\/wp-content\/uploads\/2026\/04\/central-nuclear-luna-nasa-reactor-fision-eeuu-768x432.jpg 768w, https:\/\/www.ecoticias.com\/hoyeco\/wp-content\/uploads\/2026\/04\/central-nuclear-luna-nasa-reactor-fision-eeuu-1536x864.jpg 1536w, https:\/\/www.ecoticias.com\/hoyeco\/wp-content\/uploads\/2026\/04\/central-nuclear-luna-nasa-reactor-fision-eeuu-150x84.jpg 150w\" sizes=\"auto, (max-width: 1800px) 100vw, 1800px\" \/><\/a>\n<\/div>\n\n\n\n<div>\n<h2 class=\"gb-text gb-text-ac65a22c\"><a href=\"https:\/\/www.ecoticias.com\/hoyeco\/donald-trump-desafia-lo-establecido-y-ahora-ha-puesto-a-trabajar-a-la-nasa-para-ser-el-primer-pais-en-construir-centrales-nucleares-en-la-luna\/35574\/\">Donald Trump desaf\u00eda lo establecido y ahora ha puesto a trabajar a la NASA para ser el primer pa\u00eds en construir centrales nucleares en la Luna<\/a><\/h2>\n\n\n\n<div class=\"gb-element-be44d9ed\">\n<div class=\"gb-text-064c65ed\"><span class=\"gb-text\">HoyECO<\/span><span class=\"gb-shape\"><svg viewBox=\"0 0 24 24\"><path d=\"M23,12L20.56,9.22L20.9,5.54L17.29,4.72L15.4,1.54L12,3L8.6,1.54L6.71,4.72L3.1,5.53L3.44,9.21L1,12L3.44,14.78L3.1,18.47L6.71,19.29L8.6,22.47L12,21L15.4,22.46L17.29,19.28L20.9,18.46L20.56,14.78L23,12M10,17L6,13L7.41,11.59L10,14.17L16.59,7.58L18,9L10,17Z\"><\/path><\/svg><\/span><\/div>\n\n\n\n<div class=\"gb-text gb-text-909a27ed\">|<\/div>\n\n\n\n<div class=\"gb-text-e5da1983\"><span class=\"gb-shape\"><svg aria-hidden=\"true\" role=\"img\" height=\"1em\" width=\"1em\" viewBox=\"0 0 512 512\" xmlns=\"http:\/\/www.w3.org\/2000\/svg\"><path fill=\"currentColor\" d=\"M256 8C119 8 8 119 8 256s111 248 248 248 248-111 248-248S393 8 256 8zm0 448c-110.5 0-200-89.5-200-200S145.5 56 256 56s200 89.5 200 200-89.5 200-200 200zm61.8-104.4l-84.9-61.7c-3.1-2.3-4.9-5.9-4.9-9.7V116c0-6.6 5.4-12 12-12h32c6.6 0 12 5.4 12 12v141.7l66.8 48.6c5.4 3.9 6.5 11.4 2.6 16.8L334.6 349c-3.9 5.3-11.4 6.5-16.8 2.6z\"><\/path><\/svg><\/span><span class=\"gb-text\">2 de mayo de 2026 a las 09:50<\/span><\/div>\n<\/div>\n\n\n\n<p class=\"gb-text gb-text-b0583e78\">Estados Unidos quiere que la energ\u00eda nuclear sea la base el\u00e9ctrica de sus pr\u00f3ximas misiones lunares. Un memorando de la Casa Blanca marca plazos&#8230;..<\/p>\n\n\n\n<p><\/p>\n<\/div>\n<\/div>\n<\/div>\n<\/div><\/div>\n\n\n\n<div><div class=\"gb-looper-e2ffc533\">\n<div class=\"gb-loop-item post-35570 post type-post status-publish format-standard has-post-thumbnail hentry category-actualidad resize-featured-image\">\n<a href=\"https:\/\/www.ecoticias.com\/hoyeco\/instan-a-los-turistas-a-mantenerse-totalmente-alejados-de-las-islas-canarias-y-la-razon-deja-a-muchos-sin-palabras\/35570\/\"><img loading=\"lazy\" decoding=\"async\" width=\"1800\" height=\"1013\" data-media-id=\"35572\" class=\"gb-media-2fe57265\" alt=\"Protesta contra el turismo masivo en Canarias con pancarta &quot;Canarias tiene un l\u00edmite&quot; junto a una playa llena de turistas.\" src=\"https:\/\/www.ecoticias.com\/hoyeco\/wp-content\/uploads\/2026\/04\/canarias-turismo-masivo-protestas-limite-turistas-playa.jpg\" srcset=\"https:\/\/www.ecoticias.com\/hoyeco\/wp-content\/uploads\/2026\/04\/canarias-turismo-masivo-protestas-limite-turistas-playa.jpg 1800w, https:\/\/www.ecoticias.com\/hoyeco\/wp-content\/uploads\/2026\/04\/canarias-turismo-masivo-protestas-limite-turistas-playa-300x169.jpg 300w, https:\/\/www.ecoticias.com\/hoyeco\/wp-content\/uploads\/2026\/04\/canarias-turismo-masivo-protestas-limite-turistas-playa-768x432.jpg 768w, https:\/\/www.ecoticias.com\/hoyeco\/wp-content\/uploads\/2026\/04\/canarias-turismo-masivo-protestas-limite-turistas-playa-1536x864.jpg 1536w, https:\/\/www.ecoticias.com\/hoyeco\/wp-content\/uploads\/2026\/04\/canarias-turismo-masivo-protestas-limite-turistas-playa-150x84.jpg 150w\" sizes=\"auto, (max-width: 1800px) 100vw, 1800px\" \/><\/a>\n\n\n\n<h2 class=\"gb-text gb-text-310ba97f\"><a href=\"https:\/\/www.ecoticias.com\/hoyeco\/instan-a-los-turistas-a-mantenerse-totalmente-alejados-de-las-islas-canarias-y-la-razon-deja-a-muchos-sin-palabras\/35570\/\">Instan a los turistas a mantenerse totalmente alejados de las Islas Canarias y la raz\u00f3n deja a muchos sin palabras<\/a><\/h2>\n<\/div>\n\n<div class=\"gb-loop-item post-35567 post type-post status-publish format-standard has-post-thumbnail hentry category-ciencia resize-featured-image\">\n<a href=\"https:\/\/www.ecoticias.com\/hoyeco\/cientificos-tienen-la-prueba-de-que-hace-100-millones-de-anos-existieron-pulpos-de-18-metros-y-reescribe-la-historia-que-conociamos-hasta-ahora\/35567\/\"><img loading=\"lazy\" decoding=\"async\" width=\"1800\" height=\"1013\" data-media-id=\"35568\" class=\"gb-media-2fe57265\" alt=\"Recreaci\u00f3n realista de un pulpo gigante del Cret\u00e1cico nadando en el oc\u00e9ano hace 100 millones de a\u00f1os.\" src=\"https:\/\/www.ecoticias.com\/hoyeco\/wp-content\/uploads\/2026\/04\/kraken-cretacico-pulpo-gigante-fosil.jpg\" srcset=\"https:\/\/www.ecoticias.com\/hoyeco\/wp-content\/uploads\/2026\/04\/kraken-cretacico-pulpo-gigante-fosil.jpg 1800w, https:\/\/www.ecoticias.com\/hoyeco\/wp-content\/uploads\/2026\/04\/kraken-cretacico-pulpo-gigante-fosil-300x169.jpg 300w, https:\/\/www.ecoticias.com\/hoyeco\/wp-content\/uploads\/2026\/04\/kraken-cretacico-pulpo-gigante-fosil-768x432.jpg 768w, https:\/\/www.ecoticias.com\/hoyeco\/wp-content\/uploads\/2026\/04\/kraken-cretacico-pulpo-gigante-fosil-1536x864.jpg 1536w, https:\/\/www.ecoticias.com\/hoyeco\/wp-content\/uploads\/2026\/04\/kraken-cretacico-pulpo-gigante-fosil-150x84.jpg 150w\" sizes=\"auto, (max-width: 1800px) 100vw, 1800px\" \/><\/a>\n\n\n\n<h2 class=\"gb-text gb-text-310ba97f\"><a href=\"https:\/\/www.ecoticias.com\/hoyeco\/cientificos-tienen-la-prueba-de-que-hace-100-millones-de-anos-existieron-pulpos-de-18-metros-y-reescribe-la-historia-que-conociamos-hasta-ahora\/35567\/\">Cient\u00edficos tienen la prueba de que hace 100 millones de a\u00f1os existieron pulpos de 18 metros y reescribe la historia que conoc\u00edamos hasta ahora<\/a><\/h2>\n<\/div>\n\n<div class=\"gb-loop-item post-35564 post type-post status-publish format-standard has-post-thumbnail hentry category-energia resize-featured-image\">\n<a href=\"https:\/\/www.ecoticias.com\/hoyeco\/hace-casi-20-anos-islandia-se-equivoco-y-perforo-una-bolsa-de-magma-por-equivocacion-hoy-en-en-dia-han-descubierto-la-mayor-fuente-de-energia-ilimitada-que-marca-un-hito-en-la-geomineria\/35564\/\"><img loading=\"lazy\" decoding=\"async\" width=\"1800\" height=\"1013\" data-media-id=\"35565\" class=\"gb-media-2fe57265\" alt=\"Plataforma geot\u00e9rmica en Islandia perforando magma en Krafla para generar energ\u00eda de alta temperatura.\" src=\"https:\/\/www.ecoticias.com\/hoyeco\/wp-content\/uploads\/2026\/04\/islandia-perfora-magma-energia-geotermica-krafla-iddp1.jpg\" srcset=\"https:\/\/www.ecoticias.com\/hoyeco\/wp-content\/uploads\/2026\/04\/islandia-perfora-magma-energia-geotermica-krafla-iddp1.jpg 1800w, https:\/\/www.ecoticias.com\/hoyeco\/wp-content\/uploads\/2026\/04\/islandia-perfora-magma-energia-geotermica-krafla-iddp1-300x169.jpg 300w, https:\/\/www.ecoticias.com\/hoyeco\/wp-content\/uploads\/2026\/04\/islandia-perfora-magma-energia-geotermica-krafla-iddp1-768x432.jpg 768w, https:\/\/www.ecoticias.com\/hoyeco\/wp-content\/uploads\/2026\/04\/islandia-perfora-magma-energia-geotermica-krafla-iddp1-1536x864.jpg 1536w, https:\/\/www.ecoticias.com\/hoyeco\/wp-content\/uploads\/2026\/04\/islandia-perfora-magma-energia-geotermica-krafla-iddp1-150x84.jpg 150w\" sizes=\"auto, (max-width: 1800px) 100vw, 1800px\" \/><\/a>\n\n\n\n<h2 class=\"gb-text gb-text-310ba97f\"><a href=\"https:\/\/www.ecoticias.com\/hoyeco\/hace-casi-20-anos-islandia-se-equivoco-y-perforo-una-bolsa-de-magma-por-equivocacion-hoy-en-en-dia-han-descubierto-la-mayor-fuente-de-energia-ilimitada-que-marca-un-hito-en-la-geomineria\/35564\/\">Hace casi 20 a\u00f1os Islandia se equivoc\u00f3 y perfor\u00f3 una bolsa de magma por equivocaci\u00f3n, hoy en en d\u00eda han descubierto la mayor fuente de energ\u00eda ilimitada que marca un hito en la geominer\u00eda<\/a><\/h2>\n<\/div>\n\n<div class=\"gb-loop-item post-35561 post type-post status-publish format-standard has-post-thumbnail hentry category-energia resize-featured-image\">\n<a href=\"https:\/\/www.ecoticias.com\/hoyeco\/mientras-espana-sigue-cerrando-centrales-nucleares-y-va-a-pagar-144-euros-mas-por-la-luz-china-se-prepara-para-generar-100-gw-con-mas-de-60-reactores\/35561\/\"><img loading=\"lazy\" decoding=\"async\" width=\"1800\" height=\"1013\" data-media-id=\"35562\" class=\"gb-media-2fe57265\" alt=\"Construcci\u00f3n de reactor nuclear en China con gr\u00faas y obra del proyecto Hualong One.\" src=\"https:\/\/www.ecoticias.com\/hoyeco\/wp-content\/uploads\/2026\/04\/china-reactores-nucleares-construccion-100gw-2030.jpg\" srcset=\"https:\/\/www.ecoticias.com\/hoyeco\/wp-content\/uploads\/2026\/04\/china-reactores-nucleares-construccion-100gw-2030.jpg 1800w, https:\/\/www.ecoticias.com\/hoyeco\/wp-content\/uploads\/2026\/04\/china-reactores-nucleares-construccion-100gw-2030-300x169.jpg 300w, https:\/\/www.ecoticias.com\/hoyeco\/wp-content\/uploads\/2026\/04\/china-reactores-nucleares-construccion-100gw-2030-768x432.jpg 768w, https:\/\/www.ecoticias.com\/hoyeco\/wp-content\/uploads\/2026\/04\/china-reactores-nucleares-construccion-100gw-2030-1536x864.jpg 1536w, https:\/\/www.ecoticias.com\/hoyeco\/wp-content\/uploads\/2026\/04\/china-reactores-nucleares-construccion-100gw-2030-150x84.jpg 150w\" sizes=\"auto, (max-width: 1800px) 100vw, 1800px\" \/><\/a>\n\n\n\n<h2 class=\"gb-text gb-text-310ba97f\"><a href=\"https:\/\/www.ecoticias.com\/hoyeco\/mientras-espana-sigue-cerrando-centrales-nucleares-y-va-a-pagar-144-euros-mas-por-la-luz-china-se-prepara-para-generar-100-gw-con-mas-de-60-reactores\/35561\/\">Mientras Espa\u00f1a sigue cerrando centrales nucleares y va a pagar 144 euros m\u00e1s por la luz China se prepara para generar 100 GW con m\u00e1s de 60 reactores<\/a><\/h2>\n<\/div>\n<\/div><\/div>\n<\/div>\n\n\n\n<div class=\"gb-element-37fa3ee3\">\n<div><div class=\"gb-looper-34e2b16c\">\n<div class=\"gb-loop-item gb-loop-item-c5f2dded post-35558 post type-post status-publish format-standard has-post-thumbnail hentry category-energia resize-featured-image\">\n<div class=\"gb-element-dcd46cd8\">\n<a href=\"https:\/\/www.ecoticias.com\/hoyeco\/china-desafia-las-leyes-de-la-logica-con-stratosphere-s2000-la-primera-turbina-volante-de-60-metros-que-genera-energia-infinita-10-veces-mas-barata-que-la-eolica\/35558\/\"><img loading=\"lazy\" decoding=\"async\" width=\"1800\" height=\"1013\" data-media-id=\"35559\" class=\"gb-media-8fa6ddb0\" alt=\"Turbina volante S2000 de China generando energ\u00eda e\u00f3lica en el aire durante una prueba real en Yibin.\" src=\"https:\/\/www.ecoticias.com\/hoyeco\/wp-content\/uploads\/2026\/04\/turbina-volante-s2000-china-energia-eolica-aerea.jpg\" srcset=\"https:\/\/www.ecoticias.com\/hoyeco\/wp-content\/uploads\/2026\/04\/turbina-volante-s2000-china-energia-eolica-aerea.jpg 1800w, https:\/\/www.ecoticias.com\/hoyeco\/wp-content\/uploads\/2026\/04\/turbina-volante-s2000-china-energia-eolica-aerea-300x169.jpg 300w, https:\/\/www.ecoticias.com\/hoyeco\/wp-content\/uploads\/2026\/04\/turbina-volante-s2000-china-energia-eolica-aerea-768x432.jpg 768w, https:\/\/www.ecoticias.com\/hoyeco\/wp-content\/uploads\/2026\/04\/turbina-volante-s2000-china-energia-eolica-aerea-1536x864.jpg 1536w, https:\/\/www.ecoticias.com\/hoyeco\/wp-content\/uploads\/2026\/04\/turbina-volante-s2000-china-energia-eolica-aerea-150x84.jpg 150w\" sizes=\"auto, (max-width: 1800px) 100vw, 1800px\" \/><\/a>\n<\/div>\n\n\n\n<div class=\"gb-element-9731378a\">\n<h2 class=\"gb-text gb-text-d15b70c6\"><a href=\"https:\/\/www.ecoticias.com\/hoyeco\/china-desafia-las-leyes-de-la-logica-con-stratosphere-s2000-la-primera-turbina-volante-de-60-metros-que-genera-energia-infinita-10-veces-mas-barata-que-la-eolica\/35558\/\">China desaf\u00eda las leyes de la l\u00f3gica con Stratosphere S2000, la primera turbina volante de 60 metros que genera energ\u00eda infinita 10 veces m\u00e1s barata que la e\u00f3lica<\/a><\/h2>\n\n\n\n<div class=\"gb-text-086a77f9\"><span class=\"gb-shape\"><svg aria-hidden=\"true\" role=\"img\" height=\"1em\" width=\"1em\" viewBox=\"0 0 512 512\" xmlns=\"http:\/\/www.w3.org\/2000\/svg\"><path fill=\"currentColor\" d=\"M256 8C119 8 8 119 8 256s111 248 248 248 248-111 248-248S393 8 256 8zm0 448c-110.5 0-200-89.5-200-200S145.5 56 256 56s200 89.5 200 200-89.5 200-200 200zm61.8-104.4l-84.9-61.7c-3.1-2.3-4.9-5.9-4.9-9.7V116c0-6.6 5.4-12 12-12h32c6.6 0 12 5.4 12 12v141.7l66.8 48.6c5.4 3.9 6.5 11.4 2.6 16.8L334.6 349c-3.9 5.3-11.4 6.5-16.8 2.6z\"><\/path><\/svg><\/span><span class=\"gb-text\">1 de mayo de 2026 a las 18:46<\/span><\/div>\n<\/div>\n<\/div>\n\n<div class=\"gb-loop-item gb-loop-item-c5f2dded post-35555 post type-post status-publish format-standard has-post-thumbnail hentry category-construccion resize-featured-image\">\n<div class=\"gb-element-dcd46cd8\">\n<a href=\"https:\/\/www.ecoticias.com\/hoyeco\/india-descubre-un-tesoro-bajo-un-yacimiento-de-hierro-han-encontrado-20-toneladas-de-oro-en-la-region-de-odisha-con-valor-de-1500-millones-de-dolares\/35555\/\"><img loading=\"lazy\" decoding=\"async\" width=\"1800\" height=\"1013\" data-media-id=\"35556\" class=\"gb-media-8fa6ddb0\" alt=\"Mina a cielo abierto en Odisha India donde se han detectado reservas de oro bajo yacimientos de hierro.\" src=\"https:\/\/www.ecoticias.com\/hoyeco\/wp-content\/uploads\/2026\/04\/india-oro-odisha-yacimiento-hierro-mina.jpg\" srcset=\"https:\/\/www.ecoticias.com\/hoyeco\/wp-content\/uploads\/2026\/04\/india-oro-odisha-yacimiento-hierro-mina.jpg 1800w, https:\/\/www.ecoticias.com\/hoyeco\/wp-content\/uploads\/2026\/04\/india-oro-odisha-yacimiento-hierro-mina-300x169.jpg 300w, https:\/\/www.ecoticias.com\/hoyeco\/wp-content\/uploads\/2026\/04\/india-oro-odisha-yacimiento-hierro-mina-768x432.jpg 768w, https:\/\/www.ecoticias.com\/hoyeco\/wp-content\/uploads\/2026\/04\/india-oro-odisha-yacimiento-hierro-mina-1536x864.jpg 1536w, https:\/\/www.ecoticias.com\/hoyeco\/wp-content\/uploads\/2026\/04\/india-oro-odisha-yacimiento-hierro-mina-150x84.jpg 150w\" sizes=\"auto, (max-width: 1800px) 100vw, 1800px\" \/><\/a>\n<\/div>\n\n\n\n<div class=\"gb-element-9731378a\">\n<h2 class=\"gb-text gb-text-d15b70c6\"><a href=\"https:\/\/www.ecoticias.com\/hoyeco\/india-descubre-un-tesoro-bajo-un-yacimiento-de-hierro-han-encontrado-20-toneladas-de-oro-en-la-region-de-odisha-con-valor-de-1500-millones-de-dolares\/35555\/\">India descubre un tesoro bajo un yacimiento de hierro: han encontrado 20 toneladas de oro en la regi\u00f3n de Odisha con valor de 1500 millones de d\u00f3lares<\/a><\/h2>\n\n\n\n<div class=\"gb-text-086a77f9\"><span class=\"gb-shape\"><svg aria-hidden=\"true\" role=\"img\" height=\"1em\" width=\"1em\" viewBox=\"0 0 512 512\" xmlns=\"http:\/\/www.w3.org\/2000\/svg\"><path fill=\"currentColor\" d=\"M256 8C119 8 8 119 8 256s111 248 248 248 248-111 248-248S393 8 256 8zm0 448c-110.5 0-200-89.5-200-200S145.5 56 256 56s200 89.5 200 200-89.5 200-200 200zm61.8-104.4l-84.9-61.7c-3.1-2.3-4.9-5.9-4.9-9.7V116c0-6.6 5.4-12 12-12h32c6.6 0 12 5.4 12 12v141.7l66.8 48.6c5.4 3.9 6.5 11.4 2.6 16.8L334.6 349c-3.9 5.3-11.4 6.5-16.8 2.6z\"><\/path><\/svg><\/span><span class=\"gb-text\">1 de mayo de 2026 a las 15:33<\/span><\/div>\n<\/div>\n<\/div>\n\n<div class=\"gb-loop-item gb-loop-item-c5f2dded post-35552 post type-post status-publish format-standard has-post-thumbnail hentry category-construccion resize-featured-image\">\n<div class=\"gb-element-dcd46cd8\">\n<a href=\"https:\/\/www.ecoticias.com\/hoyeco\/geologos-descubren-el-lugar-exacto-donde-se-esconden-104-millones-de-toneladas-de-illita-un-mineral-misterioso-enterrado-en-china\/35552\/\"><img loading=\"lazy\" decoding=\"async\" width=\"1800\" height=\"1013\" data-media-id=\"35553\" class=\"gb-media-8fa6ddb0\" alt=\"Muestra de ilita, mineral arcilloso descubierto en Corea del Sur con potencial para absorber metales pesados.\" src=\"https:\/\/www.ecoticias.com\/hoyeco\/wp-content\/uploads\/2026\/04\/ilita-yeongdong-corea-104-millones-toneladas-mineral.jpg\" srcset=\"https:\/\/www.ecoticias.com\/hoyeco\/wp-content\/uploads\/2026\/04\/ilita-yeongdong-corea-104-millones-toneladas-mineral.jpg 1800w, https:\/\/www.ecoticias.com\/hoyeco\/wp-content\/uploads\/2026\/04\/ilita-yeongdong-corea-104-millones-toneladas-mineral-300x169.jpg 300w, https:\/\/www.ecoticias.com\/hoyeco\/wp-content\/uploads\/2026\/04\/ilita-yeongdong-corea-104-millones-toneladas-mineral-768x432.jpg 768w, https:\/\/www.ecoticias.com\/hoyeco\/wp-content\/uploads\/2026\/04\/ilita-yeongdong-corea-104-millones-toneladas-mineral-1536x864.jpg 1536w, https:\/\/www.ecoticias.com\/hoyeco\/wp-content\/uploads\/2026\/04\/ilita-yeongdong-corea-104-millones-toneladas-mineral-150x84.jpg 150w\" sizes=\"auto, (max-width: 1800px) 100vw, 1800px\" \/><\/a>\n<\/div>\n\n\n\n<div class=\"gb-element-9731378a\">\n<h2 class=\"gb-text gb-text-d15b70c6\"><a href=\"https:\/\/www.ecoticias.com\/hoyeco\/geologos-descubren-el-lugar-exacto-donde-se-esconden-104-millones-de-toneladas-de-illita-un-mineral-misterioso-enterrado-en-china\/35552\/\">Ge\u00f3logos descubren el lugar exacto donde se esconden 104 millones de toneladas de illita, un mineral misterioso enterrado en China<\/a><\/h2>\n\n\n\n<div class=\"gb-text-086a77f9\"><span class=\"gb-shape\"><svg aria-hidden=\"true\" role=\"img\" height=\"1em\" width=\"1em\" viewBox=\"0 0 512 512\" xmlns=\"http:\/\/www.w3.org\/2000\/svg\"><path fill=\"currentColor\" d=\"M256 8C119 8 8 119 8 256s111 248 248 248 248-111 248-248S393 8 256 8zm0 448c-110.5 0-200-89.5-200-200S145.5 56 256 56s200 89.5 200 200-89.5 200-200 200zm61.8-104.4l-84.9-61.7c-3.1-2.3-4.9-5.9-4.9-9.7V116c0-6.6 5.4-12 12-12h32c6.6 0 12 5.4 12 12v141.7l66.8 48.6c5.4 3.9 6.5 11.4 2.6 16.8L334.6 349c-3.9 5.3-11.4 6.5-16.8 2.6z\"><\/path><\/svg><\/span><span class=\"gb-text\">1 de mayo de 2026 a las 12:46<\/span><\/div>\n<\/div>\n<\/div>\n\n<div class=\"gb-loop-item gb-loop-item-c5f2dded post-35549 post type-post status-publish format-standard has-post-thumbnail hentry category-energia resize-featured-image\">\n<div class=\"gb-element-dcd46cd8\">\n<a href=\"https:\/\/www.ecoticias.com\/hoyeco\/en-espana-casi-nadie-lo-conoce-pero-el-embalse-de-alcantara-con-capacidad-3162-hm3-es-un-ejemplo-energetico-en-todo-el-mundo\/35549\/\"><img loading=\"lazy\" decoding=\"async\" width=\"1800\" height=\"1013\" data-media-id=\"35550\" class=\"gb-media-8fa6ddb0\" alt=\"Presa del embalse de Alc\u00e1ntara y central hidroel\u00e9ctrica Jos\u00e9 Mar\u00eda de Oriol en C\u00e1ceres.\" src=\"https:\/\/www.ecoticias.com\/hoyeco\/wp-content\/uploads\/2026\/04\/embalse-alcantara-central-jose-maria-de-oriol-energia-hidroelectrica-espana.jpg\" srcset=\"https:\/\/www.ecoticias.com\/hoyeco\/wp-content\/uploads\/2026\/04\/embalse-alcantara-central-jose-maria-de-oriol-energia-hidroelectrica-espana.jpg 1800w, https:\/\/www.ecoticias.com\/hoyeco\/wp-content\/uploads\/2026\/04\/embalse-alcantara-central-jose-maria-de-oriol-energia-hidroelectrica-espana-300x169.jpg 300w, https:\/\/www.ecoticias.com\/hoyeco\/wp-content\/uploads\/2026\/04\/embalse-alcantara-central-jose-maria-de-oriol-energia-hidroelectrica-espana-768x432.jpg 768w, https:\/\/www.ecoticias.com\/hoyeco\/wp-content\/uploads\/2026\/04\/embalse-alcantara-central-jose-maria-de-oriol-energia-hidroelectrica-espana-1536x864.jpg 1536w, https:\/\/www.ecoticias.com\/hoyeco\/wp-content\/uploads\/2026\/04\/embalse-alcantara-central-jose-maria-de-oriol-energia-hidroelectrica-espana-150x84.jpg 150w\" sizes=\"auto, (max-width: 1800px) 100vw, 1800px\" \/><\/a>\n<\/div>\n\n\n\n<div class=\"gb-element-9731378a\">\n<h2 class=\"gb-text gb-text-d15b70c6\"><a href=\"https:\/\/www.ecoticias.com\/hoyeco\/en-espana-casi-nadie-lo-conoce-pero-el-embalse-de-alcantara-con-capacidad-3162-hm3-es-un-ejemplo-energetico-en-todo-el-mundo\/35549\/\">En Espa\u00f1a casi nadie lo conoce pero el embalse de Alc\u00e1ntara, con capacidad 3162 hm3, es un ejemplo energ\u00e9tico en todo el mundo<\/a><\/h2>\n\n\n\n<div class=\"gb-text-086a77f9\"><span class=\"gb-shape\"><svg aria-hidden=\"true\" role=\"img\" height=\"1em\" width=\"1em\" viewBox=\"0 0 512 512\" xmlns=\"http:\/\/www.w3.org\/2000\/svg\"><path fill=\"currentColor\" d=\"M256 8C119 8 8 119 8 256s111 248 248 248 248-111 248-248S393 8 256 8zm0 448c-110.5 0-200-89.5-200-200S145.5 56 256 56s200 89.5 200 200-89.5 200-200 200zm61.8-104.4l-84.9-61.7c-3.1-2.3-4.9-5.9-4.9-9.7V116c0-6.6 5.4-12 12-12h32c6.6 0 12 5.4 12 12v141.7l66.8 48.6c5.4 3.9 6.5 11.4 2.6 16.8L334.6 349c-3.9 5.3-11.4 6.5-16.8 2.6z\"><\/path><\/svg><\/span><span class=\"gb-text\">1 de mayo de 2026 a las 09:46<\/span><\/div>\n<\/div>\n<\/div>\n\n<div class=\"gb-loop-item gb-loop-item-c5f2dded post-35546 post type-post status-publish format-standard has-post-thumbnail hentry category-energia resize-featured-image\">\n<div class=\"gb-element-dcd46cd8\">\n<a href=\"https:\/\/www.ecoticias.com\/hoyeco\/despues-de-15-anos-y-un-conflicto-internacional-ya-esta-en-marcha-la-gran-presa-del-renacimiento-la-hidroelectrica-que-genera-5150-mw-sobre-el-nilo-azul\/35546\/\"><img loading=\"lazy\" decoding=\"async\" width=\"1800\" height=\"1013\" data-media-id=\"35547\" class=\"gb-media-8fa6ddb0\" alt=\"Gran Presa del Renacimiento de Etiop\u00eda en el Nilo Azul durante su inauguraci\u00f3n con embalse y central hidroel\u00e9ctrica.\" src=\"https:\/\/www.ecoticias.com\/hoyeco\/wp-content\/uploads\/2026\/04\/grand-ethiopian-renaissance-dam-presa-nilo-azul-5150mw-etiopia.jpg\" srcset=\"https:\/\/www.ecoticias.com\/hoyeco\/wp-content\/uploads\/2026\/04\/grand-ethiopian-renaissance-dam-presa-nilo-azul-5150mw-etiopia.jpg 1800w, https:\/\/www.ecoticias.com\/hoyeco\/wp-content\/uploads\/2026\/04\/grand-ethiopian-renaissance-dam-presa-nilo-azul-5150mw-etiopia-300x169.jpg 300w, https:\/\/www.ecoticias.com\/hoyeco\/wp-content\/uploads\/2026\/04\/grand-ethiopian-renaissance-dam-presa-nilo-azul-5150mw-etiopia-768x432.jpg 768w, https:\/\/www.ecoticias.com\/hoyeco\/wp-content\/uploads\/2026\/04\/grand-ethiopian-renaissance-dam-presa-nilo-azul-5150mw-etiopia-1536x864.jpg 1536w, https:\/\/www.ecoticias.com\/hoyeco\/wp-content\/uploads\/2026\/04\/grand-ethiopian-renaissance-dam-presa-nilo-azul-5150mw-etiopia-150x84.jpg 150w\" sizes=\"auto, (max-width: 1800px) 100vw, 1800px\" \/><\/a>\n<\/div>\n\n\n\n<div class=\"gb-element-9731378a\">\n<h2 class=\"gb-text gb-text-d15b70c6\"><a href=\"https:\/\/www.ecoticias.com\/hoyeco\/despues-de-15-anos-y-un-conflicto-internacional-ya-esta-en-marcha-la-gran-presa-del-renacimiento-la-hidroelectrica-que-genera-5150-mw-sobre-el-nilo-azul\/35546\/\">Despu\u00e9s de 15 a\u00f1os y un conflicto internacional ya est\u00e1 en marcha la Gran Presa del Renacimiento, la hidroel\u00e9ctrica que genera 5150 MW sobre el Nilo Azul<\/a><\/h2>\n\n\n\n<div class=\"gb-text-086a77f9\"><span class=\"gb-shape\"><svg aria-hidden=\"true\" role=\"img\" height=\"1em\" width=\"1em\" viewBox=\"0 0 512 512\" xmlns=\"http:\/\/www.w3.org\/2000\/svg\"><path fill=\"currentColor\" d=\"M256 8C119 8 8 119 8 256s111 248 248 248 248-111 248-248S393 8 256 8zm0 448c-110.5 0-200-89.5-200-200S145.5 56 256 56s200 89.5 200 200-89.5 200-200 200zm61.8-104.4l-84.9-61.7c-3.1-2.3-4.9-5.9-4.9-9.7V116c0-6.6 5.4-12 12-12h32c6.6 0 12 5.4 12 12v141.7l66.8 48.6c5.4 3.9 6.5 11.4 2.6 16.8L334.6 349c-3.9 5.3-11.4 6.5-16.8 2.6z\"><\/path><\/svg><\/span><span class=\"gb-text\">1 de mayo de 2026 a las 08:01<\/span><\/div>\n<\/div>\n<\/div>\n\n<div class=\"gb-loop-item gb-loop-item-c5f2dded post-35543 post type-post status-publish format-standard has-post-thumbnail hentry category-energia resize-featured-image\">\n<div class=\"gb-element-dcd46cd8\">\n<a href=\"https:\/\/www.ecoticias.com\/hoyeco\/murcia-se-prepara-para-albergar-la-mayor-planta-solar-de-endesa-con-potencia-de-145-mw-capaz-de-producir-241-gwh-al-ano\/35543\/\"><img loading=\"lazy\" decoding=\"async\" width=\"1672\" height=\"941\" data-media-id=\"35544\" class=\"gb-media-8fa6ddb0\" alt=\"Planta solar de Balbona en Jumilla (Murcia), la mayor de Endesa con 145 MW y 241 GWh anuales.\" src=\"https:\/\/www.ecoticias.com\/hoyeco\/wp-content\/uploads\/2026\/04\/murcia-mayor-planta-solar-endesa-balbona-jumilla-145mw.png\" srcset=\"https:\/\/www.ecoticias.com\/hoyeco\/wp-content\/uploads\/2026\/04\/murcia-mayor-planta-solar-endesa-balbona-jumilla-145mw.png 1672w, https:\/\/www.ecoticias.com\/hoyeco\/wp-content\/uploads\/2026\/04\/murcia-mayor-planta-solar-endesa-balbona-jumilla-145mw-300x169.png 300w, https:\/\/www.ecoticias.com\/hoyeco\/wp-content\/uploads\/2026\/04\/murcia-mayor-planta-solar-endesa-balbona-jumilla-145mw-768x432.png 768w, https:\/\/www.ecoticias.com\/hoyeco\/wp-content\/uploads\/2026\/04\/murcia-mayor-planta-solar-endesa-balbona-jumilla-145mw-1536x864.png 1536w, https:\/\/www.ecoticias.com\/hoyeco\/wp-content\/uploads\/2026\/04\/murcia-mayor-planta-solar-endesa-balbona-jumilla-145mw-150x84.png 150w\" sizes=\"auto, (max-width: 1672px) 100vw, 1672px\" \/><\/a>\n<\/div>\n\n\n\n<div class=\"gb-element-9731378a\">\n<h2 class=\"gb-text gb-text-d15b70c6\"><a href=\"https:\/\/www.ecoticias.com\/hoyeco\/murcia-se-prepara-para-albergar-la-mayor-planta-solar-de-endesa-con-potencia-de-145-mw-capaz-de-producir-241-gwh-al-ano\/35543\/\">Murcia se prepara para albergar la mayor planta solar de Endesa con potencia de 145 MW capaz de producir 241 GWh al a\u00f1o<\/a><\/h2>\n\n\n\n<div class=\"gb-text-086a77f9\"><span class=\"gb-shape\"><svg aria-hidden=\"true\" role=\"img\" height=\"1em\" width=\"1em\" viewBox=\"0 0 512 512\" xmlns=\"http:\/\/www.w3.org\/2000\/svg\"><path fill=\"currentColor\" d=\"M256 8C119 8 8 119 8 256s111 248 248 248 248-111 248-248S393 8 256 8zm0 448c-110.5 0-200-89.5-200-200S145.5 56 256 56s200 89.5 200 200-89.5 200-200 200zm61.8-104.4l-84.9-61.7c-3.1-2.3-4.9-5.9-4.9-9.7V116c0-6.6 5.4-12 12-12h32c6.6 0 12 5.4 12 12v141.7l66.8 48.6c5.4 3.9 6.5 11.4 2.6 16.8L334.6 349c-3.9 5.3-11.4 6.5-16.8 2.6z\"><\/path><\/svg><\/span><span class=\"gb-text\">30 de abril de 2026 a las 23:44<\/span><\/div>\n<\/div>\n<\/div>\n\n<div class=\"gb-loop-item gb-loop-item-c5f2dded post-35540 post type-post status-publish format-standard has-post-thumbnail hentry category-energia resize-featured-image\">\n<div class=\"gb-element-dcd46cd8\">\n<a href=\"https:\/\/www.ecoticias.com\/hoyeco\/europa-ha-entrado-en-panico-porque-no-hay-combustible-suficiente-y-la-ue-confirma-un-giro-que-nadie-vio-venir-va-a-usar-aceite-usado-para-frenar-la-crisis-energetica\/35540\/\"><img loading=\"lazy\" decoding=\"async\" width=\"1800\" height=\"1013\" data-media-id=\"35541\" class=\"gb-media-8fa6ddb0\" alt=\"Avi\u00f3n repostando combustible sostenible SAF en Europa ante la crisis del queroseno.\" src=\"https:\/\/www.ecoticias.com\/hoyeco\/wp-content\/uploads\/2026\/04\/crisis-combustible-europa-ue-aceite-usado-saf-aviacion.jpg\" srcset=\"https:\/\/www.ecoticias.com\/hoyeco\/wp-content\/uploads\/2026\/04\/crisis-combustible-europa-ue-aceite-usado-saf-aviacion.jpg 1800w, https:\/\/www.ecoticias.com\/hoyeco\/wp-content\/uploads\/2026\/04\/crisis-combustible-europa-ue-aceite-usado-saf-aviacion-300x169.jpg 300w, https:\/\/www.ecoticias.com\/hoyeco\/wp-content\/uploads\/2026\/04\/crisis-combustible-europa-ue-aceite-usado-saf-aviacion-768x432.jpg 768w, https:\/\/www.ecoticias.com\/hoyeco\/wp-content\/uploads\/2026\/04\/crisis-combustible-europa-ue-aceite-usado-saf-aviacion-1536x864.jpg 1536w, https:\/\/www.ecoticias.com\/hoyeco\/wp-content\/uploads\/2026\/04\/crisis-combustible-europa-ue-aceite-usado-saf-aviacion-150x84.jpg 150w\" sizes=\"auto, (max-width: 1800px) 100vw, 1800px\" \/><\/a>\n<\/div>\n\n\n\n<div class=\"gb-element-9731378a\">\n<h2 class=\"gb-text gb-text-d15b70c6\"><a href=\"https:\/\/www.ecoticias.com\/hoyeco\/europa-ha-entrado-en-panico-porque-no-hay-combustible-suficiente-y-la-ue-confirma-un-giro-que-nadie-vio-venir-va-a-usar-aceite-usado-para-frenar-la-crisis-energetica\/35540\/\">Europa ha entrado en p\u00e1nico porque no hay combustible suficiente y la UE confirma un giro que nadie vio venir: va a usar aceite usado para frenar la crisis energ\u00e9tica<\/a><\/h2>\n\n\n\n<div class=\"gb-text-086a77f9\"><span class=\"gb-shape\"><svg aria-hidden=\"true\" role=\"img\" height=\"1em\" width=\"1em\" viewBox=\"0 0 512 512\" xmlns=\"http:\/\/www.w3.org\/2000\/svg\"><path fill=\"currentColor\" d=\"M256 8C119 8 8 119 8 256s111 248 248 248 248-111 248-248S393 8 256 8zm0 448c-110.5 0-200-89.5-200-200S145.5 56 256 56s200 89.5 200 200-89.5 200-200 200zm61.8-104.4l-84.9-61.7c-3.1-2.3-4.9-5.9-4.9-9.7V116c0-6.6 5.4-12 12-12h32c6.6 0 12 5.4 12 12v141.7l66.8 48.6c5.4 3.9 6.5 11.4 2.6 16.8L334.6 349c-3.9 5.3-11.4 6.5-16.8 2.6z\"><\/path><\/svg><\/span><span class=\"gb-text\">30 de abril de 2026 a las 22:06<\/span><\/div>\n<\/div>\n<\/div>\n<\/div><\/div>\n<\/div>\n<\/div>\n<\/div>\n<\/div>\n\n\n\n<div class=\"gb-element-bc796142\">\n<div class=\"gb-element-78da646c\">\n<div class=\"gb-element-fafc60fe\">\n<h2 class=\"gb-text gb-text-0888954a\">Actualidad<\/h2>\n<\/div>\n\n\n\n<div><div class=\"gb-looper-a54d4543\">\n<div class=\"gb-loop-item gb-loop-item-3ffc365c post-35570 post type-post status-publish format-standard has-post-thumbnail hentry category-actualidad resize-featured-image\">\n<div class=\"gb-element-eeb3be5b\">\n<a href=\"https:\/\/www.ecoticias.com\/hoyeco\/instan-a-los-turistas-a-mantenerse-totalmente-alejados-de-las-islas-canarias-y-la-razon-deja-a-muchos-sin-palabras\/35570\/\"><img loading=\"lazy\" decoding=\"async\" width=\"1800\" height=\"1013\" data-media-id=\"35572\" class=\"gb-media-f7733f93\" alt=\"Protesta contra el turismo masivo en Canarias con pancarta &quot;Canarias tiene un l\u00edmite&quot; junto a una playa llena de turistas.\" src=\"https:\/\/www.ecoticias.com\/hoyeco\/wp-content\/uploads\/2026\/04\/canarias-turismo-masivo-protestas-limite-turistas-playa.jpg\" srcset=\"https:\/\/www.ecoticias.com\/hoyeco\/wp-content\/uploads\/2026\/04\/canarias-turismo-masivo-protestas-limite-turistas-playa.jpg 1800w, https:\/\/www.ecoticias.com\/hoyeco\/wp-content\/uploads\/2026\/04\/canarias-turismo-masivo-protestas-limite-turistas-playa-300x169.jpg 300w, https:\/\/www.ecoticias.com\/hoyeco\/wp-content\/uploads\/2026\/04\/canarias-turismo-masivo-protestas-limite-turistas-playa-768x432.jpg 768w, https:\/\/www.ecoticias.com\/hoyeco\/wp-content\/uploads\/2026\/04\/canarias-turismo-masivo-protestas-limite-turistas-playa-1536x864.jpg 1536w, https:\/\/www.ecoticias.com\/hoyeco\/wp-content\/uploads\/2026\/04\/canarias-turismo-masivo-protestas-limite-turistas-playa-150x84.jpg 150w\" sizes=\"auto, (max-width: 1800px) 100vw, 1800px\" \/><\/a>\n<\/div>\n\n\n\n<div class=\"gb-element-61936655\">\n<h2 class=\"gb-text gb-text-65454d3f\"><a href=\"https:\/\/www.ecoticias.com\/hoyeco\/instan-a-los-turistas-a-mantenerse-totalmente-alejados-de-las-islas-canarias-y-la-razon-deja-a-muchos-sin-palabras\/35570\/\">Instan a los turistas a mantenerse totalmente alejados de las Islas Canarias y la raz\u00f3n deja a muchos sin palabras<\/a><\/h2>\n\n\n\n<div class=\"gb-element-9fec5a66\">\n<div class=\"gb-text-bcca2499\"><span class=\"gb-text\">Adrian Villellas<\/span><span class=\"gb-shape\"><svg viewBox=\"0 0 24 24\"><path d=\"M23,12L20.56,9.22L20.9,5.54L17.29,4.72L15.4,1.54L12,3L8.6,1.54L6.71,4.72L3.1,5.53L3.44,9.21L1,12L3.44,14.78L3.1,18.47L6.71,19.29L8.6,22.47L12,21L15.4,22.46L17.29,19.28L20.9,18.46L20.56,14.78L23,12M10,17L6,13L7.41,11.59L10,14.17L16.59,7.58L18,9L10,17Z\"><\/path><\/svg><\/span><\/div>\n\n\n\n<div class=\"gb-text gb-text-34f2ac2a\">|<\/div>\n\n\n\n<div class=\"gb-text-deb8bb05\"><span class=\"gb-shape\"><svg aria-hidden=\"true\" role=\"img\" height=\"1em\" width=\"1em\" viewBox=\"0 0 512 512\" xmlns=\"http:\/\/www.w3.org\/2000\/svg\"><path fill=\"currentColor\" d=\"M256 8C119 8 8 119 8 256s111 248 248 248 248-111 248-248S393 8 256 8zm0 448c-110.5 0-200-89.5-200-200S145.5 56 256 56s200 89.5 200 200-89.5 200-200 200zm61.8-104.4l-84.9-61.7c-3.1-2.3-4.9-5.9-4.9-9.7V116c0-6.6 5.4-12 12-12h32c6.6 0 12 5.4 12 12v141.7l66.8 48.6c5.4 3.9 6.5 11.4 2.6 16.8L334.6 349c-3.9 5.3-11.4 6.5-16.8 2.6z\"><\/path><\/svg><\/span><span class=\"gb-text\">2 de mayo de 2026 a las 08:01<\/span><\/div>\n<\/div>\n\n\n\n<p class=\"gb-text gb-text-853f3b47\">Las Islas Canarias vuelven a estar en el centro de una conversaci\u00f3n inc\u00f3moda, pero necesaria&#8230;&#8230;<\/p>\n<\/div>\n<\/div>\n\n<div class=\"gb-loop-item gb-loop-item-3ffc365c post-35513 post type-post status-publish format-standard has-post-thumbnail hentry category-actualidad resize-featured-image\">\n<div class=\"gb-element-eeb3be5b\">\n<a href=\"https:\/\/www.ecoticias.com\/hoyeco\/un-misterio-geologico-tiene-desconcertados-a-los-cientificos-el-enigma-del-rio-que-desaparecio-durante-5-millones-de-anos-sin-dejar-rastro\/35513\/\"><img loading=\"lazy\" decoding=\"async\" width=\"1140\" height=\"763\" data-media-id=\"35514\" class=\"gb-media-f7733f93\" alt=\"Dep\u00f3sitos geol\u00f3gicos del lago Bidahochi donde se hall\u00f3 la huella del antiguo r\u00edo Colorado en Arizona.\" src=\"https:\/\/www.ecoticias.com\/hoyeco\/wp-content\/uploads\/2026\/04\/rio-colorado-lago-bidahochi-misterio-geologico.webp\" srcset=\"https:\/\/www.ecoticias.com\/hoyeco\/wp-content\/uploads\/2026\/04\/rio-colorado-lago-bidahochi-misterio-geologico.webp 1140w, https:\/\/www.ecoticias.com\/hoyeco\/wp-content\/uploads\/2026\/04\/rio-colorado-lago-bidahochi-misterio-geologico-300x201.webp 300w, https:\/\/www.ecoticias.com\/hoyeco\/wp-content\/uploads\/2026\/04\/rio-colorado-lago-bidahochi-misterio-geologico-768x514.webp 768w, https:\/\/www.ecoticias.com\/hoyeco\/wp-content\/uploads\/2026\/04\/rio-colorado-lago-bidahochi-misterio-geologico-150x100.webp 150w\" sizes=\"auto, (max-width: 1140px) 100vw, 1140px\" \/><\/a>\n<\/div>\n\n\n\n<div class=\"gb-element-61936655\">\n<h2 class=\"gb-text gb-text-65454d3f\"><a href=\"https:\/\/www.ecoticias.com\/hoyeco\/un-misterio-geologico-tiene-desconcertados-a-los-cientificos-el-enigma-del-rio-que-desaparecio-durante-5-millones-de-anos-sin-dejar-rastro\/35513\/\">Un misterio geol\u00f3gico tiene desconcertados a los cient\u00edficos: el enigma del r\u00edo que desapareci\u00f3 durante 5 millones de a\u00f1os sin dejar rastro<\/a><\/h2>\n\n\n\n<div class=\"gb-element-9fec5a66\">\n<div class=\"gb-text-bcca2499\"><span class=\"gb-text\">HoyECO<\/span><span class=\"gb-shape\"><svg viewBox=\"0 0 24 24\"><path d=\"M23,12L20.56,9.22L20.9,5.54L17.29,4.72L15.4,1.54L12,3L8.6,1.54L6.71,4.72L3.1,5.53L3.44,9.21L1,12L3.44,14.78L3.1,18.47L6.71,19.29L8.6,22.47L12,21L15.4,22.46L17.29,19.28L20.9,18.46L20.56,14.78L23,12M10,17L6,13L7.41,11.59L10,14.17L16.59,7.58L18,9L10,17Z\"><\/path><\/svg><\/span><\/div>\n\n\n\n<div class=\"gb-text gb-text-34f2ac2a\">|<\/div>\n\n\n\n<div class=\"gb-text-deb8bb05\"><span class=\"gb-shape\"><svg aria-hidden=\"true\" role=\"img\" height=\"1em\" width=\"1em\" viewBox=\"0 0 512 512\" xmlns=\"http:\/\/www.w3.org\/2000\/svg\"><path fill=\"currentColor\" d=\"M256 8C119 8 8 119 8 256s111 248 248 248 248-111 248-248S393 8 256 8zm0 448c-110.5 0-200-89.5-200-200S145.5 56 256 56s200 89.5 200 200-89.5 200-200 200zm61.8-104.4l-84.9-61.7c-3.1-2.3-4.9-5.9-4.9-9.7V116c0-6.6 5.4-12 12-12h32c6.6 0 12 5.4 12 12v141.7l66.8 48.6c5.4 3.9 6.5 11.4 2.6 16.8L334.6 349c-3.9 5.3-11.4 6.5-16.8 2.6z\"><\/path><\/svg><\/span><span class=\"gb-text\">29 de abril de 2026 a las 20:41<\/span><\/div>\n<\/div>\n\n\n\n<p class=\"gb-text gb-text-853f3b47\">El r\u00edo Colorado parece eterno cuando lo ves desde un mirador del Gran Ca\u00f1\u00f3n. Pero&#8230;..<\/p>\n<\/div>\n<\/div>\n\n<div class=\"gb-loop-item gb-loop-item-3ffc365c post-35500 post type-post status-publish format-standard has-post-thumbnail hentry category-actualidad resize-featured-image\">\n<div class=\"gb-element-eeb3be5b\">\n<a href=\"https:\/\/www.ecoticias.com\/hoyeco\/parece-el-desierto-del-gobi-pero-un-paleontologo-acaba-de-descubrir-un-centenar-de-huevos-de-dinosaurios-de-hace-70-millones-de-anos-en-francia\/35500\/\"><img loading=\"lazy\" decoding=\"async\" width=\"1800\" height=\"1013\" data-media-id=\"35501\" class=\"gb-media-f7733f93\" alt=\"Huevos de dinosaurio fosilizados descubiertos en M\u00e8ze, Francia, con una antig\u00fcedad de 70 millones de a\u00f1os.\" src=\"https:\/\/www.ecoticias.com\/hoyeco\/wp-content\/uploads\/2026\/04\/huevos-dinosaurio-francia-meze-70-millones-anos.jpg\" srcset=\"https:\/\/www.ecoticias.com\/hoyeco\/wp-content\/uploads\/2026\/04\/huevos-dinosaurio-francia-meze-70-millones-anos.jpg 1800w, https:\/\/www.ecoticias.com\/hoyeco\/wp-content\/uploads\/2026\/04\/huevos-dinosaurio-francia-meze-70-millones-anos-300x169.jpg 300w, https:\/\/www.ecoticias.com\/hoyeco\/wp-content\/uploads\/2026\/04\/huevos-dinosaurio-francia-meze-70-millones-anos-768x432.jpg 768w, https:\/\/www.ecoticias.com\/hoyeco\/wp-content\/uploads\/2026\/04\/huevos-dinosaurio-francia-meze-70-millones-anos-1536x864.jpg 1536w, https:\/\/www.ecoticias.com\/hoyeco\/wp-content\/uploads\/2026\/04\/huevos-dinosaurio-francia-meze-70-millones-anos-150x84.jpg 150w\" sizes=\"auto, (max-width: 1800px) 100vw, 1800px\" \/><\/a>\n<\/div>\n\n\n\n<div class=\"gb-element-61936655\">\n<h2 class=\"gb-text gb-text-65454d3f\"><a href=\"https:\/\/www.ecoticias.com\/hoyeco\/parece-el-desierto-del-gobi-pero-un-paleontologo-acaba-de-descubrir-un-centenar-de-huevos-de-dinosaurios-de-hace-70-millones-de-anos-en-francia\/35500\/\">Parece el desierto del Gobi pero un paleont\u00f3logo acaba de descubrir un centenar de huevos de dinosaurios de hace 70 millones de a\u00f1os en Francia<\/a><\/h2>\n\n\n\n<div class=\"gb-element-9fec5a66\">\n<div class=\"gb-text-bcca2499\"><span class=\"gb-text\">HoyECO<\/span><span class=\"gb-shape\"><svg viewBox=\"0 0 24 24\"><path d=\"M23,12L20.56,9.22L20.9,5.54L17.29,4.72L15.4,1.54L12,3L8.6,1.54L6.71,4.72L3.1,5.53L3.44,9.21L1,12L3.44,14.78L3.1,18.47L6.71,19.29L8.6,22.47L12,21L15.4,22.46L17.29,19.28L20.9,18.46L20.56,14.78L23,12M10,17L6,13L7.41,11.59L10,14.17L16.59,7.58L18,9L10,17Z\"><\/path><\/svg><\/span><\/div>\n\n\n\n<div class=\"gb-text gb-text-34f2ac2a\">|<\/div>\n\n\n\n<div class=\"gb-text-deb8bb05\"><span class=\"gb-shape\"><svg aria-hidden=\"true\" role=\"img\" height=\"1em\" width=\"1em\" viewBox=\"0 0 512 512\" xmlns=\"http:\/\/www.w3.org\/2000\/svg\"><path fill=\"currentColor\" d=\"M256 8C119 8 8 119 8 256s111 248 248 248 248-111 248-248S393 8 256 8zm0 448c-110.5 0-200-89.5-200-200S145.5 56 256 56s200 89.5 200 200-89.5 200-200 200zm61.8-104.4l-84.9-61.7c-3.1-2.3-4.9-5.9-4.9-9.7V116c0-6.6 5.4-12 12-12h32c6.6 0 12 5.4 12 12v141.7l66.8 48.6c5.4 3.9 6.5 11.4 2.6 16.8L334.6 349c-3.9 5.3-11.4 6.5-16.8 2.6z\"><\/path><\/svg><\/span><span class=\"gb-text\">29 de abril de 2026 a las 09:46<\/span><\/div>\n<\/div>\n\n\n\n<p class=\"gb-text gb-text-853f3b47\">Durante d\u00e9cadas, Alain Cabot ha caminado por la misma zona del sur de Francia con&#8230;..<\/p>\n<\/div>\n<\/div>\n\n<div class=\"gb-loop-item gb-loop-item-3ffc365c post-35492 post type-post status-publish format-standard has-post-thumbnail hentry category-actualidad resize-featured-image\">\n<div class=\"gb-element-eeb3be5b\">\n<a href=\"https:\/\/www.ecoticias.com\/hoyeco\/hito-inaudito-en-la-monteria-encuentran-un-yacimiento-con-1045-millones-de-toneladas-de-minerales-raros-que-va-a-cambiar-el-mundo\/35492\/\"><img loading=\"lazy\" decoding=\"async\" width=\"1800\" height=\"1013\" data-media-id=\"35493\" class=\"gb-media-f7733f93\" alt=\"Muestra de ilita del yacimiento descubierto en Yeongdong, Corea del Sur, con m\u00e1s de 104 millones de toneladas.\" src=\"https:\/\/www.ecoticias.com\/hoyeco\/wp-content\/uploads\/2026\/04\/yacimiento-ilita-corea-104-millones-toneladas-mineral-raro.jpg\" srcset=\"https:\/\/www.ecoticias.com\/hoyeco\/wp-content\/uploads\/2026\/04\/yacimiento-ilita-corea-104-millones-toneladas-mineral-raro.jpg 1800w, https:\/\/www.ecoticias.com\/hoyeco\/wp-content\/uploads\/2026\/04\/yacimiento-ilita-corea-104-millones-toneladas-mineral-raro-300x169.jpg 300w, https:\/\/www.ecoticias.com\/hoyeco\/wp-content\/uploads\/2026\/04\/yacimiento-ilita-corea-104-millones-toneladas-mineral-raro-768x432.jpg 768w, https:\/\/www.ecoticias.com\/hoyeco\/wp-content\/uploads\/2026\/04\/yacimiento-ilita-corea-104-millones-toneladas-mineral-raro-1536x864.jpg 1536w, https:\/\/www.ecoticias.com\/hoyeco\/wp-content\/uploads\/2026\/04\/yacimiento-ilita-corea-104-millones-toneladas-mineral-raro-150x84.jpg 150w\" sizes=\"auto, (max-width: 1800px) 100vw, 1800px\" \/><\/a>\n<\/div>\n\n\n\n<div class=\"gb-element-61936655\">\n<h2 class=\"gb-text gb-text-65454d3f\"><a href=\"https:\/\/www.ecoticias.com\/hoyeco\/hito-inaudito-en-la-monteria-encuentran-un-yacimiento-con-1045-millones-de-toneladas-de-minerales-raros-que-va-a-cambiar-el-mundo\/35492\/\">Hito inaudito en la monter\u00eda: encuentran un yacimiento con 104,5 millones de toneladas de minerales raros que va a cambiar el mundo<\/a><\/h2>\n\n\n\n<div class=\"gb-element-9fec5a66\">\n<div class=\"gb-text-bcca2499\"><span class=\"gb-text\">Javier F.<\/span><span class=\"gb-shape\"><svg viewBox=\"0 0 24 24\"><path d=\"M23,12L20.56,9.22L20.9,5.54L17.29,4.72L15.4,1.54L12,3L8.6,1.54L6.71,4.72L3.1,5.53L3.44,9.21L1,12L3.44,14.78L3.1,18.47L6.71,19.29L8.6,22.47L12,21L15.4,22.46L17.29,19.28L20.9,18.46L20.56,14.78L23,12M10,17L6,13L7.41,11.59L10,14.17L16.59,7.58L18,9L10,17Z\"><\/path><\/svg><\/span><\/div>\n\n\n\n<div class=\"gb-text gb-text-34f2ac2a\">|<\/div>\n\n\n\n<div class=\"gb-text-deb8bb05\"><span class=\"gb-shape\"><svg aria-hidden=\"true\" role=\"img\" height=\"1em\" width=\"1em\" viewBox=\"0 0 512 512\" xmlns=\"http:\/\/www.w3.org\/2000\/svg\"><path fill=\"currentColor\" d=\"M256 8C119 8 8 119 8 256s111 248 248 248 248-111 248-248S393 8 256 8zm0 448c-110.5 0-200-89.5-200-200S145.5 56 256 56s200 89.5 200 200-89.5 200-200 200zm61.8-104.4l-84.9-61.7c-3.1-2.3-4.9-5.9-4.9-9.7V116c0-6.6 5.4-12 12-12h32c6.6 0 12 5.4 12 12v141.7l66.8 48.6c5.4 3.9 6.5 11.4 2.6 16.8L334.6 349c-3.9 5.3-11.4 6.5-16.8 2.6z\"><\/path><\/svg><\/span><span class=\"gb-text\">28 de abril de 2026 a las 23:32<\/span><\/div>\n<\/div>\n\n\n\n<p class=\"gb-text gb-text-853f3b47\">Hay hallazgos que no tienen el brillo del oro, pero que pueden terminar tocando algo&#8230;..<\/p>\n<\/div>\n<\/div>\n\n<div class=\"gb-loop-item gb-loop-item-3ffc365c post-35473 post type-post status-publish format-standard has-post-thumbnail hentry category-actualidad resize-featured-image\">\n<div class=\"gb-element-eeb3be5b\">\n<a href=\"https:\/\/www.ecoticias.com\/hoyeco\/el-hallazgo-de-un-nino-de-8-anos-en-china-cambia-la-historia-encuentra-una-mina-de-oro-mientras-pasea-con-su-familia-por-la-montana\/35473\/\"><img loading=\"lazy\" decoding=\"async\" width=\"1800\" height=\"1013\" data-media-id=\"35474\" class=\"gb-media-f7733f93\" alt=\"Roca con vetas brillantes de oro y cuarzo en una monta\u00f1a de China, posible indicio geol\u00f3gico.\" src=\"https:\/\/www.ecoticias.com\/hoyeco\/wp-content\/uploads\/2026\/04\/nino-encuentra-oro-china-montana-liaoning.jpg\" srcset=\"https:\/\/www.ecoticias.com\/hoyeco\/wp-content\/uploads\/2026\/04\/nino-encuentra-oro-china-montana-liaoning.jpg 1800w, https:\/\/www.ecoticias.com\/hoyeco\/wp-content\/uploads\/2026\/04\/nino-encuentra-oro-china-montana-liaoning-300x169.jpg 300w, https:\/\/www.ecoticias.com\/hoyeco\/wp-content\/uploads\/2026\/04\/nino-encuentra-oro-china-montana-liaoning-768x432.jpg 768w, https:\/\/www.ecoticias.com\/hoyeco\/wp-content\/uploads\/2026\/04\/nino-encuentra-oro-china-montana-liaoning-1536x864.jpg 1536w, https:\/\/www.ecoticias.com\/hoyeco\/wp-content\/uploads\/2026\/04\/nino-encuentra-oro-china-montana-liaoning-150x84.jpg 150w\" sizes=\"auto, (max-width: 1800px) 100vw, 1800px\" \/><\/a>\n<\/div>\n\n\n\n<div class=\"gb-element-61936655\">\n<h2 class=\"gb-text gb-text-65454d3f\"><a href=\"https:\/\/www.ecoticias.com\/hoyeco\/el-hallazgo-de-un-nino-de-8-anos-en-china-cambia-la-historia-encuentra-una-mina-de-oro-mientras-pasea-con-su-familia-por-la-montana\/35473\/\">El hallazgo de un ni\u00f1o de 8 a\u00f1os en China cambia la historia: encuentra una mina de oro mientras pasea con su familia por la monta\u00f1a<\/a><\/h2>\n\n\n\n<div class=\"gb-element-9fec5a66\">\n<div class=\"gb-text-bcca2499\"><span class=\"gb-text\">Adrian Villellas<\/span><span class=\"gb-shape\"><svg viewBox=\"0 0 24 24\"><path d=\"M23,12L20.56,9.22L20.9,5.54L17.29,4.72L15.4,1.54L12,3L8.6,1.54L6.71,4.72L3.1,5.53L3.44,9.21L1,12L3.44,14.78L3.1,18.47L6.71,19.29L8.6,22.47L12,21L15.4,22.46L17.29,19.28L20.9,18.46L20.56,14.78L23,12M10,17L6,13L7.41,11.59L10,14.17L16.59,7.58L18,9L10,17Z\"><\/path><\/svg><\/span><\/div>\n\n\n\n<div class=\"gb-text gb-text-34f2ac2a\">|<\/div>\n\n\n\n<div class=\"gb-text-deb8bb05\"><span class=\"gb-shape\"><svg aria-hidden=\"true\" role=\"img\" height=\"1em\" width=\"1em\" viewBox=\"0 0 512 512\" xmlns=\"http:\/\/www.w3.org\/2000\/svg\"><path fill=\"currentColor\" d=\"M256 8C119 8 8 119 8 256s111 248 248 248 248-111 248-248S393 8 256 8zm0 448c-110.5 0-200-89.5-200-200S145.5 56 256 56s200 89.5 200 200-89.5 200-200 200zm61.8-104.4l-84.9-61.7c-3.1-2.3-4.9-5.9-4.9-9.7V116c0-6.6 5.4-12 12-12h32c6.6 0 12 5.4 12 12v141.7l66.8 48.6c5.4 3.9 6.5 11.4 2.6 16.8L334.6 349c-3.9 5.3-11.4 6.5-16.8 2.6z\"><\/path><\/svg><\/span><span class=\"gb-text\">28 de abril de 2026 a las 09:39<\/span><\/div>\n<\/div>\n\n\n\n<p class=\"gb-text gb-text-853f3b47\">A veces una historia peque\u00f1a abre una conversaci\u00f3n enorme. En la provincia china de Liaoning,&#8230;..<\/p>\n<\/div>\n<\/div>\n\n<div class=\"gb-loop-item gb-loop-item-3ffc365c post-35438 post type-post status-publish format-standard has-post-thumbnail hentry category-actualidad resize-featured-image\">\n<div class=\"gb-element-eeb3be5b\">\n<a href=\"https:\/\/www.ecoticias.com\/hoyeco\/cruzo-el-atlantico-pero-merecio-la-pena-un-aficionado-encuentra-un-tesoro-cosmico-de-2-gramos-que-vale-10-veces-mas-que-el-oro\/35438\/\"><img loading=\"lazy\" decoding=\"async\" width=\"1800\" height=\"1013\" data-media-id=\"35439\" class=\"gb-media-f7733f93\" alt=\"B\u00f3lido cruzando el cielo de Ohio en marzo de 2026 tras explotar y generar una posible lluvia de meteoritos.\" src=\"https:\/\/www.ecoticias.com\/hoyeco\/wp-content\/uploads\/2026\/04\/meteorito-ohio-2026-tesoro-cosmico.jpg\" srcset=\"https:\/\/www.ecoticias.com\/hoyeco\/wp-content\/uploads\/2026\/04\/meteorito-ohio-2026-tesoro-cosmico.jpg 1800w, https:\/\/www.ecoticias.com\/hoyeco\/wp-content\/uploads\/2026\/04\/meteorito-ohio-2026-tesoro-cosmico-300x169.jpg 300w, https:\/\/www.ecoticias.com\/hoyeco\/wp-content\/uploads\/2026\/04\/meteorito-ohio-2026-tesoro-cosmico-768x432.jpg 768w, https:\/\/www.ecoticias.com\/hoyeco\/wp-content\/uploads\/2026\/04\/meteorito-ohio-2026-tesoro-cosmico-1536x864.jpg 1536w, https:\/\/www.ecoticias.com\/hoyeco\/wp-content\/uploads\/2026\/04\/meteorito-ohio-2026-tesoro-cosmico-150x84.jpg 150w\" sizes=\"auto, (max-width: 1800px) 100vw, 1800px\" \/><\/a>\n<\/div>\n\n\n\n<div class=\"gb-element-61936655\">\n<h2 class=\"gb-text gb-text-65454d3f\"><a href=\"https:\/\/www.ecoticias.com\/hoyeco\/cruzo-el-atlantico-pero-merecio-la-pena-un-aficionado-encuentra-un-tesoro-cosmico-de-2-gramos-que-vale-10-veces-mas-que-el-oro\/35438\/\">Cruz\u00f3 el Atl\u00e1ntico pero mereci\u00f3 la pena: un aficionado encuentra un tesoro c\u00f3smico de 2 gramos que vale 10 veces m\u00e1s que el oro<\/a><\/h2>\n\n\n\n<div class=\"gb-element-9fec5a66\">\n<div class=\"gb-text-bcca2499\"><span class=\"gb-text\">Adrian Villellas<\/span><span class=\"gb-shape\"><svg viewBox=\"0 0 24 24\"><path d=\"M23,12L20.56,9.22L20.9,5.54L17.29,4.72L15.4,1.54L12,3L8.6,1.54L6.71,4.72L3.1,5.53L3.44,9.21L1,12L3.44,14.78L3.1,18.47L6.71,19.29L8.6,22.47L12,21L15.4,22.46L17.29,19.28L20.9,18.46L20.56,14.78L23,12M10,17L6,13L7.41,11.59L10,14.17L16.59,7.58L18,9L10,17Z\"><\/path><\/svg><\/span><\/div>\n\n\n\n<div class=\"gb-text gb-text-34f2ac2a\">|<\/div>\n\n\n\n<div class=\"gb-text-deb8bb05\"><span class=\"gb-shape\"><svg aria-hidden=\"true\" role=\"img\" height=\"1em\" width=\"1em\" viewBox=\"0 0 512 512\" xmlns=\"http:\/\/www.w3.org\/2000\/svg\"><path fill=\"currentColor\" d=\"M256 8C119 8 8 119 8 256s111 248 248 248 248-111 248-248S393 8 256 8zm0 448c-110.5 0-200-89.5-200-200S145.5 56 256 56s200 89.5 200 200-89.5 200-200 200zm61.8-104.4l-84.9-61.7c-3.1-2.3-4.9-5.9-4.9-9.7V116c0-6.6 5.4-12 12-12h32c6.6 0 12 5.4 12 12v141.7l66.8 48.6c5.4 3.9 6.5 11.4 2.6 16.8L334.6 349c-3.9 5.3-11.4 6.5-16.8 2.6z\"><\/path><\/svg><\/span><span class=\"gb-text\">26 de abril de 2026 a las 23:28<\/span><\/div>\n<\/div>\n\n\n\n<p class=\"gb-text gb-text-853f3b47\">El 17 de marzo de 2026, a plena luz del d\u00eda, un b\u00f3lido cruz\u00f3 el&#8230;..<\/p>\n<\/div>\n<\/div>\n\n<div class=\"gb-loop-item gb-loop-item-3ffc365c post-35355 post type-post status-publish format-standard has-post-thumbnail hentry category-actualidad resize-featured-image\">\n<div class=\"gb-element-eeb3be5b\">\n<a href=\"https:\/\/www.ecoticias.com\/hoyeco\/hito-en-la-mineria-en-espana-hallan-una-mina-de-oro-en-leon-cerca-de-la-superficie-y-ya-exploran-5600-hectareas\/35355\/\"><img loading=\"lazy\" decoding=\"async\" width=\"1800\" height=\"1013\" data-media-id=\"35356\" class=\"gb-media-f7733f93\" alt=\"Paisaje de C\u00e1rmenes (Le\u00f3n) donde Pan Global explora una mina de oro cerca de la superficie en la Reserva de Los Arg\u00fcellos.\" src=\"https:\/\/www.ecoticias.com\/hoyeco\/wp-content\/uploads\/2026\/04\/mina-oro-leon-carmenes-pan-global-recursos-arguellos.jpg\" srcset=\"https:\/\/www.ecoticias.com\/hoyeco\/wp-content\/uploads\/2026\/04\/mina-oro-leon-carmenes-pan-global-recursos-arguellos.jpg 1800w, https:\/\/www.ecoticias.com\/hoyeco\/wp-content\/uploads\/2026\/04\/mina-oro-leon-carmenes-pan-global-recursos-arguellos-300x169.jpg 300w, https:\/\/www.ecoticias.com\/hoyeco\/wp-content\/uploads\/2026\/04\/mina-oro-leon-carmenes-pan-global-recursos-arguellos-768x432.jpg 768w, https:\/\/www.ecoticias.com\/hoyeco\/wp-content\/uploads\/2026\/04\/mina-oro-leon-carmenes-pan-global-recursos-arguellos-1536x864.jpg 1536w, https:\/\/www.ecoticias.com\/hoyeco\/wp-content\/uploads\/2026\/04\/mina-oro-leon-carmenes-pan-global-recursos-arguellos-150x84.jpg 150w\" sizes=\"auto, (max-width: 1800px) 100vw, 1800px\" \/><\/a>\n<\/div>\n\n\n\n<div class=\"gb-element-61936655\">\n<h2 class=\"gb-text gb-text-65454d3f\"><a href=\"https:\/\/www.ecoticias.com\/hoyeco\/hito-en-la-mineria-en-espana-hallan-una-mina-de-oro-en-leon-cerca-de-la-superficie-y-ya-exploran-5600-hectareas\/35355\/\">Hito en la miner\u00eda en Espa\u00f1a: hallan una mina de oro en Le\u00f3n cerca de la superficie y ya exploran 5600 hect\u00e1reas<\/a><\/h2>\n\n\n\n<div class=\"gb-element-9fec5a66\">\n<div class=\"gb-text-bcca2499\"><span class=\"gb-text\">Adrian Villellas<\/span><span class=\"gb-shape\"><svg viewBox=\"0 0 24 24\"><path d=\"M23,12L20.56,9.22L20.9,5.54L17.29,4.72L15.4,1.54L12,3L8.6,1.54L6.71,4.72L3.1,5.53L3.44,9.21L1,12L3.44,14.78L3.1,18.47L6.71,19.29L8.6,22.47L12,21L15.4,22.46L17.29,19.28L20.9,18.46L20.56,14.78L23,12M10,17L6,13L7.41,11.59L10,14.17L16.59,7.58L18,9L10,17Z\"><\/path><\/svg><\/span><\/div>\n\n\n\n<div class=\"gb-text gb-text-34f2ac2a\">|<\/div>\n\n\n\n<div class=\"gb-text-deb8bb05\"><span class=\"gb-shape\"><svg aria-hidden=\"true\" role=\"img\" height=\"1em\" width=\"1em\" viewBox=\"0 0 512 512\" xmlns=\"http:\/\/www.w3.org\/2000\/svg\"><path fill=\"currentColor\" d=\"M256 8C119 8 8 119 8 256s111 248 248 248 248-111 248-248S393 8 256 8zm0 448c-110.5 0-200-89.5-200-200S145.5 56 256 56s200 89.5 200 200-89.5 200-200 200zm61.8-104.4l-84.9-61.7c-3.1-2.3-4.9-5.9-4.9-9.7V116c0-6.6 5.4-12 12-12h32c6.6 0 12 5.4 12 12v141.7l66.8 48.6c5.4 3.9 6.5 11.4 2.6 16.8L334.6 349c-3.9 5.3-11.4 6.5-16.8 2.6z\"><\/path><\/svg><\/span><span class=\"gb-text\">23 de abril de 2026 a las 18:40<\/span><\/div>\n<\/div>\n\n\n\n<p class=\"gb-text gb-text-853f3b47\">Pan Global Resources ha confirmado la presencia de oro en la antigua mina Providencia, en&#8230;..<\/p>\n<\/div>\n<\/div>\n\n<div class=\"gb-loop-item gb-loop-item-3ffc365c post-35346 post type-post status-publish format-standard has-post-thumbnail hentry category-actualidad resize-featured-image\">\n<div class=\"gb-element-eeb3be5b\">\n<a href=\"https:\/\/www.ecoticias.com\/hoyeco\/venecia-se-va-a-hundir-pero-los-expertos-contemplan-dos-planes-trasladar-la-ciudad-pieza-a-pieza-o-construir-un-superdique-para-cerrar-la-laguna\/35346\/\"><img loading=\"lazy\" decoding=\"async\" width=\"1800\" height=\"1013\" data-media-id=\"35347\" class=\"gb-media-f7733f93\" alt=\"G\u00f3ndola pasando bajo el puente de Rialto en Venecia, ciudad amenazada por el hundimiento y la subida del nivel del mar.\" src=\"https:\/\/www.ecoticias.com\/hoyeco\/wp-content\/uploads\/2026\/04\/venecia-hundimiento-puente-rialto-gondola-cambio-climatico.jpg\" srcset=\"https:\/\/www.ecoticias.com\/hoyeco\/wp-content\/uploads\/2026\/04\/venecia-hundimiento-puente-rialto-gondola-cambio-climatico.jpg 1800w, https:\/\/www.ecoticias.com\/hoyeco\/wp-content\/uploads\/2026\/04\/venecia-hundimiento-puente-rialto-gondola-cambio-climatico-300x169.jpg 300w, https:\/\/www.ecoticias.com\/hoyeco\/wp-content\/uploads\/2026\/04\/venecia-hundimiento-puente-rialto-gondola-cambio-climatico-768x432.jpg 768w, https:\/\/www.ecoticias.com\/hoyeco\/wp-content\/uploads\/2026\/04\/venecia-hundimiento-puente-rialto-gondola-cambio-climatico-1536x864.jpg 1536w, https:\/\/www.ecoticias.com\/hoyeco\/wp-content\/uploads\/2026\/04\/venecia-hundimiento-puente-rialto-gondola-cambio-climatico-150x84.jpg 150w\" sizes=\"auto, (max-width: 1800px) 100vw, 1800px\" \/><\/a>\n<\/div>\n\n\n\n<div class=\"gb-element-61936655\">\n<h2 class=\"gb-text gb-text-65454d3f\"><a href=\"https:\/\/www.ecoticias.com\/hoyeco\/venecia-se-va-a-hundir-pero-los-expertos-contemplan-dos-planes-trasladar-la-ciudad-pieza-a-pieza-o-construir-un-superdique-para-cerrar-la-laguna\/35346\/\">Venecia se va a hundir pero los expertos contemplan dos planes: trasladar la ciudad pieza a pieza o construir un superdique para cerrar la laguna<\/a><\/h2>\n\n\n\n<div class=\"gb-element-9fec5a66\">\n<div class=\"gb-text-bcca2499\"><span class=\"gb-text\">Javier F.<\/span><span class=\"gb-shape\"><svg viewBox=\"0 0 24 24\"><path d=\"M23,12L20.56,9.22L20.9,5.54L17.29,4.72L15.4,1.54L12,3L8.6,1.54L6.71,4.72L3.1,5.53L3.44,9.21L1,12L3.44,14.78L3.1,18.47L6.71,19.29L8.6,22.47L12,21L15.4,22.46L17.29,19.28L20.9,18.46L20.56,14.78L23,12M10,17L6,13L7.41,11.59L10,14.17L16.59,7.58L18,9L10,17Z\"><\/path><\/svg><\/span><\/div>\n\n\n\n<div class=\"gb-text gb-text-34f2ac2a\">|<\/div>\n\n\n\n<div class=\"gb-text-deb8bb05\"><span class=\"gb-shape\"><svg aria-hidden=\"true\" role=\"img\" height=\"1em\" width=\"1em\" viewBox=\"0 0 512 512\" xmlns=\"http:\/\/www.w3.org\/2000\/svg\"><path fill=\"currentColor\" d=\"M256 8C119 8 8 119 8 256s111 248 248 248 248-111 248-248S393 8 256 8zm0 448c-110.5 0-200-89.5-200-200S145.5 56 256 56s200 89.5 200 200-89.5 200-200 200zm61.8-104.4l-84.9-61.7c-3.1-2.3-4.9-5.9-4.9-9.7V116c0-6.6 5.4-12 12-12h32c6.6 0 12 5.4 12 12v141.7l66.8 48.6c5.4 3.9 6.5 11.4 2.6 16.8L334.6 349c-3.9 5.3-11.4 6.5-16.8 2.6z\"><\/path><\/svg><\/span><span class=\"gb-text\">23 de abril de 2026 a las 09:42<\/span><\/div>\n<\/div>\n\n\n\n<p class=\"gb-text gb-text-853f3b47\">Venecia lleva a\u00f1os viviendo con el agua cerca de la puerta de casa. Las mareas&#8230;..<\/p>\n<\/div>\n<\/div>\n\n<div class=\"gb-loop-item gb-loop-item-3ffc365c post-35331 post type-post status-publish format-standard has-post-thumbnail hentry category-actualidad resize-featured-image\">\n<div class=\"gb-element-eeb3be5b\">\n<a href=\"https:\/\/www.ecoticias.com\/hoyeco\/eeuu-da-un-golpe-en-la-mesa-con-la-aeronave-hipersonica-que-alcanza-los-24-000-km-h-acuerdo-historico-con-rocket-lab\/35331\/\"><img loading=\"lazy\" decoding=\"async\" width=\"1800\" height=\"1013\" data-media-id=\"35332\" class=\"gb-media-f7733f93\" alt=\"Lanzamiento nocturno del cohete HASTE de Rocket Lab en pruebas hipers\u00f3nicas de EEUU a m\u00e1s de 24.000 km\/h.\" src=\"https:\/\/www.ecoticias.com\/hoyeco\/wp-content\/uploads\/2026\/04\/eeuu-aeronave-hipersonica-rocket-lab-haste-24000-kmh.jpg\" srcset=\"https:\/\/www.ecoticias.com\/hoyeco\/wp-content\/uploads\/2026\/04\/eeuu-aeronave-hipersonica-rocket-lab-haste-24000-kmh.jpg 1800w, https:\/\/www.ecoticias.com\/hoyeco\/wp-content\/uploads\/2026\/04\/eeuu-aeronave-hipersonica-rocket-lab-haste-24000-kmh-300x169.jpg 300w, https:\/\/www.ecoticias.com\/hoyeco\/wp-content\/uploads\/2026\/04\/eeuu-aeronave-hipersonica-rocket-lab-haste-24000-kmh-768x432.jpg 768w, https:\/\/www.ecoticias.com\/hoyeco\/wp-content\/uploads\/2026\/04\/eeuu-aeronave-hipersonica-rocket-lab-haste-24000-kmh-1536x864.jpg 1536w, https:\/\/www.ecoticias.com\/hoyeco\/wp-content\/uploads\/2026\/04\/eeuu-aeronave-hipersonica-rocket-lab-haste-24000-kmh-150x84.jpg 150w\" sizes=\"auto, (max-width: 1800px) 100vw, 1800px\" \/><\/a>\n<\/div>\n\n\n\n<div class=\"gb-element-61936655\">\n<h2 class=\"gb-text gb-text-65454d3f\"><a href=\"https:\/\/www.ecoticias.com\/hoyeco\/eeuu-da-un-golpe-en-la-mesa-con-la-aeronave-hipersonica-que-alcanza-los-24-000-km-h-acuerdo-historico-con-rocket-lab\/35331\/\">EEUU da un golpe en la mesa con la aeronave hipers\u00f3nica que alcanza los 24.000 km\/h: acuerdo hist\u00f3rico con Rocket Lab<\/a><\/h2>\n\n\n\n<div class=\"gb-element-9fec5a66\">\n<div class=\"gb-text-bcca2499\"><span class=\"gb-text\">Adrian Villellas<\/span><span class=\"gb-shape\"><svg viewBox=\"0 0 24 24\"><path d=\"M23,12L20.56,9.22L20.9,5.54L17.29,4.72L15.4,1.54L12,3L8.6,1.54L6.71,4.72L3.1,5.53L3.44,9.21L1,12L3.44,14.78L3.1,18.47L6.71,19.29L8.6,22.47L12,21L15.4,22.46L17.29,19.28L20.9,18.46L20.56,14.78L23,12M10,17L6,13L7.41,11.59L10,14.17L16.59,7.58L18,9L10,17Z\"><\/path><\/svg><\/span><\/div>\n\n\n\n<div class=\"gb-text gb-text-34f2ac2a\">|<\/div>\n\n\n\n<div class=\"gb-text-deb8bb05\"><span class=\"gb-shape\"><svg aria-hidden=\"true\" role=\"img\" height=\"1em\" width=\"1em\" viewBox=\"0 0 512 512\" xmlns=\"http:\/\/www.w3.org\/2000\/svg\"><path fill=\"currentColor\" d=\"M256 8C119 8 8 119 8 256s111 248 248 248 248-111 248-248S393 8 256 8zm0 448c-110.5 0-200-89.5-200-200S145.5 56 256 56s200 89.5 200 200-89.5 200-200 200zm61.8-104.4l-84.9-61.7c-3.1-2.3-4.9-5.9-4.9-9.7V116c0-6.6 5.4-12 12-12h32c6.6 0 12 5.4 12 12v141.7l66.8 48.6c5.4 3.9 6.5 11.4 2.6 16.8L334.6 349c-3.9 5.3-11.4 6.5-16.8 2.6z\"><\/path><\/svg><\/span><span class=\"gb-text\">22 de abril de 2026 a las 18:42<\/span><\/div>\n<\/div>\n\n\n\n<p class=\"gb-text gb-text-853f3b47\">Mientras hablamos de coches el\u00e9ctricos, renovables y de c\u00f3mo bajar el CO2, en paralelo se&#8230;..<\/p>\n<\/div>\n<\/div>\n\n<div class=\"gb-loop-item gb-loop-item-3ffc365c post-35313 post type-post status-publish format-standard has-post-thumbnail hentry category-actualidad resize-featured-image\">\n<div class=\"gb-element-eeb3be5b\">\n<a href=\"https:\/\/www.ecoticias.com\/hoyeco\/las-personas-que-empiezan-muchas-cosas-pero-no-acaban-nada-tienen-un-patron-comun-en-su-cerebro-que-lo-hace-adicto-a-esta-sensacion-segun-la-psicologia\/35313\/\"><img loading=\"lazy\" decoding=\"async\" width=\"1800\" height=\"1013\" data-media-id=\"35314\" class=\"gb-media-f7733f93\" alt=\"Persona haciendo manualidades que simboliza empezar proyectos y no terminarlos por la adicci\u00f3n a la novedad.\" src=\"https:\/\/www.ecoticias.com\/hoyeco\/wp-content\/uploads\/2026\/04\/personas-empiezan-todo-no-terminan-adiccion-novedad-cerebro.jpg\" srcset=\"https:\/\/www.ecoticias.com\/hoyeco\/wp-content\/uploads\/2026\/04\/personas-empiezan-todo-no-terminan-adiccion-novedad-cerebro.jpg 1800w, https:\/\/www.ecoticias.com\/hoyeco\/wp-content\/uploads\/2026\/04\/personas-empiezan-todo-no-terminan-adiccion-novedad-cerebro-300x169.jpg 300w, https:\/\/www.ecoticias.com\/hoyeco\/wp-content\/uploads\/2026\/04\/personas-empiezan-todo-no-terminan-adiccion-novedad-cerebro-768x432.jpg 768w, https:\/\/www.ecoticias.com\/hoyeco\/wp-content\/uploads\/2026\/04\/personas-empiezan-todo-no-terminan-adiccion-novedad-cerebro-1536x864.jpg 1536w, https:\/\/www.ecoticias.com\/hoyeco\/wp-content\/uploads\/2026\/04\/personas-empiezan-todo-no-terminan-adiccion-novedad-cerebro-150x84.jpg 150w\" sizes=\"auto, (max-width: 1800px) 100vw, 1800px\" \/><\/a>\n<\/div>\n\n\n\n<div class=\"gb-element-61936655\">\n<h2 class=\"gb-text gb-text-65454d3f\"><a href=\"https:\/\/www.ecoticias.com\/hoyeco\/las-personas-que-empiezan-muchas-cosas-pero-no-acaban-nada-tienen-un-patron-comun-en-su-cerebro-que-lo-hace-adicto-a-esta-sensacion-segun-la-psicologia\/35313\/\">Las personas que empiezan muchas cosas pero no acaban nada, tienen un patr\u00f3n com\u00fan en su cerebro que lo hace adicto a esta sensaci\u00f3n seg\u00fan la psicolog\u00eda<\/a><\/h2>\n\n\n\n<div class=\"gb-element-9fec5a66\">\n<div class=\"gb-text-bcca2499\"><span class=\"gb-text\">Javier F.<\/span><span class=\"gb-shape\"><svg viewBox=\"0 0 24 24\"><path d=\"M23,12L20.56,9.22L20.9,5.54L17.29,4.72L15.4,1.54L12,3L8.6,1.54L6.71,4.72L3.1,5.53L3.44,9.21L1,12L3.44,14.78L3.1,18.47L6.71,19.29L8.6,22.47L12,21L15.4,22.46L17.29,19.28L20.9,18.46L20.56,14.78L23,12M10,17L6,13L7.41,11.59L10,14.17L16.59,7.58L18,9L10,17Z\"><\/path><\/svg><\/span><\/div>\n\n\n\n<div class=\"gb-text gb-text-34f2ac2a\">|<\/div>\n\n\n\n<div class=\"gb-text-deb8bb05\"><span class=\"gb-shape\"><svg aria-hidden=\"true\" role=\"img\" height=\"1em\" width=\"1em\" viewBox=\"0 0 512 512\" xmlns=\"http:\/\/www.w3.org\/2000\/svg\"><path fill=\"currentColor\" d=\"M256 8C119 8 8 119 8 256s111 248 248 248 248-111 248-248S393 8 256 8zm0 448c-110.5 0-200-89.5-200-200S145.5 56 256 56s200 89.5 200 200-89.5 200-200 200zm61.8-104.4l-84.9-61.7c-3.1-2.3-4.9-5.9-4.9-9.7V116c0-6.6 5.4-12 12-12h32c6.6 0 12 5.4 12 12v141.7l66.8 48.6c5.4 3.9 6.5 11.4 2.6 16.8L334.6 349c-3.9 5.3-11.4 6.5-16.8 2.6z\"><\/path><\/svg><\/span><span class=\"gb-text\">21 de abril de 2026 a las 22:03<\/span><\/div>\n<\/div>\n\n\n\n<p class=\"gb-text gb-text-853f3b47\">Seguro que te suena esta escena. Te apuntas a un curso, compras el material con&#8230;..<\/p>\n<\/div>\n<\/div>\n<\/div><\/div>\n<\/div>\n<\/div>\n\n\n\n<div class=\"gb-element-426c532a\">\n<div class=\"gb-element-3ec89a06\">\n<div class=\"gb-element-3ad17031\">\n<div class=\"gb-element-adcd43e6\">\n<div class=\"gb-element-017085a6\">\n<h2 class=\"gb-text gb-text-dab9d964\">Movilidad<\/h2>\n<\/div>\n\n\n\n<div class=\"gb-element-274e69af\">\n<div>\n<div><div class=\"gb-looper-f76cf92c\">\n<div class=\"gb-loop-item post-35537 post type-post status-publish format-standard has-post-thumbnail hentry category-movilidad resize-featured-image\">\n<a href=\"https:\/\/www.ecoticias.com\/hoyeco\/cientificos-franceses-piden-a-espana-y-otros-paises-de-europa-que-se-preparen-porque-la-corriente-del-atlantico-esta-a-punto-de-colapsar-y-las-consecuencias-son-desastrosas\/35537\/\"><img loading=\"lazy\" decoding=\"async\" width=\"1800\" height=\"1013\" data-media-id=\"35538\" class=\"gb-media-eb49d517\" alt=\"Vista del oc\u00e9ano Atl\u00e1ntico con costas rocosas, ilustrando la zona afectada por el debilitamiento de la corriente AMOC.\" src=\"https:\/\/www.ecoticias.com\/hoyeco\/wp-content\/uploads\/2026\/04\/corriente-atlantica-colapso-europa-amoc-debilitamiento.jpg\" srcset=\"https:\/\/www.ecoticias.com\/hoyeco\/wp-content\/uploads\/2026\/04\/corriente-atlantica-colapso-europa-amoc-debilitamiento.jpg 1800w, https:\/\/www.ecoticias.com\/hoyeco\/wp-content\/uploads\/2026\/04\/corriente-atlantica-colapso-europa-amoc-debilitamiento-300x169.jpg 300w, https:\/\/www.ecoticias.com\/hoyeco\/wp-content\/uploads\/2026\/04\/corriente-atlantica-colapso-europa-amoc-debilitamiento-768x432.jpg 768w, https:\/\/www.ecoticias.com\/hoyeco\/wp-content\/uploads\/2026\/04\/corriente-atlantica-colapso-europa-amoc-debilitamiento-1536x864.jpg 1536w, https:\/\/www.ecoticias.com\/hoyeco\/wp-content\/uploads\/2026\/04\/corriente-atlantica-colapso-europa-amoc-debilitamiento-150x84.jpg 150w\" sizes=\"auto, (max-width: 1800px) 100vw, 1800px\" \/><\/a>\n\n\n\n<h2 class=\"gb-text gb-text-70d4ffe1\"><a href=\"https:\/\/www.ecoticias.com\/hoyeco\/cientificos-franceses-piden-a-espana-y-otros-paises-de-europa-que-se-preparen-porque-la-corriente-del-atlantico-esta-a-punto-de-colapsar-y-las-consecuencias-son-desastrosas\/35537\/\">Cient\u00edficos franceses piden a Espa\u00f1a y otros pa\u00edses de Europa que se preparen porque la corriente del Atl\u00e1ntico est\u00e1 a punto de colapsar y las consecuencias son desastrosas<\/a><\/h2>\n\n\n\n<div class=\"gb-element-bb987ef4\">\n<div class=\"gb-text-6cdf2358\"><span class=\"gb-text\">HoyECO<\/span><span class=\"gb-shape\"><svg viewBox=\"0 0 24 24\"><path d=\"M23,12L20.56,9.22L20.9,5.54L17.29,4.72L15.4,1.54L12,3L8.6,1.54L6.71,4.72L3.1,5.53L3.44,9.21L1,12L3.44,14.78L3.1,18.47L6.71,19.29L8.6,22.47L12,21L15.4,22.46L17.29,19.28L20.9,18.46L20.56,14.78L23,12M10,17L6,13L7.41,11.59L10,14.17L16.59,7.58L18,9L10,17Z\"><\/path><\/svg><\/span><\/div>\n\n\n\n<div class=\"gb-text gb-text-e050768d\">|<\/div>\n\n\n\n<div class=\"gb-text-c4f9d6a7\"><span class=\"gb-shape\"><svg aria-hidden=\"true\" role=\"img\" height=\"1em\" width=\"1em\" viewBox=\"0 0 512 512\" xmlns=\"http:\/\/www.w3.org\/2000\/svg\"><path fill=\"currentColor\" d=\"M256 8C119 8 8 119 8 256s111 248 248 248 248-111 248-248S393 8 256 8zm0 448c-110.5 0-200-89.5-200-200S145.5 56 256 56s200 89.5 200 200-89.5 200-200 200zm61.8-104.4l-84.9-61.7c-3.1-2.3-4.9-5.9-4.9-9.7V116c0-6.6 5.4-12 12-12h32c6.6 0 12 5.4 12 12v141.7l66.8 48.6c5.4 3.9 6.5 11.4 2.6 16.8L334.6 349c-3.9 5.3-11.4 6.5-16.8 2.6z\"><\/path><\/svg><\/span><span class=\"gb-text\">30 de abril de 2026 a las 20:33<\/span><\/div>\n<\/div>\n\n\n\n<p class=\"gb-text gb-text-70dbd6fb\">Hay una raz\u00f3n por la que gran parte de Europa disfruta de inviernos relativamente suaves para su&#8230;..<\/p>\n\n\n\n<p><\/p>\n<\/div>\n\n<div class=\"gb-loop-item post-35519 post type-post status-publish format-standard has-post-thumbnail hentry category-movilidad resize-featured-image\">\n<a href=\"https:\/\/www.ecoticias.com\/hoyeco\/durante-siglos-fueron-senalados-pero-la-ciencia-confirma-que-los-pelirrojos-han-sido-seleccionados-naturalmente-durante-millones-de-anos-por-una-habilidad-unica\/35519\/\"><img loading=\"lazy\" decoding=\"async\" width=\"1800\" height=\"1013\" data-media-id=\"35520\" class=\"gb-media-eb49d517\" alt=\"Mujer pelirroja con piel clara expuesta a la luz, ejemplo de rasgos ligados a la evoluci\u00f3n gen\u00e9tica humana.\" src=\"https:\/\/www.ecoticias.com\/hoyeco\/wp-content\/uploads\/2026\/04\/pelirrojos-evolucion-genetica-vitamina-d-seleccion-natural.jpg\" srcset=\"https:\/\/www.ecoticias.com\/hoyeco\/wp-content\/uploads\/2026\/04\/pelirrojos-evolucion-genetica-vitamina-d-seleccion-natural.jpg 1800w, https:\/\/www.ecoticias.com\/hoyeco\/wp-content\/uploads\/2026\/04\/pelirrojos-evolucion-genetica-vitamina-d-seleccion-natural-300x169.jpg 300w, https:\/\/www.ecoticias.com\/hoyeco\/wp-content\/uploads\/2026\/04\/pelirrojos-evolucion-genetica-vitamina-d-seleccion-natural-768x432.jpg 768w, https:\/\/www.ecoticias.com\/hoyeco\/wp-content\/uploads\/2026\/04\/pelirrojos-evolucion-genetica-vitamina-d-seleccion-natural-1536x864.jpg 1536w, https:\/\/www.ecoticias.com\/hoyeco\/wp-content\/uploads\/2026\/04\/pelirrojos-evolucion-genetica-vitamina-d-seleccion-natural-150x84.jpg 150w\" sizes=\"auto, (max-width: 1800px) 100vw, 1800px\" \/><\/a>\n\n\n\n<h2 class=\"gb-text gb-text-70d4ffe1\"><a href=\"https:\/\/www.ecoticias.com\/hoyeco\/durante-siglos-fueron-senalados-pero-la-ciencia-confirma-que-los-pelirrojos-han-sido-seleccionados-naturalmente-durante-millones-de-anos-por-una-habilidad-unica\/35519\/\">Durante siglos fueron se\u00f1alados pero la Ciencia confirma que los pelirrojos han sido seleccionados naturalmente durante millones de a\u00f1os por una habilidad \u00fanica<\/a><\/h2>\n\n\n\n<div class=\"gb-element-bb987ef4\">\n<div class=\"gb-text-6cdf2358\"><span class=\"gb-text\">Adrian Villellas<\/span><span class=\"gb-shape\"><svg viewBox=\"0 0 24 24\"><path d=\"M23,12L20.56,9.22L20.9,5.54L17.29,4.72L15.4,1.54L12,3L8.6,1.54L6.71,4.72L3.1,5.53L3.44,9.21L1,12L3.44,14.78L3.1,18.47L6.71,19.29L8.6,22.47L12,21L15.4,22.46L17.29,19.28L20.9,18.46L20.56,14.78L23,12M10,17L6,13L7.41,11.59L10,14.17L16.59,7.58L18,9L10,17Z\"><\/path><\/svg><\/span><\/div>\n\n\n\n<div class=\"gb-text gb-text-e050768d\">|<\/div>\n\n\n\n<div class=\"gb-text-c4f9d6a7\"><span class=\"gb-shape\"><svg aria-hidden=\"true\" role=\"img\" height=\"1em\" width=\"1em\" viewBox=\"0 0 512 512\" xmlns=\"http:\/\/www.w3.org\/2000\/svg\"><path fill=\"currentColor\" d=\"M256 8C119 8 8 119 8 256s111 248 248 248 248-111 248-248S393 8 256 8zm0 448c-110.5 0-200-89.5-200-200S145.5 56 256 56s200 89.5 200 200-89.5 200-200 200zm61.8-104.4l-84.9-61.7c-3.1-2.3-4.9-5.9-4.9-9.7V116c0-6.6 5.4-12 12-12h32c6.6 0 12 5.4 12 12v141.7l66.8 48.6c5.4 3.9 6.5 11.4 2.6 16.8L334.6 349c-3.9 5.3-11.4 6.5-16.8 2.6z\"><\/path><\/svg><\/span><span class=\"gb-text\">29 de abril de 2026 a las 23:38<\/span><\/div>\n<\/div>\n\n\n\n<p class=\"gb-text gb-text-70dbd6fb\">Ver a una persona pelirroja sigue llamando la atenci\u00f3n porque es un rasgo poco frecuente. Pero la&#8230;..<\/p>\n\n\n\n<p><\/p>\n<\/div>\n<\/div><\/div>\n<\/div>\n\n\n\n<div>\n<div><div class=\"gb-looper-94714ce5\">\n<div class=\"gb-loop-item gb-loop-item-cea3d348 post-35467 post type-post status-publish format-standard has-post-thumbnail hentry category-movilidad resize-featured-image\">\n<div class=\"gb-element-29102610\">\n<a href=\"https:\/\/www.ecoticias.com\/hoyeco\/china-desafia-a-europa-con-una-bateria-para-coches-electricos-con-autonomia-de-150-km-con-una-sola-carga\/35467\/\"><img loading=\"lazy\" decoding=\"async\" width=\"1800\" height=\"1013\" data-media-id=\"35468\" class=\"gb-media-299c265a\" alt=\"Bater\u00eda CATL para coche el\u00e9ctrico con 1500 km de autonom\u00eda y carga ultrarr\u00e1pida en 6 minutos\" src=\"https:\/\/www.ecoticias.com\/hoyeco\/wp-content\/uploads\/2026\/04\/catl-bateria-electrico-1500km-carga-rapida-6-minutos.jpg\" srcset=\"https:\/\/www.ecoticias.com\/hoyeco\/wp-content\/uploads\/2026\/04\/catl-bateria-electrico-1500km-carga-rapida-6-minutos.jpg 1800w, https:\/\/www.ecoticias.com\/hoyeco\/wp-content\/uploads\/2026\/04\/catl-bateria-electrico-1500km-carga-rapida-6-minutos-300x169.jpg 300w, https:\/\/www.ecoticias.com\/hoyeco\/wp-content\/uploads\/2026\/04\/catl-bateria-electrico-1500km-carga-rapida-6-minutos-768x432.jpg 768w, https:\/\/www.ecoticias.com\/hoyeco\/wp-content\/uploads\/2026\/04\/catl-bateria-electrico-1500km-carga-rapida-6-minutos-1536x864.jpg 1536w, https:\/\/www.ecoticias.com\/hoyeco\/wp-content\/uploads\/2026\/04\/catl-bateria-electrico-1500km-carga-rapida-6-minutos-150x84.jpg 150w\" sizes=\"auto, (max-width: 1800px) 100vw, 1800px\" \/><\/a>\n<\/div>\n\n\n\n<div class=\"gb-element-83b1ac17\">\n<h2 class=\"gb-text gb-text-09ae82b4\"><a href=\"https:\/\/www.ecoticias.com\/hoyeco\/china-desafia-a-europa-con-una-bateria-para-coches-electricos-con-autonomia-de-150-km-con-una-sola-carga\/35467\/\">China desaf\u00eda a Europa con una bater\u00eda para coches el\u00e9ctricos con autonom\u00eda de 150 km con una sola carga<\/a><\/h2>\n\n\n\n<div class=\"gb-text-6855b9f0\"><span class=\"gb-shape\"><svg aria-hidden=\"true\" role=\"img\" height=\"1em\" width=\"1em\" viewBox=\"0 0 512 512\" xmlns=\"http:\/\/www.w3.org\/2000\/svg\"><path fill=\"currentColor\" d=\"M256 8C119 8 8 119 8 256s111 248 248 248 248-111 248-248S393 8 256 8zm0 448c-110.5 0-200-89.5-200-200S145.5 56 256 56s200 89.5 200 200-89.5 200-200 200zm61.8-104.4l-84.9-61.7c-3.1-2.3-4.9-5.9-4.9-9.7V116c0-6.6 5.4-12 12-12h32c6.6 0 12 5.4 12 12v141.7l66.8 48.6c5.4 3.9 6.5 11.4 2.6 16.8L334.6 349c-3.9 5.3-11.4 6.5-16.8 2.6z\"><\/path><\/svg><\/span><span class=\"gb-text\">27 de abril de 2026 a las 23:36<\/span><\/div>\n<\/div>\n<\/div>\n\n<div class=\"gb-loop-item gb-loop-item-cea3d348 post-35405 post type-post status-publish format-standard has-post-thumbnail hentry category-movilidad resize-featured-image\">\n<div class=\"gb-element-29102610\">\n<a href=\"https:\/\/www.ecoticias.com\/hoyeco\/alemania-se-pasa-el-juego-con-el-primer-crucero-100-electrico-con-capacidad-para-2000-pasajeros-275-metros-de-eslora-y-casi-10-000-toneladas\/35405\/\"><img loading=\"lazy\" decoding=\"async\" width=\"1800\" height=\"1013\" data-media-id=\"35406\" class=\"gb-media-299c265a\" alt=\"Crucero el\u00e9ctrico de Alemania Project Vision de Meyer Werft con 275 metros de eslora y casi 2000 pasajeros.\" src=\"https:\/\/www.ecoticias.com\/hoyeco\/wp-content\/uploads\/2026\/04\/crucero-electrico-alemania-meyer-werft-project-vision-275-metros.jpg\" srcset=\"https:\/\/www.ecoticias.com\/hoyeco\/wp-content\/uploads\/2026\/04\/crucero-electrico-alemania-meyer-werft-project-vision-275-metros.jpg 1800w, https:\/\/www.ecoticias.com\/hoyeco\/wp-content\/uploads\/2026\/04\/crucero-electrico-alemania-meyer-werft-project-vision-275-metros-300x169.jpg 300w, https:\/\/www.ecoticias.com\/hoyeco\/wp-content\/uploads\/2026\/04\/crucero-electrico-alemania-meyer-werft-project-vision-275-metros-768x432.jpg 768w, https:\/\/www.ecoticias.com\/hoyeco\/wp-content\/uploads\/2026\/04\/crucero-electrico-alemania-meyer-werft-project-vision-275-metros-1536x864.jpg 1536w, https:\/\/www.ecoticias.com\/hoyeco\/wp-content\/uploads\/2026\/04\/crucero-electrico-alemania-meyer-werft-project-vision-275-metros-150x84.jpg 150w\" sizes=\"auto, (max-width: 1800px) 100vw, 1800px\" \/><\/a>\n<\/div>\n\n\n\n<div class=\"gb-element-83b1ac17\">\n<h2 class=\"gb-text gb-text-09ae82b4\"><a href=\"https:\/\/www.ecoticias.com\/hoyeco\/alemania-se-pasa-el-juego-con-el-primer-crucero-100-electrico-con-capacidad-para-2000-pasajeros-275-metros-de-eslora-y-casi-10-000-toneladas\/35405\/\">Alemania se pasa el juego con el primer crucero 100% el\u00e9ctrico: con capacidad para 2000 pasajeros, 275 metros de eslora y casi 10.000 toneladas<\/a><\/h2>\n\n\n\n<div class=\"gb-text-6855b9f0\"><span class=\"gb-shape\"><svg aria-hidden=\"true\" role=\"img\" height=\"1em\" width=\"1em\" viewBox=\"0 0 512 512\" xmlns=\"http:\/\/www.w3.org\/2000\/svg\"><path fill=\"currentColor\" d=\"M256 8C119 8 8 119 8 256s111 248 248 248 248-111 248-248S393 8 256 8zm0 448c-110.5 0-200-89.5-200-200S145.5 56 256 56s200 89.5 200 200-89.5 200-200 200zm61.8-104.4l-84.9-61.7c-3.1-2.3-4.9-5.9-4.9-9.7V116c0-6.6 5.4-12 12-12h32c6.6 0 12 5.4 12 12v141.7l66.8 48.6c5.4 3.9 6.5 11.4 2.6 16.8L334.6 349c-3.9 5.3-11.4 6.5-16.8 2.6z\"><\/path><\/svg><\/span><span class=\"gb-text\">25 de abril de 2026 a las 18:16<\/span><\/div>\n<\/div>\n<\/div>\n\n<div class=\"gb-loop-item gb-loop-item-cea3d348 post-35337 post type-post status-publish format-standard has-post-thumbnail hentry category-movilidad resize-featured-image\">\n<div class=\"gb-element-29102610\">\n<a href=\"https:\/\/www.ecoticias.com\/hoyeco\/mientras-todo-el-mundo-mira-al-estrecho-de-ormuz-europa-quiere-crear-un-plan-de-vias-navegables-como-los-peajes-del-canal-de-suez-valorado-en-23-millones-de-euros\/35337\/\"><img loading=\"lazy\" decoding=\"async\" width=\"1800\" height=\"1013\" data-media-id=\"35338\" class=\"gb-media-299c265a\" alt=\"Buque navegando por canal mar\u00edtimo similar al Canal de Suez en contexto de peajes en el Estrecho de Ormuz.\" src=\"https:\/\/www.ecoticias.com\/hoyeco\/wp-content\/uploads\/2026\/04\/estrecho-ormuz-peajes-canal-suez-europa-vias-navegables.jpg\" srcset=\"https:\/\/www.ecoticias.com\/hoyeco\/wp-content\/uploads\/2026\/04\/estrecho-ormuz-peajes-canal-suez-europa-vias-navegables.jpg 1800w, https:\/\/www.ecoticias.com\/hoyeco\/wp-content\/uploads\/2026\/04\/estrecho-ormuz-peajes-canal-suez-europa-vias-navegables-300x169.jpg 300w, https:\/\/www.ecoticias.com\/hoyeco\/wp-content\/uploads\/2026\/04\/estrecho-ormuz-peajes-canal-suez-europa-vias-navegables-768x432.jpg 768w, https:\/\/www.ecoticias.com\/hoyeco\/wp-content\/uploads\/2026\/04\/estrecho-ormuz-peajes-canal-suez-europa-vias-navegables-1536x864.jpg 1536w, https:\/\/www.ecoticias.com\/hoyeco\/wp-content\/uploads\/2026\/04\/estrecho-ormuz-peajes-canal-suez-europa-vias-navegables-150x84.jpg 150w\" sizes=\"auto, (max-width: 1800px) 100vw, 1800px\" \/><\/a>\n<\/div>\n\n\n\n<div class=\"gb-element-83b1ac17\">\n<h2 class=\"gb-text gb-text-09ae82b4\"><a href=\"https:\/\/www.ecoticias.com\/hoyeco\/mientras-todo-el-mundo-mira-al-estrecho-de-ormuz-europa-quiere-crear-un-plan-de-vias-navegables-como-los-peajes-del-canal-de-suez-valorado-en-23-millones-de-euros\/35337\/\">Mientras todo el mundo mira al Estrecho de Ormuz, Europa quiere crear un plan de v\u00edas navegables como los peajes del Canal de Suez valorado en 23 millones de euros<\/a><\/h2>\n\n\n\n<div class=\"gb-text-6855b9f0\"><span class=\"gb-shape\"><svg aria-hidden=\"true\" role=\"img\" height=\"1em\" width=\"1em\" viewBox=\"0 0 512 512\" xmlns=\"http:\/\/www.w3.org\/2000\/svg\"><path fill=\"currentColor\" d=\"M256 8C119 8 8 119 8 256s111 248 248 248 248-111 248-248S393 8 256 8zm0 448c-110.5 0-200-89.5-200-200S145.5 56 256 56s200 89.5 200 200-89.5 200-200 200zm61.8-104.4l-84.9-61.7c-3.1-2.3-4.9-5.9-4.9-9.7V116c0-6.6 5.4-12 12-12h32c6.6 0 12 5.4 12 12v141.7l66.8 48.6c5.4 3.9 6.5 11.4 2.6 16.8L334.6 349c-3.9 5.3-11.4 6.5-16.8 2.6z\"><\/path><\/svg><\/span><span class=\"gb-text\">22 de abril de 2026 a las 22:06<\/span><\/div>\n<\/div>\n<\/div>\n\n<div class=\"gb-loop-item gb-loop-item-cea3d348 post-35267 post type-post status-publish format-standard has-post-thumbnail hentry category-movilidad resize-featured-image\">\n<div class=\"gb-element-29102610\">\n<a href=\"https:\/\/www.ecoticias.com\/hoyeco\/llevamos-anos-pensando-que-las-baterias-son-el-problema-de-los-coches-electricos-pero-un-estudio-lo-desmonta-90-de-capacidad-tras-160-000-km-en-seis-anos\/35267\/\"><img loading=\"lazy\" decoding=\"async\" width=\"1800\" height=\"1013\" data-media-id=\"35268\" class=\"gb-media-299c265a\" alt=\"Coche el\u00e9ctrico cargando bater\u00eda en punto de recarga degradaci\u00f3n bater\u00eda 160000 km.\" src=\"https:\/\/www.ecoticias.com\/hoyeco\/wp-content\/uploads\/2026\/04\/bateria-coche-electrico-carga-degradacion-160000-km.jpg\" srcset=\"https:\/\/www.ecoticias.com\/hoyeco\/wp-content\/uploads\/2026\/04\/bateria-coche-electrico-carga-degradacion-160000-km.jpg 1800w, https:\/\/www.ecoticias.com\/hoyeco\/wp-content\/uploads\/2026\/04\/bateria-coche-electrico-carga-degradacion-160000-km-300x169.jpg 300w, https:\/\/www.ecoticias.com\/hoyeco\/wp-content\/uploads\/2026\/04\/bateria-coche-electrico-carga-degradacion-160000-km-768x432.jpg 768w, https:\/\/www.ecoticias.com\/hoyeco\/wp-content\/uploads\/2026\/04\/bateria-coche-electrico-carga-degradacion-160000-km-1536x864.jpg 1536w, https:\/\/www.ecoticias.com\/hoyeco\/wp-content\/uploads\/2026\/04\/bateria-coche-electrico-carga-degradacion-160000-km-150x84.jpg 150w\" sizes=\"auto, (max-width: 1800px) 100vw, 1800px\" \/><\/a>\n<\/div>\n\n\n\n<div class=\"gb-element-83b1ac17\">\n<h2 class=\"gb-text gb-text-09ae82b4\"><a href=\"https:\/\/www.ecoticias.com\/hoyeco\/llevamos-anos-pensando-que-las-baterias-son-el-problema-de-los-coches-electricos-pero-un-estudio-lo-desmonta-90-de-capacidad-tras-160-000-km-en-seis-anos\/35267\/\">Llevamos a\u00f1os pensando que las bater\u00edas son el problema de los coches el\u00e9ctricos pero un estudio lo desmonta: 90% de capacidad tras 160.000 km en seis a\u00f1os<\/a><\/h2>\n\n\n\n<div class=\"gb-text-6855b9f0\"><span class=\"gb-shape\"><svg aria-hidden=\"true\" role=\"img\" height=\"1em\" width=\"1em\" viewBox=\"0 0 512 512\" xmlns=\"http:\/\/www.w3.org\/2000\/svg\"><path fill=\"currentColor\" d=\"M256 8C119 8 8 119 8 256s111 248 248 248 248-111 248-248S393 8 256 8zm0 448c-110.5 0-200-89.5-200-200S145.5 56 256 56s200 89.5 200 200-89.5 200-200 200zm61.8-104.4l-84.9-61.7c-3.1-2.3-4.9-5.9-4.9-9.7V116c0-6.6 5.4-12 12-12h32c6.6 0 12 5.4 12 12v141.7l66.8 48.6c5.4 3.9 6.5 11.4 2.6 16.8L334.6 349c-3.9 5.3-11.4 6.5-16.8 2.6z\"><\/path><\/svg><\/span><span class=\"gb-text\">20 de abril de 2026 a las 08:08<\/span><\/div>\n<\/div>\n<\/div>\n\n<div class=\"gb-loop-item gb-loop-item-cea3d348 post-35225 post type-post status-publish format-standard has-post-thumbnail hentry category-movilidad resize-featured-image\">\n<div class=\"gb-element-29102610\">\n<a href=\"https:\/\/www.ecoticias.com\/hoyeco\/mientras-europa-quiere-cambiar-a-los-electricos-cientificos-descubren-que-anadiendo-agua-a-los-motores-diesel-se-reducen-un-60-las-emisiones\/35225\/\"><img loading=\"lazy\" decoding=\"async\" width=\"1800\" height=\"1013\" data-media-id=\"35226\" class=\"gb-media-299c265a\" alt=\"Surtidor repostando di\u00e9sel en coche, relacionado con tecnolog\u00eda que mezcla agua para reducir emisiones.\" src=\"https:\/\/www.ecoticias.com\/hoyeco\/wp-content\/uploads\/2026\/04\/diesel-agua-emisiones-motores-reduccion-contaminacion.jpg\" srcset=\"https:\/\/www.ecoticias.com\/hoyeco\/wp-content\/uploads\/2026\/04\/diesel-agua-emisiones-motores-reduccion-contaminacion.jpg 1800w, https:\/\/www.ecoticias.com\/hoyeco\/wp-content\/uploads\/2026\/04\/diesel-agua-emisiones-motores-reduccion-contaminacion-300x169.jpg 300w, https:\/\/www.ecoticias.com\/hoyeco\/wp-content\/uploads\/2026\/04\/diesel-agua-emisiones-motores-reduccion-contaminacion-768x432.jpg 768w, https:\/\/www.ecoticias.com\/hoyeco\/wp-content\/uploads\/2026\/04\/diesel-agua-emisiones-motores-reduccion-contaminacion-1536x864.jpg 1536w, https:\/\/www.ecoticias.com\/hoyeco\/wp-content\/uploads\/2026\/04\/diesel-agua-emisiones-motores-reduccion-contaminacion-150x84.jpg 150w\" sizes=\"auto, (max-width: 1800px) 100vw, 1800px\" \/><\/a>\n<\/div>\n\n\n\n<div class=\"gb-element-83b1ac17\">\n<h2 class=\"gb-text gb-text-09ae82b4\"><a href=\"https:\/\/www.ecoticias.com\/hoyeco\/mientras-europa-quiere-cambiar-a-los-electricos-cientificos-descubren-que-anadiendo-agua-a-los-motores-diesel-se-reducen-un-60-las-emisiones\/35225\/\">Mientras Europa quiere cambiar a los el\u00e9ctricos, cient\u00edficos descubren que a\u00f1adiendo agua a los motores di\u00e9sel se reducen un 60% las emisiones<\/a><\/h2>\n\n\n\n<div class=\"gb-text-6855b9f0\"><span class=\"gb-shape\"><svg aria-hidden=\"true\" role=\"img\" height=\"1em\" width=\"1em\" viewBox=\"0 0 512 512\" xmlns=\"http:\/\/www.w3.org\/2000\/svg\"><path fill=\"currentColor\" d=\"M256 8C119 8 8 119 8 256s111 248 248 248 248-111 248-248S393 8 256 8zm0 448c-110.5 0-200-89.5-200-200S145.5 56 256 56s200 89.5 200 200-89.5 200-200 200zm61.8-104.4l-84.9-61.7c-3.1-2.3-4.9-5.9-4.9-9.7V116c0-6.6 5.4-12 12-12h32c6.6 0 12 5.4 12 12v141.7l66.8 48.6c5.4 3.9 6.5 11.4 2.6 16.8L334.6 349c-3.9 5.3-11.4 6.5-16.8 2.6z\"><\/path><\/svg><\/span><span class=\"gb-text\">18 de abril de 2026 a las 15:31<\/span><\/div>\n<\/div>\n<\/div>\n\n<div class=\"gb-loop-item gb-loop-item-cea3d348 post-35164 post type-post status-publish format-standard has-post-thumbnail hentry category-movilidad resize-featured-image\">\n<div class=\"gb-element-29102610\">\n<a href=\"https:\/\/www.ecoticias.com\/hoyeco\/china-desafia-las-reglas-y-construye-un-macropuente-de-24-km-que-atraviesa-el-mar-con-un-tunel-islas-artificiales-y-que-usan-90-000-coches-al-dia\/35164\/\"><img loading=\"lazy\" decoding=\"async\" width=\"1800\" height=\"1013\" data-media-id=\"35165\" class=\"gb-media-299c265a\" alt=\"Puente Shenzhen Zhongshan en China sobre el mar con t\u00fanel submarino e islas artificiales y tr\u00e1fico de veh\u00edculos.\" src=\"https:\/\/www.ecoticias.com\/hoyeco\/wp-content\/uploads\/2026\/04\/puente-shenzhen-zhongshan-china-mar-tunel-islas-artificiales.jpg\" srcset=\"https:\/\/www.ecoticias.com\/hoyeco\/wp-content\/uploads\/2026\/04\/puente-shenzhen-zhongshan-china-mar-tunel-islas-artificiales.jpg 1800w, https:\/\/www.ecoticias.com\/hoyeco\/wp-content\/uploads\/2026\/04\/puente-shenzhen-zhongshan-china-mar-tunel-islas-artificiales-300x169.jpg 300w, https:\/\/www.ecoticias.com\/hoyeco\/wp-content\/uploads\/2026\/04\/puente-shenzhen-zhongshan-china-mar-tunel-islas-artificiales-768x432.jpg 768w, https:\/\/www.ecoticias.com\/hoyeco\/wp-content\/uploads\/2026\/04\/puente-shenzhen-zhongshan-china-mar-tunel-islas-artificiales-1536x864.jpg 1536w, https:\/\/www.ecoticias.com\/hoyeco\/wp-content\/uploads\/2026\/04\/puente-shenzhen-zhongshan-china-mar-tunel-islas-artificiales-150x84.jpg 150w\" sizes=\"auto, (max-width: 1800px) 100vw, 1800px\" \/><\/a>\n<\/div>\n\n\n\n<div class=\"gb-element-83b1ac17\">\n<h2 class=\"gb-text gb-text-09ae82b4\"><a href=\"https:\/\/www.ecoticias.com\/hoyeco\/china-desafia-las-reglas-y-construye-un-macropuente-de-24-km-que-atraviesa-el-mar-con-un-tunel-islas-artificiales-y-que-usan-90-000-coches-al-dia\/35164\/\">China desaf\u00eda las reglas y construye un macropuente de 24 km que atraviesa el mar con un t\u00fanel, islas artificiales y que usan 90.000 coches al d\u00eda<\/a><\/h2>\n\n\n\n<div class=\"gb-text-6855b9f0\"><span class=\"gb-shape\"><svg aria-hidden=\"true\" role=\"img\" height=\"1em\" width=\"1em\" viewBox=\"0 0 512 512\" xmlns=\"http:\/\/www.w3.org\/2000\/svg\"><path fill=\"currentColor\" d=\"M256 8C119 8 8 119 8 256s111 248 248 248 248-111 248-248S393 8 256 8zm0 448c-110.5 0-200-89.5-200-200S145.5 56 256 56s200 89.5 200 200-89.5 200-200 200zm61.8-104.4l-84.9-61.7c-3.1-2.3-4.9-5.9-4.9-9.7V116c0-6.6 5.4-12 12-12h32c6.6 0 12 5.4 12 12v141.7l66.8 48.6c5.4 3.9 6.5 11.4 2.6 16.8L334.6 349c-3.9 5.3-11.4 6.5-16.8 2.6z\"><\/path><\/svg><\/span><span class=\"gb-text\">16 de abril de 2026 a las 08:03<\/span><\/div>\n<\/div>\n<\/div>\n<\/div><\/div>\n<\/div>\n<\/div>\n<\/div>\n\n\n\n<div class=\"gb-element-cf4d0f94\">\n<div class=\"gb-element-8825ebab\">\n<h2 class=\"gb-text gb-text-cc926752\">Energ\u00eda<\/h2>\n<\/div>\n\n\n\n<div><div class=\"gb-looper-b2ecd048\">\n<div class=\"gb-loop-item gb-loop-item-7492bcaf post-35574 post type-post status-publish format-standard has-post-thumbnail hentry category-energia resize-featured-image\">\n<div class=\"gb-element-511469c3\">\n<a href=\"https:\/\/www.ecoticias.com\/hoyeco\/donald-trump-desafia-lo-establecido-y-ahora-ha-puesto-a-trabajar-a-la-nasa-para-ser-el-primer-pais-en-construir-centrales-nucleares-en-la-luna\/35574\/\"><img loading=\"lazy\" decoding=\"async\" width=\"1800\" height=\"1013\" data-media-id=\"35575\" class=\"gb-media-83248410\" alt=\"Reactor nuclear de la NASA en la superficie de la Luna para generar energ\u00eda en bases espaciales.\" src=\"https:\/\/www.ecoticias.com\/hoyeco\/wp-content\/uploads\/2026\/04\/central-nuclear-luna-nasa-reactor-fision-eeuu.jpg\" srcset=\"https:\/\/www.ecoticias.com\/hoyeco\/wp-content\/uploads\/2026\/04\/central-nuclear-luna-nasa-reactor-fision-eeuu.jpg 1800w, https:\/\/www.ecoticias.com\/hoyeco\/wp-content\/uploads\/2026\/04\/central-nuclear-luna-nasa-reactor-fision-eeuu-300x169.jpg 300w, https:\/\/www.ecoticias.com\/hoyeco\/wp-content\/uploads\/2026\/04\/central-nuclear-luna-nasa-reactor-fision-eeuu-768x432.jpg 768w, https:\/\/www.ecoticias.com\/hoyeco\/wp-content\/uploads\/2026\/04\/central-nuclear-luna-nasa-reactor-fision-eeuu-1536x864.jpg 1536w, https:\/\/www.ecoticias.com\/hoyeco\/wp-content\/uploads\/2026\/04\/central-nuclear-luna-nasa-reactor-fision-eeuu-150x84.jpg 150w\" sizes=\"auto, (max-width: 1800px) 100vw, 1800px\" \/><\/a>\n<\/div>\n\n\n\n<div class=\"gb-element-a59ebcff\">\n<h2 class=\"gb-text gb-text-166d37ea\"><a href=\"https:\/\/www.ecoticias.com\/hoyeco\/donald-trump-desafia-lo-establecido-y-ahora-ha-puesto-a-trabajar-a-la-nasa-para-ser-el-primer-pais-en-construir-centrales-nucleares-en-la-luna\/35574\/\">Donald Trump desaf\u00eda lo establecido y ahora ha puesto a trabajar a la NASA para ser el primer pa\u00eds en construir centrales nucleares en la Luna<\/a><\/h2>\n\n\n\n<div class=\"gb-text-824e040a\"><span class=\"gb-shape\"><svg aria-hidden=\"true\" role=\"img\" height=\"1em\" width=\"1em\" viewBox=\"0 0 512 512\" xmlns=\"http:\/\/www.w3.org\/2000\/svg\"><path fill=\"currentColor\" d=\"M256 8C119 8 8 119 8 256s111 248 248 248 248-111 248-248S393 8 256 8zm0 448c-110.5 0-200-89.5-200-200S145.5 56 256 56s200 89.5 200 200-89.5 200-200 200zm61.8-104.4l-84.9-61.7c-3.1-2.3-4.9-5.9-4.9-9.7V116c0-6.6 5.4-12 12-12h32c6.6 0 12 5.4 12 12v141.7l66.8 48.6c5.4 3.9 6.5 11.4 2.6 16.8L334.6 349c-3.9 5.3-11.4 6.5-16.8 2.6z\"><\/path><\/svg><\/span><span class=\"gb-text\">2 de mayo de 2026 a las 09:50<\/span><\/div>\n<\/div>\n<\/div>\n\n<div class=\"gb-loop-item gb-loop-item-7492bcaf post-35564 post type-post status-publish format-standard has-post-thumbnail hentry category-energia resize-featured-image\">\n<div class=\"gb-element-511469c3\">\n<a href=\"https:\/\/www.ecoticias.com\/hoyeco\/hace-casi-20-anos-islandia-se-equivoco-y-perforo-una-bolsa-de-magma-por-equivocacion-hoy-en-en-dia-han-descubierto-la-mayor-fuente-de-energia-ilimitada-que-marca-un-hito-en-la-geomineria\/35564\/\"><img loading=\"lazy\" decoding=\"async\" width=\"1800\" height=\"1013\" data-media-id=\"35565\" class=\"gb-media-83248410\" alt=\"Plataforma geot\u00e9rmica en Islandia perforando magma en Krafla para generar energ\u00eda de alta temperatura.\" src=\"https:\/\/www.ecoticias.com\/hoyeco\/wp-content\/uploads\/2026\/04\/islandia-perfora-magma-energia-geotermica-krafla-iddp1.jpg\" srcset=\"https:\/\/www.ecoticias.com\/hoyeco\/wp-content\/uploads\/2026\/04\/islandia-perfora-magma-energia-geotermica-krafla-iddp1.jpg 1800w, https:\/\/www.ecoticias.com\/hoyeco\/wp-content\/uploads\/2026\/04\/islandia-perfora-magma-energia-geotermica-krafla-iddp1-300x169.jpg 300w, https:\/\/www.ecoticias.com\/hoyeco\/wp-content\/uploads\/2026\/04\/islandia-perfora-magma-energia-geotermica-krafla-iddp1-768x432.jpg 768w, https:\/\/www.ecoticias.com\/hoyeco\/wp-content\/uploads\/2026\/04\/islandia-perfora-magma-energia-geotermica-krafla-iddp1-1536x864.jpg 1536w, https:\/\/www.ecoticias.com\/hoyeco\/wp-content\/uploads\/2026\/04\/islandia-perfora-magma-energia-geotermica-krafla-iddp1-150x84.jpg 150w\" sizes=\"auto, (max-width: 1800px) 100vw, 1800px\" \/><\/a>\n<\/div>\n\n\n\n<div class=\"gb-element-a59ebcff\">\n<h2 class=\"gb-text gb-text-166d37ea\"><a href=\"https:\/\/www.ecoticias.com\/hoyeco\/hace-casi-20-anos-islandia-se-equivoco-y-perforo-una-bolsa-de-magma-por-equivocacion-hoy-en-en-dia-han-descubierto-la-mayor-fuente-de-energia-ilimitada-que-marca-un-hito-en-la-geomineria\/35564\/\">Hace casi 20 a\u00f1os Islandia se equivoc\u00f3 y perfor\u00f3 una bolsa de magma por equivocaci\u00f3n, hoy en en d\u00eda han descubierto la mayor fuente de energ\u00eda ilimitada que marca un hito en la geominer\u00eda<\/a><\/h2>\n\n\n\n<div class=\"gb-text-824e040a\"><span class=\"gb-shape\"><svg aria-hidden=\"true\" role=\"img\" height=\"1em\" width=\"1em\" viewBox=\"0 0 512 512\" xmlns=\"http:\/\/www.w3.org\/2000\/svg\"><path fill=\"currentColor\" d=\"M256 8C119 8 8 119 8 256s111 248 248 248 248-111 248-248S393 8 256 8zm0 448c-110.5 0-200-89.5-200-200S145.5 56 256 56s200 89.5 200 200-89.5 200-200 200zm61.8-104.4l-84.9-61.7c-3.1-2.3-4.9-5.9-4.9-9.7V116c0-6.6 5.4-12 12-12h32c6.6 0 12 5.4 12 12v141.7l66.8 48.6c5.4 3.9 6.5 11.4 2.6 16.8L334.6 349c-3.9 5.3-11.4 6.5-16.8 2.6z\"><\/path><\/svg><\/span><span class=\"gb-text\">1 de mayo de 2026 a las 22:06<\/span><\/div>\n<\/div>\n<\/div>\n\n<div class=\"gb-loop-item gb-loop-item-7492bcaf post-35561 post type-post status-publish format-standard has-post-thumbnail hentry category-energia resize-featured-image\">\n<div class=\"gb-element-511469c3\">\n<a href=\"https:\/\/www.ecoticias.com\/hoyeco\/mientras-espana-sigue-cerrando-centrales-nucleares-y-va-a-pagar-144-euros-mas-por-la-luz-china-se-prepara-para-generar-100-gw-con-mas-de-60-reactores\/35561\/\"><img loading=\"lazy\" decoding=\"async\" width=\"1800\" height=\"1013\" data-media-id=\"35562\" class=\"gb-media-83248410\" alt=\"Construcci\u00f3n de reactor nuclear en China con gr\u00faas y obra del proyecto Hualong One.\" src=\"https:\/\/www.ecoticias.com\/hoyeco\/wp-content\/uploads\/2026\/04\/china-reactores-nucleares-construccion-100gw-2030.jpg\" srcset=\"https:\/\/www.ecoticias.com\/hoyeco\/wp-content\/uploads\/2026\/04\/china-reactores-nucleares-construccion-100gw-2030.jpg 1800w, https:\/\/www.ecoticias.com\/hoyeco\/wp-content\/uploads\/2026\/04\/china-reactores-nucleares-construccion-100gw-2030-300x169.jpg 300w, https:\/\/www.ecoticias.com\/hoyeco\/wp-content\/uploads\/2026\/04\/china-reactores-nucleares-construccion-100gw-2030-768x432.jpg 768w, https:\/\/www.ecoticias.com\/hoyeco\/wp-content\/uploads\/2026\/04\/china-reactores-nucleares-construccion-100gw-2030-1536x864.jpg 1536w, https:\/\/www.ecoticias.com\/hoyeco\/wp-content\/uploads\/2026\/04\/china-reactores-nucleares-construccion-100gw-2030-150x84.jpg 150w\" sizes=\"auto, (max-width: 1800px) 100vw, 1800px\" \/><\/a>\n<\/div>\n\n\n\n<div class=\"gb-element-a59ebcff\">\n<h2 class=\"gb-text gb-text-166d37ea\"><a href=\"https:\/\/www.ecoticias.com\/hoyeco\/mientras-espana-sigue-cerrando-centrales-nucleares-y-va-a-pagar-144-euros-mas-por-la-luz-china-se-prepara-para-generar-100-gw-con-mas-de-60-reactores\/35561\/\">Mientras Espa\u00f1a sigue cerrando centrales nucleares y va a pagar 144 euros m\u00e1s por la luz China se prepara para generar 100 GW con m\u00e1s de 60 reactores<\/a><\/h2>\n\n\n\n<div class=\"gb-text-824e040a\"><span class=\"gb-shape\"><svg aria-hidden=\"true\" role=\"img\" height=\"1em\" width=\"1em\" viewBox=\"0 0 512 512\" xmlns=\"http:\/\/www.w3.org\/2000\/svg\"><path fill=\"currentColor\" d=\"M256 8C119 8 8 119 8 256s111 248 248 248 248-111 248-248S393 8 256 8zm0 448c-110.5 0-200-89.5-200-200S145.5 56 256 56s200 89.5 200 200-89.5 200-200 200zm61.8-104.4l-84.9-61.7c-3.1-2.3-4.9-5.9-4.9-9.7V116c0-6.6 5.4-12 12-12h32c6.6 0 12 5.4 12 12v141.7l66.8 48.6c5.4 3.9 6.5 11.4 2.6 16.8L334.6 349c-3.9 5.3-11.4 6.5-16.8 2.6z\"><\/path><\/svg><\/span><span class=\"gb-text\">1 de mayo de 2026 a las 20:49<\/span><\/div>\n<\/div>\n<\/div>\n\n<div class=\"gb-loop-item gb-loop-item-7492bcaf post-35558 post type-post status-publish format-standard has-post-thumbnail hentry category-energia resize-featured-image\">\n<div class=\"gb-element-511469c3\">\n<a href=\"https:\/\/www.ecoticias.com\/hoyeco\/china-desafia-las-leyes-de-la-logica-con-stratosphere-s2000-la-primera-turbina-volante-de-60-metros-que-genera-energia-infinita-10-veces-mas-barata-que-la-eolica\/35558\/\"><img loading=\"lazy\" decoding=\"async\" width=\"1800\" height=\"1013\" data-media-id=\"35559\" class=\"gb-media-83248410\" alt=\"Turbina volante S2000 de China generando energ\u00eda e\u00f3lica en el aire durante una prueba real en Yibin.\" src=\"https:\/\/www.ecoticias.com\/hoyeco\/wp-content\/uploads\/2026\/04\/turbina-volante-s2000-china-energia-eolica-aerea.jpg\" srcset=\"https:\/\/www.ecoticias.com\/hoyeco\/wp-content\/uploads\/2026\/04\/turbina-volante-s2000-china-energia-eolica-aerea.jpg 1800w, https:\/\/www.ecoticias.com\/hoyeco\/wp-content\/uploads\/2026\/04\/turbina-volante-s2000-china-energia-eolica-aerea-300x169.jpg 300w, https:\/\/www.ecoticias.com\/hoyeco\/wp-content\/uploads\/2026\/04\/turbina-volante-s2000-china-energia-eolica-aerea-768x432.jpg 768w, https:\/\/www.ecoticias.com\/hoyeco\/wp-content\/uploads\/2026\/04\/turbina-volante-s2000-china-energia-eolica-aerea-1536x864.jpg 1536w, https:\/\/www.ecoticias.com\/hoyeco\/wp-content\/uploads\/2026\/04\/turbina-volante-s2000-china-energia-eolica-aerea-150x84.jpg 150w\" sizes=\"auto, (max-width: 1800px) 100vw, 1800px\" \/><\/a>\n<\/div>\n\n\n\n<div class=\"gb-element-a59ebcff\">\n<h2 class=\"gb-text gb-text-166d37ea\"><a href=\"https:\/\/www.ecoticias.com\/hoyeco\/china-desafia-las-leyes-de-la-logica-con-stratosphere-s2000-la-primera-turbina-volante-de-60-metros-que-genera-energia-infinita-10-veces-mas-barata-que-la-eolica\/35558\/\">China desaf\u00eda las leyes de la l\u00f3gica con Stratosphere S2000, la primera turbina volante de 60 metros que genera energ\u00eda infinita 10 veces m\u00e1s barata que la e\u00f3lica<\/a><\/h2>\n\n\n\n<div class=\"gb-text-824e040a\"><span class=\"gb-shape\"><svg aria-hidden=\"true\" role=\"img\" height=\"1em\" width=\"1em\" viewBox=\"0 0 512 512\" xmlns=\"http:\/\/www.w3.org\/2000\/svg\"><path fill=\"currentColor\" d=\"M256 8C119 8 8 119 8 256s111 248 248 248 248-111 248-248S393 8 256 8zm0 448c-110.5 0-200-89.5-200-200S145.5 56 256 56s200 89.5 200 200-89.5 200-200 200zm61.8-104.4l-84.9-61.7c-3.1-2.3-4.9-5.9-4.9-9.7V116c0-6.6 5.4-12 12-12h32c6.6 0 12 5.4 12 12v141.7l66.8 48.6c5.4 3.9 6.5 11.4 2.6 16.8L334.6 349c-3.9 5.3-11.4 6.5-16.8 2.6z\"><\/path><\/svg><\/span><span class=\"gb-text\">1 de mayo de 2026 a las 18:46<\/span><\/div>\n<\/div>\n<\/div>\n\n<div class=\"gb-loop-item gb-loop-item-7492bcaf post-35549 post type-post status-publish format-standard has-post-thumbnail hentry category-energia resize-featured-image\">\n<div class=\"gb-element-511469c3\">\n<a href=\"https:\/\/www.ecoticias.com\/hoyeco\/en-espana-casi-nadie-lo-conoce-pero-el-embalse-de-alcantara-con-capacidad-3162-hm3-es-un-ejemplo-energetico-en-todo-el-mundo\/35549\/\"><img loading=\"lazy\" decoding=\"async\" width=\"1800\" height=\"1013\" data-media-id=\"35550\" class=\"gb-media-83248410\" alt=\"Presa del embalse de Alc\u00e1ntara y central hidroel\u00e9ctrica Jos\u00e9 Mar\u00eda de Oriol en C\u00e1ceres.\" src=\"https:\/\/www.ecoticias.com\/hoyeco\/wp-content\/uploads\/2026\/04\/embalse-alcantara-central-jose-maria-de-oriol-energia-hidroelectrica-espana.jpg\" srcset=\"https:\/\/www.ecoticias.com\/hoyeco\/wp-content\/uploads\/2026\/04\/embalse-alcantara-central-jose-maria-de-oriol-energia-hidroelectrica-espana.jpg 1800w, https:\/\/www.ecoticias.com\/hoyeco\/wp-content\/uploads\/2026\/04\/embalse-alcantara-central-jose-maria-de-oriol-energia-hidroelectrica-espana-300x169.jpg 300w, https:\/\/www.ecoticias.com\/hoyeco\/wp-content\/uploads\/2026\/04\/embalse-alcantara-central-jose-maria-de-oriol-energia-hidroelectrica-espana-768x432.jpg 768w, https:\/\/www.ecoticias.com\/hoyeco\/wp-content\/uploads\/2026\/04\/embalse-alcantara-central-jose-maria-de-oriol-energia-hidroelectrica-espana-1536x864.jpg 1536w, https:\/\/www.ecoticias.com\/hoyeco\/wp-content\/uploads\/2026\/04\/embalse-alcantara-central-jose-maria-de-oriol-energia-hidroelectrica-espana-150x84.jpg 150w\" sizes=\"auto, (max-width: 1800px) 100vw, 1800px\" \/><\/a>\n<\/div>\n\n\n\n<div class=\"gb-element-a59ebcff\">\n<h2 class=\"gb-text gb-text-166d37ea\"><a href=\"https:\/\/www.ecoticias.com\/hoyeco\/en-espana-casi-nadie-lo-conoce-pero-el-embalse-de-alcantara-con-capacidad-3162-hm3-es-un-ejemplo-energetico-en-todo-el-mundo\/35549\/\">En Espa\u00f1a casi nadie lo conoce pero el embalse de Alc\u00e1ntara, con capacidad 3162 hm3, es un ejemplo energ\u00e9tico en todo el mundo<\/a><\/h2>\n\n\n\n<div class=\"gb-text-824e040a\"><span class=\"gb-shape\"><svg aria-hidden=\"true\" role=\"img\" height=\"1em\" width=\"1em\" viewBox=\"0 0 512 512\" xmlns=\"http:\/\/www.w3.org\/2000\/svg\"><path fill=\"currentColor\" d=\"M256 8C119 8 8 119 8 256s111 248 248 248 248-111 248-248S393 8 256 8zm0 448c-110.5 0-200-89.5-200-200S145.5 56 256 56s200 89.5 200 200-89.5 200-200 200zm61.8-104.4l-84.9-61.7c-3.1-2.3-4.9-5.9-4.9-9.7V116c0-6.6 5.4-12 12-12h32c6.6 0 12 5.4 12 12v141.7l66.8 48.6c5.4 3.9 6.5 11.4 2.6 16.8L334.6 349c-3.9 5.3-11.4 6.5-16.8 2.6z\"><\/path><\/svg><\/span><span class=\"gb-text\">1 de mayo de 2026 a las 09:46<\/span><\/div>\n<\/div>\n<\/div>\n\n<div class=\"gb-loop-item gb-loop-item-7492bcaf post-35546 post type-post status-publish format-standard has-post-thumbnail hentry category-energia resize-featured-image\">\n<div class=\"gb-element-511469c3\">\n<a href=\"https:\/\/www.ecoticias.com\/hoyeco\/despues-de-15-anos-y-un-conflicto-internacional-ya-esta-en-marcha-la-gran-presa-del-renacimiento-la-hidroelectrica-que-genera-5150-mw-sobre-el-nilo-azul\/35546\/\"><img loading=\"lazy\" decoding=\"async\" width=\"1800\" height=\"1013\" data-media-id=\"35547\" class=\"gb-media-83248410\" alt=\"Gran Presa del Renacimiento de Etiop\u00eda en el Nilo Azul durante su inauguraci\u00f3n con embalse y central hidroel\u00e9ctrica.\" src=\"https:\/\/www.ecoticias.com\/hoyeco\/wp-content\/uploads\/2026\/04\/grand-ethiopian-renaissance-dam-presa-nilo-azul-5150mw-etiopia.jpg\" srcset=\"https:\/\/www.ecoticias.com\/hoyeco\/wp-content\/uploads\/2026\/04\/grand-ethiopian-renaissance-dam-presa-nilo-azul-5150mw-etiopia.jpg 1800w, https:\/\/www.ecoticias.com\/hoyeco\/wp-content\/uploads\/2026\/04\/grand-ethiopian-renaissance-dam-presa-nilo-azul-5150mw-etiopia-300x169.jpg 300w, https:\/\/www.ecoticias.com\/hoyeco\/wp-content\/uploads\/2026\/04\/grand-ethiopian-renaissance-dam-presa-nilo-azul-5150mw-etiopia-768x432.jpg 768w, https:\/\/www.ecoticias.com\/hoyeco\/wp-content\/uploads\/2026\/04\/grand-ethiopian-renaissance-dam-presa-nilo-azul-5150mw-etiopia-1536x864.jpg 1536w, https:\/\/www.ecoticias.com\/hoyeco\/wp-content\/uploads\/2026\/04\/grand-ethiopian-renaissance-dam-presa-nilo-azul-5150mw-etiopia-150x84.jpg 150w\" sizes=\"auto, (max-width: 1800px) 100vw, 1800px\" \/><\/a>\n<\/div>\n\n\n\n<div class=\"gb-element-a59ebcff\">\n<h2 class=\"gb-text gb-text-166d37ea\"><a href=\"https:\/\/www.ecoticias.com\/hoyeco\/despues-de-15-anos-y-un-conflicto-internacional-ya-esta-en-marcha-la-gran-presa-del-renacimiento-la-hidroelectrica-que-genera-5150-mw-sobre-el-nilo-azul\/35546\/\">Despu\u00e9s de 15 a\u00f1os y un conflicto internacional ya est\u00e1 en marcha la Gran Presa del Renacimiento, la hidroel\u00e9ctrica que genera 5150 MW sobre el Nilo Azul<\/a><\/h2>\n\n\n\n<div class=\"gb-text-824e040a\"><span class=\"gb-shape\"><svg aria-hidden=\"true\" role=\"img\" height=\"1em\" width=\"1em\" viewBox=\"0 0 512 512\" xmlns=\"http:\/\/www.w3.org\/2000\/svg\"><path fill=\"currentColor\" d=\"M256 8C119 8 8 119 8 256s111 248 248 248 248-111 248-248S393 8 256 8zm0 448c-110.5 0-200-89.5-200-200S145.5 56 256 56s200 89.5 200 200-89.5 200-200 200zm61.8-104.4l-84.9-61.7c-3.1-2.3-4.9-5.9-4.9-9.7V116c0-6.6 5.4-12 12-12h32c6.6 0 12 5.4 12 12v141.7l66.8 48.6c5.4 3.9 6.5 11.4 2.6 16.8L334.6 349c-3.9 5.3-11.4 6.5-16.8 2.6z\"><\/path><\/svg><\/span><span class=\"gb-text\">1 de mayo de 2026 a las 08:01<\/span><\/div>\n<\/div>\n<\/div>\n<\/div><\/div>\n<\/div>\n<\/div>\n<\/div>\n<\/div>\n\n\n\n<div class=\"gb-element-bd599594\">\n<div class=\"gb-element-4bd4af13\">\n<div class=\"gb-element-aa460930\">\n<h2 class=\"gb-text gb-text-bb18a84b\">Consumo<\/h2>\n<\/div>\n\n\n\n<div><div class=\"gb-looper-5a597696\">\n<div class=\"gb-loop-item gb-loop-item-b8eeae02 post-35364 post type-post status-publish format-standard has-post-thumbnail hentry category-consumo resize-featured-image\">\n<div class=\"gb-element-22e71c3f\">\n<a href=\"https:\/\/www.ecoticias.com\/hoyeco\/europa-esta-muriendo-lentamente-y-el-giro-de-stellantis-lo-ha-confirmado-la-fabrica-construida-antes-de-la-ii-guerra-mundial-deja-de-fabricar-coches-por-baja-demanda\/35364\/\"><img loading=\"lazy\" decoding=\"async\" width=\"1800\" height=\"1013\" data-media-id=\"35365\" class=\"gb-media-9b347e18\" alt=\"F\u00e1brica de Stellantis en Poissy (Francia) donde dejar\u00e1 de producir coches a partir de 2028.\" src=\"https:\/\/www.ecoticias.com\/hoyeco\/wp-content\/uploads\/2026\/04\/stellantis-fabrica-poissy-francia-fin-produccion-coches-2028.jpg\" srcset=\"https:\/\/www.ecoticias.com\/hoyeco\/wp-content\/uploads\/2026\/04\/stellantis-fabrica-poissy-francia-fin-produccion-coches-2028.jpg 1800w, https:\/\/www.ecoticias.com\/hoyeco\/wp-content\/uploads\/2026\/04\/stellantis-fabrica-poissy-francia-fin-produccion-coches-2028-300x169.jpg 300w, https:\/\/www.ecoticias.com\/hoyeco\/wp-content\/uploads\/2026\/04\/stellantis-fabrica-poissy-francia-fin-produccion-coches-2028-768x432.jpg 768w, https:\/\/www.ecoticias.com\/hoyeco\/wp-content\/uploads\/2026\/04\/stellantis-fabrica-poissy-francia-fin-produccion-coches-2028-1536x864.jpg 1536w, https:\/\/www.ecoticias.com\/hoyeco\/wp-content\/uploads\/2026\/04\/stellantis-fabrica-poissy-francia-fin-produccion-coches-2028-150x84.jpg 150w\" sizes=\"auto, (max-width: 1800px) 100vw, 1800px\" \/><\/a>\n<\/div>\n\n\n\n<div class=\"gb-element-4e2d221f\">\n<h2 class=\"gb-text gb-text-a2328959\"><a href=\"https:\/\/www.ecoticias.com\/hoyeco\/europa-esta-muriendo-lentamente-y-el-giro-de-stellantis-lo-ha-confirmado-la-fabrica-construida-antes-de-la-ii-guerra-mundial-deja-de-fabricar-coches-por-baja-demanda\/35364\/\">Europa est\u00e1 muriendo lentamente y el giro de Stellantis lo ha confirmado: la f\u00e1brica construida antes de la II Guerra Mundial deja de fabricar coches por baja demanda<\/a><\/h2>\n\n\n\n<div class=\"gb-element-77a5bb63\">\n<div class=\"gb-text-b2be3ce2\"><span class=\"gb-text\">HoyECO<\/span><span class=\"gb-shape\"><svg viewBox=\"0 0 24 24\"><path d=\"M23,12L20.56,9.22L20.9,5.54L17.29,4.72L15.4,1.54L12,3L8.6,1.54L6.71,4.72L3.1,5.53L3.44,9.21L1,12L3.44,14.78L3.1,18.47L6.71,19.29L8.6,22.47L12,21L15.4,22.46L17.29,19.28L20.9,18.46L20.56,14.78L23,12M10,17L6,13L7.41,11.59L10,14.17L16.59,7.58L18,9L10,17Z\"><\/path><\/svg><\/span><\/div>\n\n\n\n<div class=\"gb-text gb-text-be46a244\">|<\/div>\n\n\n\n<div class=\"gb-text-92f863e7\"><span class=\"gb-shape\"><svg aria-hidden=\"true\" role=\"img\" height=\"1em\" width=\"1em\" viewBox=\"0 0 512 512\" xmlns=\"http:\/\/www.w3.org\/2000\/svg\"><path fill=\"currentColor\" d=\"M256 8C119 8 8 119 8 256s111 248 248 248 248-111 248-248S393 8 256 8zm0 448c-110.5 0-200-89.5-200-200S145.5 56 256 56s200 89.5 200 200-89.5 200-200 200zm61.8-104.4l-84.9-61.7c-3.1-2.3-4.9-5.9-4.9-9.7V116c0-6.6 5.4-12 12-12h32c6.6 0 12 5.4 12 12v141.7l66.8 48.6c5.4 3.9 6.5 11.4 2.6 16.8L334.6 349c-3.9 5.3-11.4 6.5-16.8 2.6z\"><\/path><\/svg><\/span><span class=\"gb-text\">23 de abril de 2026 a las 23:36<\/span><\/div>\n<\/div>\n\n\n\n<p class=\"gb-text gb-text-95c6cd04\">La hist\u00f3rica f\u00e1brica de Poissy, en la regi\u00f3n de Par\u00eds, dejar\u00e1 de ensamblar coches a&#8230;..<\/p>\n<\/div>\n<\/div>\n\n<div class=\"gb-loop-item gb-loop-item-b8eeae02 post-35019 post type-post status-publish format-standard has-post-thumbnail hentry category-consumo resize-featured-image\">\n<div class=\"gb-element-22e71c3f\">\n<a href=\"https:\/\/www.ecoticias.com\/hoyeco\/el-arroz-valenciano-podria-desaparecer-muy-pronto-y-hay-una-solucion-para-salvarlo-ya-hay-180-000-hectareas-afectadas-y-preven-un-80-menos-de-produccion\/35019\/\"><img loading=\"lazy\" decoding=\"async\" width=\"1800\" height=\"1013\" data-media-id=\"35020\" class=\"gb-media-9b347e18\" alt=\"Agricultor en arrozal de la Albufera sosteniendo plantas afectadas por la piricularia en plena crisis del arroz valenciano.\" src=\"https:\/\/www.ecoticias.com\/hoyeco\/wp-content\/uploads\/2026\/04\/arroz-valenciano-piricularia-albufera-crisis-produccion-80.jpg\" srcset=\"https:\/\/www.ecoticias.com\/hoyeco\/wp-content\/uploads\/2026\/04\/arroz-valenciano-piricularia-albufera-crisis-produccion-80.jpg 1800w, https:\/\/www.ecoticias.com\/hoyeco\/wp-content\/uploads\/2026\/04\/arroz-valenciano-piricularia-albufera-crisis-produccion-80-300x169.jpg 300w, https:\/\/www.ecoticias.com\/hoyeco\/wp-content\/uploads\/2026\/04\/arroz-valenciano-piricularia-albufera-crisis-produccion-80-768x432.jpg 768w, https:\/\/www.ecoticias.com\/hoyeco\/wp-content\/uploads\/2026\/04\/arroz-valenciano-piricularia-albufera-crisis-produccion-80-1536x864.jpg 1536w, https:\/\/www.ecoticias.com\/hoyeco\/wp-content\/uploads\/2026\/04\/arroz-valenciano-piricularia-albufera-crisis-produccion-80-150x84.jpg 150w\" sizes=\"auto, (max-width: 1800px) 100vw, 1800px\" \/><\/a>\n<\/div>\n\n\n\n<div class=\"gb-element-4e2d221f\">\n<h2 class=\"gb-text gb-text-a2328959\"><a href=\"https:\/\/www.ecoticias.com\/hoyeco\/el-arroz-valenciano-podria-desaparecer-muy-pronto-y-hay-una-solucion-para-salvarlo-ya-hay-180-000-hectareas-afectadas-y-preven-un-80-menos-de-produccion\/35019\/\">El arroz valenciano podr\u00eda desaparecer muy pronto y hay una soluci\u00f3n para salvarlo: ya hay 180.000 hect\u00e1reas afectadas y prev\u00e9n un 80% menos de producci\u00f3n<\/a><\/h2>\n\n\n\n<div class=\"gb-element-77a5bb63\">\n<div class=\"gb-text-b2be3ce2\"><span class=\"gb-text\">Javier F.<\/span><span class=\"gb-shape\"><svg viewBox=\"0 0 24 24\"><path d=\"M23,12L20.56,9.22L20.9,5.54L17.29,4.72L15.4,1.54L12,3L8.6,1.54L6.71,4.72L3.1,5.53L3.44,9.21L1,12L3.44,14.78L3.1,18.47L6.71,19.29L8.6,22.47L12,21L15.4,22.46L17.29,19.28L20.9,18.46L20.56,14.78L23,12M10,17L6,13L7.41,11.59L10,14.17L16.59,7.58L18,9L10,17Z\"><\/path><\/svg><\/span><\/div>\n\n\n\n<div class=\"gb-text gb-text-be46a244\">|<\/div>\n\n\n\n<div class=\"gb-text-92f863e7\"><span class=\"gb-shape\"><svg aria-hidden=\"true\" role=\"img\" height=\"1em\" width=\"1em\" viewBox=\"0 0 512 512\" xmlns=\"http:\/\/www.w3.org\/2000\/svg\"><path fill=\"currentColor\" d=\"M256 8C119 8 8 119 8 256s111 248 248 248 248-111 248-248S393 8 256 8zm0 448c-110.5 0-200-89.5-200-200S145.5 56 256 56s200 89.5 200 200-89.5 200-200 200zm61.8-104.4l-84.9-61.7c-3.1-2.3-4.9-5.9-4.9-9.7V116c0-6.6 5.4-12 12-12h32c6.6 0 12 5.4 12 12v141.7l66.8 48.6c5.4 3.9 6.5 11.4 2.6 16.8L334.6 349c-3.9 5.3-11.4 6.5-16.8 2.6z\"><\/path><\/svg><\/span><span class=\"gb-text\">10 de abril de 2026 a las 09:44<\/span><\/div>\n<\/div>\n\n\n\n<p class=\"gb-text gb-text-95c6cd04\">Los arrozales de l&#8217;Albufera no son solo el escenario de la paella. Tambi\u00e9n sostienen un&#8230;..<\/p>\n<\/div>\n<\/div>\n\n<div class=\"gb-loop-item gb-loop-item-b8eeae02 post-34887 post type-post status-publish format-standard has-post-thumbnail hentry category-consumo resize-featured-image\">\n<div class=\"gb-element-22e71c3f\">\n<a href=\"https:\/\/www.ecoticias.com\/hoyeco\/stephen-hawking-cientifico-einstein-se-equivocaba-cuando-decia-que-dios-no-juega-a-los-dados-con-el-universo\/34887\/\"><img loading=\"lazy\" decoding=\"async\" width=\"1800\" height=\"1013\" data-media-id=\"34888\" class=\"gb-media-9b347e18\" alt=\"Stephen Hawking en su silla con sintetizador defendiendo que el universo funciona con leyes de probabilidad.\" src=\"https:\/\/www.ecoticias.com\/hoyeco\/wp-content\/uploads\/2026\/03\/stephen-hawking-einstein-dios-dados-universo.jpg\" srcset=\"https:\/\/www.ecoticias.com\/hoyeco\/wp-content\/uploads\/2026\/03\/stephen-hawking-einstein-dios-dados-universo.jpg 1800w, https:\/\/www.ecoticias.com\/hoyeco\/wp-content\/uploads\/2026\/03\/stephen-hawking-einstein-dios-dados-universo-300x169.jpg 300w, https:\/\/www.ecoticias.com\/hoyeco\/wp-content\/uploads\/2026\/03\/stephen-hawking-einstein-dios-dados-universo-768x432.jpg 768w, https:\/\/www.ecoticias.com\/hoyeco\/wp-content\/uploads\/2026\/03\/stephen-hawking-einstein-dios-dados-universo-1536x864.jpg 1536w, https:\/\/www.ecoticias.com\/hoyeco\/wp-content\/uploads\/2026\/03\/stephen-hawking-einstein-dios-dados-universo-150x84.jpg 150w\" sizes=\"auto, (max-width: 1800px) 100vw, 1800px\" \/><\/a>\n<\/div>\n\n\n\n<div class=\"gb-element-4e2d221f\">\n<h2 class=\"gb-text gb-text-a2328959\"><a href=\"https:\/\/www.ecoticias.com\/hoyeco\/stephen-hawking-cientifico-einstein-se-equivocaba-cuando-decia-que-dios-no-juega-a-los-dados-con-el-universo\/34887\/\">Stephen Hawking, cient\u00edfico: \u00abEinstein se equivocaba cuando dec\u00eda que Dios no juega a los dados con el universo\u00bb<\/a><\/h2>\n\n\n\n<div class=\"gb-element-77a5bb63\">\n<div class=\"gb-text-b2be3ce2\"><span class=\"gb-text\">HoyECO<\/span><span class=\"gb-shape\"><svg viewBox=\"0 0 24 24\"><path d=\"M23,12L20.56,9.22L20.9,5.54L17.29,4.72L15.4,1.54L12,3L8.6,1.54L6.71,4.72L3.1,5.53L3.44,9.21L1,12L3.44,14.78L3.1,18.47L6.71,19.29L8.6,22.47L12,21L15.4,22.46L17.29,19.28L20.9,18.46L20.56,14.78L23,12M10,17L6,13L7.41,11.59L10,14.17L16.59,7.58L18,9L10,17Z\"><\/path><\/svg><\/span><\/div>\n\n\n\n<div class=\"gb-text gb-text-be46a244\">|<\/div>\n\n\n\n<div class=\"gb-text-92f863e7\"><span class=\"gb-shape\"><svg aria-hidden=\"true\" role=\"img\" height=\"1em\" width=\"1em\" viewBox=\"0 0 512 512\" xmlns=\"http:\/\/www.w3.org\/2000\/svg\"><path fill=\"currentColor\" d=\"M256 8C119 8 8 119 8 256s111 248 248 248 248-111 248-248S393 8 256 8zm0 448c-110.5 0-200-89.5-200-200S145.5 56 256 56s200 89.5 200 200-89.5 200-200 200zm61.8-104.4l-84.9-61.7c-3.1-2.3-4.9-5.9-4.9-9.7V116c0-6.6 5.4-12 12-12h32c6.6 0 12 5.4 12 12v141.7l66.8 48.6c5.4 3.9 6.5 11.4 2.6 16.8L334.6 349c-3.9 5.3-11.4 6.5-16.8 2.6z\"><\/path><\/svg><\/span><span class=\"gb-text\">5 de abril de 2026 a las 08:01<\/span><\/div>\n<\/div>\n\n\n\n<p class=\"gb-text gb-text-95c6cd04\">Para mucha gente, Stephen Hawking es sin\u00f3nimo de agujeros negros y del Big Bang. Pero,&#8230;..<\/p>\n<\/div>\n<\/div>\n\n<div class=\"gb-loop-item gb-loop-item-b8eeae02 post-34820 post type-post status-publish format-standard has-post-thumbnail hentry category-consumo resize-featured-image\">\n<div class=\"gb-element-22e71c3f\">\n<a href=\"https:\/\/www.ecoticias.com\/hoyeco\/la-inquietante-receta-alpina-que-mandaba-ahogar-una-vibora-en-vino-y-acabo-convertida-en-un-intruglio-de-tradicion-centenaria\/34820\/\"><img loading=\"lazy\" decoding=\"async\" width=\"1800\" height=\"1013\" data-media-id=\"34821\" class=\"gb-media-9b347e18\" alt=\"Botella con v\u00edbora conservada en vino, antigua receta alpina convertida en brebaje tradicional.\" src=\"https:\/\/www.ecoticias.com\/hoyeco\/wp-content\/uploads\/2026\/03\/vibora-en-vino-receta-alpina-botella-serpiente.jpg\" srcset=\"https:\/\/www.ecoticias.com\/hoyeco\/wp-content\/uploads\/2026\/03\/vibora-en-vino-receta-alpina-botella-serpiente.jpg 1800w, https:\/\/www.ecoticias.com\/hoyeco\/wp-content\/uploads\/2026\/03\/vibora-en-vino-receta-alpina-botella-serpiente-300x169.jpg 300w, https:\/\/www.ecoticias.com\/hoyeco\/wp-content\/uploads\/2026\/03\/vibora-en-vino-receta-alpina-botella-serpiente-768x432.jpg 768w, https:\/\/www.ecoticias.com\/hoyeco\/wp-content\/uploads\/2026\/03\/vibora-en-vino-receta-alpina-botella-serpiente-1536x864.jpg 1536w, https:\/\/www.ecoticias.com\/hoyeco\/wp-content\/uploads\/2026\/03\/vibora-en-vino-receta-alpina-botella-serpiente-150x84.jpg 150w\" sizes=\"auto, (max-width: 1800px) 100vw, 1800px\" \/><\/a>\n<\/div>\n\n\n\n<div class=\"gb-element-4e2d221f\">\n<h2 class=\"gb-text gb-text-a2328959\"><a href=\"https:\/\/www.ecoticias.com\/hoyeco\/la-inquietante-receta-alpina-que-mandaba-ahogar-una-vibora-en-vino-y-acabo-convertida-en-un-intruglio-de-tradicion-centenaria\/34820\/\">La inquietante receta alpina que mandaba ahogar una v\u00edbora en vino y acab\u00f3 convertida en un intruglio de tradici\u00f3n centenaria<\/a><\/h2>\n\n\n\n<div class=\"gb-element-77a5bb63\">\n<div class=\"gb-text-b2be3ce2\"><span class=\"gb-text\">Javier F.<\/span><span class=\"gb-shape\"><svg viewBox=\"0 0 24 24\"><path d=\"M23,12L20.56,9.22L20.9,5.54L17.29,4.72L15.4,1.54L12,3L8.6,1.54L6.71,4.72L3.1,5.53L3.44,9.21L1,12L3.44,14.78L3.1,18.47L6.71,19.29L8.6,22.47L12,21L15.4,22.46L17.29,19.28L20.9,18.46L20.56,14.78L23,12M10,17L6,13L7.41,11.59L10,14.17L16.59,7.58L18,9L10,17Z\"><\/path><\/svg><\/span><\/div>\n\n\n\n<div class=\"gb-text gb-text-be46a244\">|<\/div>\n\n\n\n<div class=\"gb-text-92f863e7\"><span class=\"gb-shape\"><svg aria-hidden=\"true\" role=\"img\" height=\"1em\" width=\"1em\" viewBox=\"0 0 512 512\" xmlns=\"http:\/\/www.w3.org\/2000\/svg\"><path fill=\"currentColor\" d=\"M256 8C119 8 8 119 8 256s111 248 248 248 248-111 248-248S393 8 256 8zm0 448c-110.5 0-200-89.5-200-200S145.5 56 256 56s200 89.5 200 200-89.5 200-200 200zm61.8-104.4l-84.9-61.7c-3.1-2.3-4.9-5.9-4.9-9.7V116c0-6.6 5.4-12 12-12h32c6.6 0 12 5.4 12 12v141.7l66.8 48.6c5.4 3.9 6.5 11.4 2.6 16.8L334.6 349c-3.9 5.3-11.4 6.5-16.8 2.6z\"><\/path><\/svg><\/span><span class=\"gb-text\">2 de abril de 2026 a las 12:28<\/span><\/div>\n<\/div>\n\n\n\n<p class=\"gb-text gb-text-95c6cd04\">En una estanter\u00eda de madera, entre botellas de hierbas, a veces aparece una que rompe&#8230;..<\/p>\n<\/div>\n<\/div>\n\n<div class=\"gb-loop-item gb-loop-item-b8eeae02 post-34715 post type-post status-publish format-standard has-post-thumbnail hentry category-consumo resize-featured-image\">\n<div class=\"gb-element-22e71c3f\">\n<a href=\"https:\/\/www.ecoticias.com\/hoyeco\/por-que-algunos-conductores-estan-guardando-sus-llaves-en-papel-de-aluminio-la-ciencia-lo-avala\/34715\/\"><img loading=\"lazy\" decoding=\"async\" width=\"1800\" height=\"1013\" data-media-id=\"34716\" class=\"gb-media-9b347e18\" alt=\"Llave de coche keyless utilizada en sistemas sin llave vulnerables a robos por ataque de retransmisi\u00f3n.\" src=\"https:\/\/www.ecoticias.com\/hoyeco\/wp-content\/uploads\/2026\/03\/llave-coche-keyless-papel-aluminio-robo.jpg\" srcset=\"https:\/\/www.ecoticias.com\/hoyeco\/wp-content\/uploads\/2026\/03\/llave-coche-keyless-papel-aluminio-robo.jpg 1800w, https:\/\/www.ecoticias.com\/hoyeco\/wp-content\/uploads\/2026\/03\/llave-coche-keyless-papel-aluminio-robo-300x169.jpg 300w, https:\/\/www.ecoticias.com\/hoyeco\/wp-content\/uploads\/2026\/03\/llave-coche-keyless-papel-aluminio-robo-768x432.jpg 768w, https:\/\/www.ecoticias.com\/hoyeco\/wp-content\/uploads\/2026\/03\/llave-coche-keyless-papel-aluminio-robo-1536x864.jpg 1536w, https:\/\/www.ecoticias.com\/hoyeco\/wp-content\/uploads\/2026\/03\/llave-coche-keyless-papel-aluminio-robo-150x84.jpg 150w\" sizes=\"auto, (max-width: 1800px) 100vw, 1800px\" \/><\/a>\n<\/div>\n\n\n\n<div class=\"gb-element-4e2d221f\">\n<h2 class=\"gb-text gb-text-a2328959\"><a href=\"https:\/\/www.ecoticias.com\/hoyeco\/por-que-algunos-conductores-estan-guardando-sus-llaves-en-papel-de-aluminio-la-ciencia-lo-avala\/34715\/\">Por qu\u00e9 algunos conductores est\u00e1n guardando sus llaves en papel de aluminio: la ciencia lo avala<\/a><\/h2>\n\n\n\n<div class=\"gb-element-77a5bb63\">\n<div class=\"gb-text-b2be3ce2\"><span class=\"gb-text\">Javier F.<\/span><span class=\"gb-shape\"><svg viewBox=\"0 0 24 24\"><path d=\"M23,12L20.56,9.22L20.9,5.54L17.29,4.72L15.4,1.54L12,3L8.6,1.54L6.71,4.72L3.1,5.53L3.44,9.21L1,12L3.44,14.78L3.1,18.47L6.71,19.29L8.6,22.47L12,21L15.4,22.46L17.29,19.28L20.9,18.46L20.56,14.78L23,12M10,17L6,13L7.41,11.59L10,14.17L16.59,7.58L18,9L10,17Z\"><\/path><\/svg><\/span><\/div>\n\n\n\n<div class=\"gb-text gb-text-be46a244\">|<\/div>\n\n\n\n<div class=\"gb-text-92f863e7\"><span class=\"gb-shape\"><svg aria-hidden=\"true\" role=\"img\" height=\"1em\" width=\"1em\" viewBox=\"0 0 512 512\" xmlns=\"http:\/\/www.w3.org\/2000\/svg\"><path fill=\"currentColor\" d=\"M256 8C119 8 8 119 8 256s111 248 248 248 248-111 248-248S393 8 256 8zm0 448c-110.5 0-200-89.5-200-200S145.5 56 256 56s200 89.5 200 200-89.5 200-200 200zm61.8-104.4l-84.9-61.7c-3.1-2.3-4.9-5.9-4.9-9.7V116c0-6.6 5.4-12 12-12h32c6.6 0 12 5.4 12 12v141.7l66.8 48.6c5.4 3.9 6.5 11.4 2.6 16.8L334.6 349c-3.9 5.3-11.4 6.5-16.8 2.6z\"><\/path><\/svg><\/span><span class=\"gb-text\">29 de marzo de 2026 a las 15:41<\/span><\/div>\n<\/div>\n\n\n\n<p class=\"gb-text gb-text-95c6cd04\">Bajas al garaje, pulsas el bot\u00f3n de siempre y no pasa nada. La plaza est\u00e1&#8230;..<\/p>\n<\/div>\n<\/div>\n\n<div class=\"gb-loop-item gb-loop-item-b8eeae02 post-34664 post type-post status-publish format-standard has-post-thumbnail hentry category-consumo resize-featured-image\">\n<div class=\"gb-element-22e71c3f\">\n<a href=\"https:\/\/www.ecoticias.com\/hoyeco\/la-psicologia-lo-avala-las-personas-que-siempre-caminan-muy-rapido-suelen-presentar-signos-de-anticipacion-mental-y-baja-tolerancia-a-la-espera\/34664\/\"><img loading=\"lazy\" decoding=\"async\" width=\"1800\" height=\"1013\" data-media-id=\"34665\" class=\"gb-media-9b347e18\" alt=\"Mujer caminando r\u00e1pido por un paso de cebra en ciudad, asociada a anticipaci\u00f3n mental seg\u00fan la psicolog\u00eda.\" src=\"https:\/\/www.ecoticias.com\/hoyeco\/wp-content\/uploads\/2026\/03\/personas-caminan-rapido-psicologia-mente-acelerada.jpg\" srcset=\"https:\/\/www.ecoticias.com\/hoyeco\/wp-content\/uploads\/2026\/03\/personas-caminan-rapido-psicologia-mente-acelerada.jpg 1800w, https:\/\/www.ecoticias.com\/hoyeco\/wp-content\/uploads\/2026\/03\/personas-caminan-rapido-psicologia-mente-acelerada-300x169.jpg 300w, https:\/\/www.ecoticias.com\/hoyeco\/wp-content\/uploads\/2026\/03\/personas-caminan-rapido-psicologia-mente-acelerada-768x432.jpg 768w, https:\/\/www.ecoticias.com\/hoyeco\/wp-content\/uploads\/2026\/03\/personas-caminan-rapido-psicologia-mente-acelerada-1536x864.jpg 1536w, https:\/\/www.ecoticias.com\/hoyeco\/wp-content\/uploads\/2026\/03\/personas-caminan-rapido-psicologia-mente-acelerada-150x84.jpg 150w\" sizes=\"auto, (max-width: 1800px) 100vw, 1800px\" \/><\/a>\n<\/div>\n\n\n\n<div class=\"gb-element-4e2d221f\">\n<h2 class=\"gb-text gb-text-a2328959\"><a href=\"https:\/\/www.ecoticias.com\/hoyeco\/la-psicologia-lo-avala-las-personas-que-siempre-caminan-muy-rapido-suelen-presentar-signos-de-anticipacion-mental-y-baja-tolerancia-a-la-espera\/34664\/\">La psicolog\u00eda lo avala: las personas que siempre caminan muy r\u00e1pido suelen presentar signos de anticipaci\u00f3n mental y baja tolerancia a la espera<\/a><\/h2>\n\n\n\n<div class=\"gb-element-77a5bb63\">\n<div class=\"gb-text-b2be3ce2\"><span class=\"gb-text\">Adrian Villellas<\/span><span class=\"gb-shape\"><svg viewBox=\"0 0 24 24\"><path d=\"M23,12L20.56,9.22L20.9,5.54L17.29,4.72L15.4,1.54L12,3L8.6,1.54L6.71,4.72L3.1,5.53L3.44,9.21L1,12L3.44,14.78L3.1,18.47L6.71,19.29L8.6,22.47L12,21L15.4,22.46L17.29,19.28L20.9,18.46L20.56,14.78L23,12M10,17L6,13L7.41,11.59L10,14.17L16.59,7.58L18,9L10,17Z\"><\/path><\/svg><\/span><\/div>\n\n\n\n<div class=\"gb-text gb-text-be46a244\">|<\/div>\n\n\n\n<div class=\"gb-text-92f863e7\"><span class=\"gb-shape\"><svg aria-hidden=\"true\" role=\"img\" height=\"1em\" width=\"1em\" viewBox=\"0 0 512 512\" xmlns=\"http:\/\/www.w3.org\/2000\/svg\"><path fill=\"currentColor\" d=\"M256 8C119 8 8 119 8 256s111 248 248 248 248-111 248-248S393 8 256 8zm0 448c-110.5 0-200-89.5-200-200S145.5 56 256 56s200 89.5 200 200-89.5 200-200 200zm61.8-104.4l-84.9-61.7c-3.1-2.3-4.9-5.9-4.9-9.7V116c0-6.6 5.4-12 12-12h32c6.6 0 12 5.4 12 12v141.7l66.8 48.6c5.4 3.9 6.5 11.4 2.6 16.8L334.6 349c-3.9 5.3-11.4 6.5-16.8 2.6z\"><\/path><\/svg><\/span><span class=\"gb-text\">27 de marzo de 2026 a las 18:31<\/span><\/div>\n<\/div>\n\n\n\n<p class=\"gb-text gb-text-95c6cd04\">\u00bfEres de los que adelanta a medio barrio en la acera, como si el sem\u00e1foro&#8230;..<\/p>\n<\/div>\n<\/div>\n\n<div class=\"gb-loop-item gb-loop-item-b8eeae02 post-34598 post type-post status-publish format-standard has-post-thumbnail hentry category-consumo resize-featured-image\">\n<div class=\"gb-element-22e71c3f\">\n<a href=\"https:\/\/www.ecoticias.com\/hoyeco\/los-botanicos-y-biologos-coinciden-para-que-las-hojas-de-tu-potus-crezcan-fuertes-y-sean-resistentes-debes-podar-sus-ramas-de-vez-en-cuando\/34598\/\"><img loading=\"lazy\" decoding=\"async\" width=\"1800\" height=\"1013\" data-media-id=\"34599\" class=\"gb-media-9b347e18\" alt=\"Planta potus en maceta con hojas verdes y tallos largos en interior.\" src=\"https:\/\/www.ecoticias.com\/hoyeco\/wp-content\/uploads\/2026\/03\/potus-poda-hojas-fuertes-cuidados-plantas-interior.jpg\" srcset=\"https:\/\/www.ecoticias.com\/hoyeco\/wp-content\/uploads\/2026\/03\/potus-poda-hojas-fuertes-cuidados-plantas-interior.jpg 1800w, https:\/\/www.ecoticias.com\/hoyeco\/wp-content\/uploads\/2026\/03\/potus-poda-hojas-fuertes-cuidados-plantas-interior-300x169.jpg 300w, https:\/\/www.ecoticias.com\/hoyeco\/wp-content\/uploads\/2026\/03\/potus-poda-hojas-fuertes-cuidados-plantas-interior-768x432.jpg 768w, https:\/\/www.ecoticias.com\/hoyeco\/wp-content\/uploads\/2026\/03\/potus-poda-hojas-fuertes-cuidados-plantas-interior-1536x864.jpg 1536w, https:\/\/www.ecoticias.com\/hoyeco\/wp-content\/uploads\/2026\/03\/potus-poda-hojas-fuertes-cuidados-plantas-interior-150x84.jpg 150w\" sizes=\"auto, (max-width: 1800px) 100vw, 1800px\" \/><\/a>\n<\/div>\n\n\n\n<div class=\"gb-element-4e2d221f\">\n<h2 class=\"gb-text gb-text-a2328959\"><a href=\"https:\/\/www.ecoticias.com\/hoyeco\/los-botanicos-y-biologos-coinciden-para-que-las-hojas-de-tu-potus-crezcan-fuertes-y-sean-resistentes-debes-podar-sus-ramas-de-vez-en-cuando\/34598\/\">Los bot\u00e1nicos y bi\u00f3logos coinciden: para que las hojas de tu potus crezcan fuertes y sean resistentes debes podar sus ramas de vez en cuando<\/a><\/h2>\n\n\n\n<div class=\"gb-element-77a5bb63\">\n<div class=\"gb-text-b2be3ce2\"><span class=\"gb-text\">Javier F.<\/span><span class=\"gb-shape\"><svg viewBox=\"0 0 24 24\"><path d=\"M23,12L20.56,9.22L20.9,5.54L17.29,4.72L15.4,1.54L12,3L8.6,1.54L6.71,4.72L3.1,5.53L3.44,9.21L1,12L3.44,14.78L3.1,18.47L6.71,19.29L8.6,22.47L12,21L15.4,22.46L17.29,19.28L20.9,18.46L20.56,14.78L23,12M10,17L6,13L7.41,11.59L10,14.17L16.59,7.58L18,9L10,17Z\"><\/path><\/svg><\/span><\/div>\n\n\n\n<div class=\"gb-text gb-text-be46a244\">|<\/div>\n\n\n\n<div class=\"gb-text-92f863e7\"><span class=\"gb-shape\"><svg aria-hidden=\"true\" role=\"img\" height=\"1em\" width=\"1em\" viewBox=\"0 0 512 512\" xmlns=\"http:\/\/www.w3.org\/2000\/svg\"><path fill=\"currentColor\" d=\"M256 8C119 8 8 119 8 256s111 248 248 248 248-111 248-248S393 8 256 8zm0 448c-110.5 0-200-89.5-200-200S145.5 56 256 56s200 89.5 200 200-89.5 200-200 200zm61.8-104.4l-84.9-61.7c-3.1-2.3-4.9-5.9-4.9-9.7V116c0-6.6 5.4-12 12-12h32c6.6 0 12 5.4 12 12v141.7l66.8 48.6c5.4 3.9 6.5 11.4 2.6 16.8L334.6 349c-3.9 5.3-11.4 6.5-16.8 2.6z\"><\/path><\/svg><\/span><span class=\"gb-text\">25 de marzo de 2026 a las 08:01<\/span><\/div>\n<\/div>\n\n\n\n<p class=\"gb-text gb-text-95c6cd04\">Hay plantas que casi siempre acaban encontrando un hueco en casa. El potus es una&#8230;..<\/p>\n<\/div>\n<\/div>\n\n<div class=\"gb-loop-item gb-loop-item-b8eeae02 post-34501 post type-post status-publish format-standard has-post-thumbnail hentry category-consumo resize-featured-image\">\n<div class=\"gb-element-22e71c3f\">\n<a href=\"https:\/\/www.ecoticias.com\/hoyeco\/si-tu-ficus-tiene-las-hojas-amarillas-y-arrugadas-no-lo-ignores-pero-actua-rapido-es-senal-de-que-algo-va-mal-pero-todavia-estas-a-tiempo-de-arreglarlo\/34501\/\"><img loading=\"lazy\" decoding=\"async\" width=\"1800\" height=\"1013\" data-media-id=\"34503\" class=\"gb-media-9b347e18\" alt=\"Ficus en maceta con hojas verdes y algunas amarillas en interior con luz natural.\" src=\"https:\/\/www.ecoticias.com\/hoyeco\/wp-content\/uploads\/2026\/03\/ficus-hojas-amarillas-arrugadas-solucion-riego-luz.jpg\" srcset=\"https:\/\/www.ecoticias.com\/hoyeco\/wp-content\/uploads\/2026\/03\/ficus-hojas-amarillas-arrugadas-solucion-riego-luz.jpg 1800w, https:\/\/www.ecoticias.com\/hoyeco\/wp-content\/uploads\/2026\/03\/ficus-hojas-amarillas-arrugadas-solucion-riego-luz-300x169.jpg 300w, https:\/\/www.ecoticias.com\/hoyeco\/wp-content\/uploads\/2026\/03\/ficus-hojas-amarillas-arrugadas-solucion-riego-luz-768x432.jpg 768w, https:\/\/www.ecoticias.com\/hoyeco\/wp-content\/uploads\/2026\/03\/ficus-hojas-amarillas-arrugadas-solucion-riego-luz-1536x864.jpg 1536w, https:\/\/www.ecoticias.com\/hoyeco\/wp-content\/uploads\/2026\/03\/ficus-hojas-amarillas-arrugadas-solucion-riego-luz-150x84.jpg 150w\" sizes=\"auto, (max-width: 1800px) 100vw, 1800px\" \/><\/a>\n<\/div>\n\n\n\n<div class=\"gb-element-4e2d221f\">\n<h2 class=\"gb-text gb-text-a2328959\"><a href=\"https:\/\/www.ecoticias.com\/hoyeco\/si-tu-ficus-tiene-las-hojas-amarillas-y-arrugadas-no-lo-ignores-pero-actua-rapido-es-senal-de-que-algo-va-mal-pero-todavia-estas-a-tiempo-de-arreglarlo\/34501\/\">Si tu ficus tiene las hojas amarillas y arrugadas no lo ignores pero act\u00faa r\u00e1pido: es se\u00f1al de que algo va mal pero todav\u00eda est\u00e1s a tiempo de arreglarlo<\/a><\/h2>\n\n\n\n<div class=\"gb-element-77a5bb63\">\n<div class=\"gb-text-b2be3ce2\"><span class=\"gb-text\">Javier F.<\/span><span class=\"gb-shape\"><svg viewBox=\"0 0 24 24\"><path d=\"M23,12L20.56,9.22L20.9,5.54L17.29,4.72L15.4,1.54L12,3L8.6,1.54L6.71,4.72L3.1,5.53L3.44,9.21L1,12L3.44,14.78L3.1,18.47L6.71,19.29L8.6,22.47L12,21L15.4,22.46L17.29,19.28L20.9,18.46L20.56,14.78L23,12M10,17L6,13L7.41,11.59L10,14.17L16.59,7.58L18,9L10,17Z\"><\/path><\/svg><\/span><\/div>\n\n\n\n<div class=\"gb-text gb-text-be46a244\">|<\/div>\n\n\n\n<div class=\"gb-text-92f863e7\"><span class=\"gb-shape\"><svg aria-hidden=\"true\" role=\"img\" height=\"1em\" width=\"1em\" viewBox=\"0 0 512 512\" xmlns=\"http:\/\/www.w3.org\/2000\/svg\"><path fill=\"currentColor\" d=\"M256 8C119 8 8 119 8 256s111 248 248 248 248-111 248-248S393 8 256 8zm0 448c-110.5 0-200-89.5-200-200S145.5 56 256 56s200 89.5 200 200-89.5 200-200 200zm61.8-104.4l-84.9-61.7c-3.1-2.3-4.9-5.9-4.9-9.7V116c0-6.6 5.4-12 12-12h32c6.6 0 12 5.4 12 12v141.7l66.8 48.6c5.4 3.9 6.5 11.4 2.6 16.8L334.6 349c-3.9 5.3-11.4 6.5-16.8 2.6z\"><\/path><\/svg><\/span><span class=\"gb-text\">23 de marzo de 2026 a las 09:42<\/span><\/div>\n<\/div>\n\n\n\n<p class=\"gb-text gb-text-95c6cd04\">El ficus suele avisar antes de venirse abajo. Si empieza a sacar hojas amarillas, casi&#8230;..<\/p>\n<\/div>\n<\/div>\n<\/div><\/div>\n<\/div>\n\n\n\n<div class=\"gb-element-bbe99a07\">\n<div class=\"gb-element-82b6e9ef\">\n<div class=\"gb-element-ac1114a1\">\n<h2 class=\"gb-text gb-text-8f4e010f\">Ciencia<\/h2>\n<\/div>\n\n\n\n<div><div class=\"gb-looper-9dabd62d\">\n<div class=\"gb-loop-item gb-loop-item-636a6f38 post-35577 post type-post status-publish format-standard has-post-thumbnail hentry category-ciencia resize-featured-image\">\n<div class=\"gb-element-8487f0b6\">\n<a href=\"https:\/\/www.ecoticias.com\/hoyeco\/cientificos-desarrollan-un-iman-700-000-veces-mas-potente-que-el-campo-de-la-tierra-capaz-de-mantenerse-activo-mas-de-200-horas\/35577\/\"><img loading=\"lazy\" decoding=\"async\" width=\"1800\" height=\"1013\" data-media-id=\"35578\" class=\"gb-media-2e2b60a5\" alt=\"Im\u00e1n superconductor de 35,6 teslas desarrollado en China en la instalaci\u00f3n SECUF en Pek\u00edn.\" src=\"https:\/\/www.ecoticias.com\/hoyeco\/wp-content\/uploads\/2026\/04\/iman-superconductor-35-6-teslas-china-record.jpg\" srcset=\"https:\/\/www.ecoticias.com\/hoyeco\/wp-content\/uploads\/2026\/04\/iman-superconductor-35-6-teslas-china-record.jpg 1800w, https:\/\/www.ecoticias.com\/hoyeco\/wp-content\/uploads\/2026\/04\/iman-superconductor-35-6-teslas-china-record-300x169.jpg 300w, https:\/\/www.ecoticias.com\/hoyeco\/wp-content\/uploads\/2026\/04\/iman-superconductor-35-6-teslas-china-record-768x432.jpg 768w, https:\/\/www.ecoticias.com\/hoyeco\/wp-content\/uploads\/2026\/04\/iman-superconductor-35-6-teslas-china-record-1536x864.jpg 1536w, https:\/\/www.ecoticias.com\/hoyeco\/wp-content\/uploads\/2026\/04\/iman-superconductor-35-6-teslas-china-record-150x84.jpg 150w\" sizes=\"auto, (max-width: 1800px) 100vw, 1800px\" \/><\/a>\n<\/div>\n\n\n\n<div class=\"gb-element-c39041a7\">\n<h2 class=\"gb-text gb-text-8438f5d0\"><a href=\"https:\/\/www.ecoticias.com\/hoyeco\/cientificos-desarrollan-un-iman-700-000-veces-mas-potente-que-el-campo-de-la-tierra-capaz-de-mantenerse-activo-mas-de-200-horas\/35577\/\">Cient\u00edficos desarrollan un im\u00e1n 700.000 veces m\u00e1s potente que el campo de la Tierra capaz de mantenerse activo m\u00e1s de 200 horas<\/a><\/h2>\n\n\n\n<div class=\"gb-element-9e1089be\">\n<div class=\"gb-text-ea2e5eaa\"><span class=\"gb-text\">HoyECO<\/span><span class=\"gb-shape\"><svg viewBox=\"0 0 24 24\"><path d=\"M23,12L20.56,9.22L20.9,5.54L17.29,4.72L15.4,1.54L12,3L8.6,1.54L6.71,4.72L3.1,5.53L3.44,9.21L1,12L3.44,14.78L3.1,18.47L6.71,19.29L8.6,22.47L12,21L15.4,22.46L17.29,19.28L20.9,18.46L20.56,14.78L23,12M10,17L6,13L7.41,11.59L10,14.17L16.59,7.58L18,9L10,17Z\"><\/path><\/svg><\/span><\/div>\n\n\n\n<div class=\"gb-text gb-text-a6acb7ef\">|<\/div>\n\n\n\n<div class=\"gb-text-56d330ba\"><span class=\"gb-shape\"><svg aria-hidden=\"true\" role=\"img\" height=\"1em\" width=\"1em\" viewBox=\"0 0 512 512\" xmlns=\"http:\/\/www.w3.org\/2000\/svg\"><path fill=\"currentColor\" d=\"M256 8C119 8 8 119 8 256s111 248 248 248 248-111 248-248S393 8 256 8zm0 448c-110.5 0-200-89.5-200-200S145.5 56 256 56s200 89.5 200 200-89.5 200-200 200zm61.8-104.4l-84.9-61.7c-3.1-2.3-4.9-5.9-4.9-9.7V116c0-6.6 5.4-12 12-12h32c6.6 0 12 5.4 12 12v141.7l66.8 48.6c5.4 3.9 6.5 11.4 2.6 16.8L334.6 349c-3.9 5.3-11.4 6.5-16.8 2.6z\"><\/path><\/svg><\/span><span class=\"gb-text\">2 de mayo de 2026 a las 12:46<\/span><\/div>\n<\/div>\n\n\n\n<p class=\"gb-text gb-text-623e279a\">En enero de 2026, la Academia China de Ciencias anunci\u00f3 un \u201cuser magnet\u201d totalmente superconductor&#8230;..<\/p>\n<\/div>\n<\/div>\n\n<div class=\"gb-loop-item gb-loop-item-636a6f38 post-35567 post type-post status-publish format-standard has-post-thumbnail hentry category-ciencia resize-featured-image\">\n<div class=\"gb-element-8487f0b6\">\n<a href=\"https:\/\/www.ecoticias.com\/hoyeco\/cientificos-tienen-la-prueba-de-que-hace-100-millones-de-anos-existieron-pulpos-de-18-metros-y-reescribe-la-historia-que-conociamos-hasta-ahora\/35567\/\"><img loading=\"lazy\" decoding=\"async\" width=\"1800\" height=\"1013\" data-media-id=\"35568\" class=\"gb-media-2e2b60a5\" alt=\"Recreaci\u00f3n realista de un pulpo gigante del Cret\u00e1cico nadando en el oc\u00e9ano hace 100 millones de a\u00f1os.\" src=\"https:\/\/www.ecoticias.com\/hoyeco\/wp-content\/uploads\/2026\/04\/kraken-cretacico-pulpo-gigante-fosil.jpg\" srcset=\"https:\/\/www.ecoticias.com\/hoyeco\/wp-content\/uploads\/2026\/04\/kraken-cretacico-pulpo-gigante-fosil.jpg 1800w, https:\/\/www.ecoticias.com\/hoyeco\/wp-content\/uploads\/2026\/04\/kraken-cretacico-pulpo-gigante-fosil-300x169.jpg 300w, https:\/\/www.ecoticias.com\/hoyeco\/wp-content\/uploads\/2026\/04\/kraken-cretacico-pulpo-gigante-fosil-768x432.jpg 768w, https:\/\/www.ecoticias.com\/hoyeco\/wp-content\/uploads\/2026\/04\/kraken-cretacico-pulpo-gigante-fosil-1536x864.jpg 1536w, https:\/\/www.ecoticias.com\/hoyeco\/wp-content\/uploads\/2026\/04\/kraken-cretacico-pulpo-gigante-fosil-150x84.jpg 150w\" sizes=\"auto, (max-width: 1800px) 100vw, 1800px\" \/><\/a>\n<\/div>\n\n\n\n<div class=\"gb-element-c39041a7\">\n<h2 class=\"gb-text gb-text-8438f5d0\"><a href=\"https:\/\/www.ecoticias.com\/hoyeco\/cientificos-tienen-la-prueba-de-que-hace-100-millones-de-anos-existieron-pulpos-de-18-metros-y-reescribe-la-historia-que-conociamos-hasta-ahora\/35567\/\">Cient\u00edficos tienen la prueba de que hace 100 millones de a\u00f1os existieron pulpos de 18 metros y reescribe la historia que conoc\u00edamos hasta ahora<\/a><\/h2>\n\n\n\n<div class=\"gb-element-9e1089be\">\n<div class=\"gb-text-ea2e5eaa\"><span class=\"gb-text\">Adrian Villellas<\/span><span class=\"gb-shape\"><svg viewBox=\"0 0 24 24\"><path d=\"M23,12L20.56,9.22L20.9,5.54L17.29,4.72L15.4,1.54L12,3L8.6,1.54L6.71,4.72L3.1,5.53L3.44,9.21L1,12L3.44,14.78L3.1,18.47L6.71,19.29L8.6,22.47L12,21L15.4,22.46L17.29,19.28L20.9,18.46L20.56,14.78L23,12M10,17L6,13L7.41,11.59L10,14.17L16.59,7.58L18,9L10,17Z\"><\/path><\/svg><\/span><\/div>\n\n\n\n<div class=\"gb-text gb-text-a6acb7ef\">|<\/div>\n\n\n\n<div class=\"gb-text-56d330ba\"><span class=\"gb-shape\"><svg aria-hidden=\"true\" role=\"img\" height=\"1em\" width=\"1em\" viewBox=\"0 0 512 512\" xmlns=\"http:\/\/www.w3.org\/2000\/svg\"><path fill=\"currentColor\" d=\"M256 8C119 8 8 119 8 256s111 248 248 248 248-111 248-248S393 8 256 8zm0 448c-110.5 0-200-89.5-200-200S145.5 56 256 56s200 89.5 200 200-89.5 200-200 200zm61.8-104.4l-84.9-61.7c-3.1-2.3-4.9-5.9-4.9-9.7V116c0-6.6 5.4-12 12-12h32c6.6 0 12 5.4 12 12v141.7l66.8 48.6c5.4 3.9 6.5 11.4 2.6 16.8L334.6 349c-3.9 5.3-11.4 6.5-16.8 2.6z\"><\/path><\/svg><\/span><span class=\"gb-text\">1 de mayo de 2026 a las 23:34<\/span><\/div>\n<\/div>\n\n\n\n<p class=\"gb-text gb-text-623e279a\">Durante siglos, el kraken fue poco m\u00e1s que un monstruo de historias marineras, un tent\u00e1culo&#8230;..<\/p>\n<\/div>\n<\/div>\n\n<div class=\"gb-loop-item gb-loop-item-636a6f38 post-35531 post type-post status-publish format-standard has-post-thumbnail hentry category-ciencia resize-featured-image\">\n<div class=\"gb-element-8487f0b6\">\n<a href=\"https:\/\/www.ecoticias.com\/hoyeco\/geologos-detectan-que-los-cimientos-de-estados-unidos-se-estan-hundiendo-en-el-manto-terrestre-en-un-proceso-inedito-que-esta-derritiendo-el-continente-hacia-el-nucleo-de-la-tierra\/35531\/\"><img loading=\"lazy\" decoding=\"async\" width=\"1800\" height=\"1013\" data-media-id=\"35532\" class=\"gb-media-2e2b60a5\" alt=\"Ilustraci\u00f3n del crat\u00f3n de Estados Unidos hundi\u00e9ndose en el manto terrestre con formaciones rocosas descendiendo a gran profundidad.\" src=\"https:\/\/www.ecoticias.com\/hoyeco\/wp-content\/uploads\/2026\/04\/estados-unidos-cimientos-hundiendose-manto-tierra.jpg\" srcset=\"https:\/\/www.ecoticias.com\/hoyeco\/wp-content\/uploads\/2026\/04\/estados-unidos-cimientos-hundiendose-manto-tierra.jpg 1800w, https:\/\/www.ecoticias.com\/hoyeco\/wp-content\/uploads\/2026\/04\/estados-unidos-cimientos-hundiendose-manto-tierra-300x169.jpg 300w, https:\/\/www.ecoticias.com\/hoyeco\/wp-content\/uploads\/2026\/04\/estados-unidos-cimientos-hundiendose-manto-tierra-768x432.jpg 768w, https:\/\/www.ecoticias.com\/hoyeco\/wp-content\/uploads\/2026\/04\/estados-unidos-cimientos-hundiendose-manto-tierra-1536x864.jpg 1536w, https:\/\/www.ecoticias.com\/hoyeco\/wp-content\/uploads\/2026\/04\/estados-unidos-cimientos-hundiendose-manto-tierra-150x84.jpg 150w\" sizes=\"auto, (max-width: 1800px) 100vw, 1800px\" \/><\/a>\n<\/div>\n\n\n\n<div class=\"gb-element-c39041a7\">\n<h2 class=\"gb-text gb-text-8438f5d0\"><a href=\"https:\/\/www.ecoticias.com\/hoyeco\/geologos-detectan-que-los-cimientos-de-estados-unidos-se-estan-hundiendo-en-el-manto-terrestre-en-un-proceso-inedito-que-esta-derritiendo-el-continente-hacia-el-nucleo-de-la-tierra\/35531\/\">Ge\u00f3logos detectan que los cimientos de Estados Unidos se est\u00e1n hundiendo en el manto terrestre en un proceso in\u00e9dito que est\u00e1 \u00abderritiendo\u00bb el continente hacia el n\u00facleo de la Tierra<\/a><\/h2>\n\n\n\n<div class=\"gb-element-9e1089be\">\n<div class=\"gb-text-ea2e5eaa\"><span class=\"gb-text\">Javier F.<\/span><span class=\"gb-shape\"><svg viewBox=\"0 0 24 24\"><path d=\"M23,12L20.56,9.22L20.9,5.54L17.29,4.72L15.4,1.54L12,3L8.6,1.54L6.71,4.72L3.1,5.53L3.44,9.21L1,12L3.44,14.78L3.1,18.47L6.71,19.29L8.6,22.47L12,21L15.4,22.46L17.29,19.28L20.9,18.46L20.56,14.78L23,12M10,17L6,13L7.41,11.59L10,14.17L16.59,7.58L18,9L10,17Z\"><\/path><\/svg><\/span><\/div>\n\n\n\n<div class=\"gb-text gb-text-a6acb7ef\">|<\/div>\n\n\n\n<div class=\"gb-text-56d330ba\"><span class=\"gb-shape\"><svg aria-hidden=\"true\" role=\"img\" height=\"1em\" width=\"1em\" viewBox=\"0 0 512 512\" xmlns=\"http:\/\/www.w3.org\/2000\/svg\"><path fill=\"currentColor\" d=\"M256 8C119 8 8 119 8 256s111 248 248 248 248-111 248-248S393 8 256 8zm0 448c-110.5 0-200-89.5-200-200S145.5 56 256 56s200 89.5 200 200-89.5 200-200 200zm61.8-104.4l-84.9-61.7c-3.1-2.3-4.9-5.9-4.9-9.7V116c0-6.6 5.4-12 12-12h32c6.6 0 12 5.4 12 12v141.7l66.8 48.6c5.4 3.9 6.5 11.4 2.6 16.8L334.6 349c-3.9 5.3-11.4 6.5-16.8 2.6z\"><\/path><\/svg><\/span><span class=\"gb-text\">30 de abril de 2026 a las 15:31<\/span><\/div>\n<\/div>\n\n\n\n<p class=\"gb-text gb-text-623e279a\">Bajo la aparente quietud del Medio Oeste de Estados Unidos, la Tierra est\u00e1 haciendo algo&#8230;..<\/p>\n<\/div>\n<\/div>\n\n<div class=\"gb-loop-item gb-loop-item-636a6f38 post-35528 post type-post status-publish format-standard has-post-thumbnail hentry category-ciencia resize-featured-image\">\n<div class=\"gb-element-8487f0b6\">\n<a href=\"https:\/\/www.ecoticias.com\/hoyeco\/en-2015-un-grupo-de-chimpances-empezo-a-separarse-del-grupo-y-ahora-ha-estallado-una-guerra-civil-entre-clanes-un-fenomeno-que-ocurre-cada-500-anos\/35528\/\"><img loading=\"lazy\" decoding=\"async\" width=\"1800\" height=\"1013\" data-media-id=\"35529\" class=\"gb-media-2e2b60a5\" alt=\"Chimpanc\u00e9s enfrent\u00e1ndose violentamente en el Parque Nacional Kibale durante el conflicto entre clanes de Ngogo.\" src=\"https:\/\/www.ecoticias.com\/hoyeco\/wp-content\/uploads\/2026\/04\/chimpances-guerra-civil-ngogo-uganda.jpg\" srcset=\"https:\/\/www.ecoticias.com\/hoyeco\/wp-content\/uploads\/2026\/04\/chimpances-guerra-civil-ngogo-uganda.jpg 1800w, https:\/\/www.ecoticias.com\/hoyeco\/wp-content\/uploads\/2026\/04\/chimpances-guerra-civil-ngogo-uganda-300x169.jpg 300w, https:\/\/www.ecoticias.com\/hoyeco\/wp-content\/uploads\/2026\/04\/chimpances-guerra-civil-ngogo-uganda-768x432.jpg 768w, https:\/\/www.ecoticias.com\/hoyeco\/wp-content\/uploads\/2026\/04\/chimpances-guerra-civil-ngogo-uganda-1536x864.jpg 1536w, https:\/\/www.ecoticias.com\/hoyeco\/wp-content\/uploads\/2026\/04\/chimpances-guerra-civil-ngogo-uganda-150x84.jpg 150w\" sizes=\"auto, (max-width: 1800px) 100vw, 1800px\" \/><\/a>\n<\/div>\n\n\n\n<div class=\"gb-element-c39041a7\">\n<h2 class=\"gb-text gb-text-8438f5d0\"><a href=\"https:\/\/www.ecoticias.com\/hoyeco\/en-2015-un-grupo-de-chimpances-empezo-a-separarse-del-grupo-y-ahora-ha-estallado-una-guerra-civil-entre-clanes-un-fenomeno-que-ocurre-cada-500-anos\/35528\/\">En 2015 un grupo de chimpanc\u00e9s empez\u00f3 a separarse del grupo y ahora ha estallado una \u00abguerra civil\u00bb entre clanes, un fen\u00f3meno que ocurre cada 500 a\u00f1os<\/a><\/h2>\n\n\n\n<div class=\"gb-element-9e1089be\">\n<div class=\"gb-text-ea2e5eaa\"><span class=\"gb-text\">Adrian Villellas<\/span><span class=\"gb-shape\"><svg viewBox=\"0 0 24 24\"><path d=\"M23,12L20.56,9.22L20.9,5.54L17.29,4.72L15.4,1.54L12,3L8.6,1.54L6.71,4.72L3.1,5.53L3.44,9.21L1,12L3.44,14.78L3.1,18.47L6.71,19.29L8.6,22.47L12,21L15.4,22.46L17.29,19.28L20.9,18.46L20.56,14.78L23,12M10,17L6,13L7.41,11.59L10,14.17L16.59,7.58L18,9L10,17Z\"><\/path><\/svg><\/span><\/div>\n\n\n\n<div class=\"gb-text gb-text-a6acb7ef\">|<\/div>\n\n\n\n<div class=\"gb-text-56d330ba\"><span class=\"gb-shape\"><svg aria-hidden=\"true\" role=\"img\" height=\"1em\" width=\"1em\" viewBox=\"0 0 512 512\" xmlns=\"http:\/\/www.w3.org\/2000\/svg\"><path fill=\"currentColor\" d=\"M256 8C119 8 8 119 8 256s111 248 248 248 248-111 248-248S393 8 256 8zm0 448c-110.5 0-200-89.5-200-200S145.5 56 256 56s200 89.5 200 200-89.5 200-200 200zm61.8-104.4l-84.9-61.7c-3.1-2.3-4.9-5.9-4.9-9.7V116c0-6.6 5.4-12 12-12h32c6.6 0 12 5.4 12 12v141.7l66.8 48.6c5.4 3.9 6.5 11.4 2.6 16.8L334.6 349c-3.9 5.3-11.4 6.5-16.8 2.6z\"><\/path><\/svg><\/span><span class=\"gb-text\">30 de abril de 2026 a las 12:46<\/span><\/div>\n<\/div>\n\n\n\n<p class=\"gb-text gb-text-623e279a\">Durante a\u00f1os, la comunidad de chimpanc\u00e9s de Ngogo, en el Parque Nacional Kibale (Uganda), fue&#8230;..<\/p>\n<\/div>\n<\/div>\n\n<div class=\"gb-loop-item gb-loop-item-636a6f38 post-35510 post type-post status-publish format-standard has-post-thumbnail hentry category-ciencia resize-featured-image\">\n<div class=\"gb-element-8487f0b6\">\n<a href=\"https:\/\/www.ecoticias.com\/hoyeco\/eeuu-rompe-las-leyes-de-la-fisica-con-el-primer-laser-de-neutrinos-del-mundo-que-permitira-estudiar-las-particulas-mas-misteriosas-del-universo\/35510\/\"><img loading=\"lazy\" decoding=\"async\" width=\"1800\" height=\"1013\" data-media-id=\"35511\" class=\"gb-media-2e2b60a5\" alt=\"Representaci\u00f3n de un l\u00e1ser de neutrinos generado en laboratorio para estudiar part\u00edculas del universo.\" src=\"https:\/\/www.ecoticias.com\/hoyeco\/wp-content\/uploads\/2026\/04\/laser-neutrinos-mit-particulas-universo.jpg\" srcset=\"https:\/\/www.ecoticias.com\/hoyeco\/wp-content\/uploads\/2026\/04\/laser-neutrinos-mit-particulas-universo.jpg 1800w, https:\/\/www.ecoticias.com\/hoyeco\/wp-content\/uploads\/2026\/04\/laser-neutrinos-mit-particulas-universo-300x169.jpg 300w, https:\/\/www.ecoticias.com\/hoyeco\/wp-content\/uploads\/2026\/04\/laser-neutrinos-mit-particulas-universo-768x432.jpg 768w, https:\/\/www.ecoticias.com\/hoyeco\/wp-content\/uploads\/2026\/04\/laser-neutrinos-mit-particulas-universo-1536x864.jpg 1536w, https:\/\/www.ecoticias.com\/hoyeco\/wp-content\/uploads\/2026\/04\/laser-neutrinos-mit-particulas-universo-150x84.jpg 150w\" sizes=\"auto, (max-width: 1800px) 100vw, 1800px\" \/><\/a>\n<\/div>\n\n\n\n<div class=\"gb-element-c39041a7\">\n<h2 class=\"gb-text gb-text-8438f5d0\"><a href=\"https:\/\/www.ecoticias.com\/hoyeco\/eeuu-rompe-las-leyes-de-la-fisica-con-el-primer-laser-de-neutrinos-del-mundo-que-permitira-estudiar-las-particulas-mas-misteriosas-del-universo\/35510\/\">EEUU rompe las leyes de la f\u00edsica con el primer l\u00e1ser de neutrinos del mundo que permitir\u00e1 estudiar las part\u00edculas m\u00e1s misteriosas del Universo<\/a><\/h2>\n\n\n\n<div class=\"gb-element-9e1089be\">\n<div class=\"gb-text-ea2e5eaa\"><span class=\"gb-text\">Javier F.<\/span><span class=\"gb-shape\"><svg viewBox=\"0 0 24 24\"><path d=\"M23,12L20.56,9.22L20.9,5.54L17.29,4.72L15.4,1.54L12,3L8.6,1.54L6.71,4.72L3.1,5.53L3.44,9.21L1,12L3.44,14.78L3.1,18.47L6.71,19.29L8.6,22.47L12,21L15.4,22.46L17.29,19.28L20.9,18.46L20.56,14.78L23,12M10,17L6,13L7.41,11.59L10,14.17L16.59,7.58L18,9L10,17Z\"><\/path><\/svg><\/span><\/div>\n\n\n\n<div class=\"gb-text gb-text-a6acb7ef\">|<\/div>\n\n\n\n<div class=\"gb-text-56d330ba\"><span class=\"gb-shape\"><svg aria-hidden=\"true\" role=\"img\" height=\"1em\" width=\"1em\" viewBox=\"0 0 512 512\" xmlns=\"http:\/\/www.w3.org\/2000\/svg\"><path fill=\"currentColor\" d=\"M256 8C119 8 8 119 8 256s111 248 248 248 248-111 248-248S393 8 256 8zm0 448c-110.5 0-200-89.5-200-200S145.5 56 256 56s200 89.5 200 200-89.5 200-200 200zm61.8-104.4l-84.9-61.7c-3.1-2.3-4.9-5.9-4.9-9.7V116c0-6.6 5.4-12 12-12h32c6.6 0 12 5.4 12 12v141.7l66.8 48.6c5.4 3.9 6.5 11.4 2.6 16.8L334.6 349c-3.9 5.3-11.4 6.5-16.8 2.6z\"><\/path><\/svg><\/span><span class=\"gb-text\">29 de abril de 2026 a las 18:43<\/span><\/div>\n<\/div>\n\n\n\n<p class=\"gb-text gb-text-623e279a\">En f\u00edsica, a veces las ideas m\u00e1s raras empiezan con una pregunta muy simple. Un&#8230;..<\/p>\n<\/div>\n<\/div>\n\n<div class=\"gb-loop-item gb-loop-item-636a6f38 post-35507 post type-post status-publish format-standard has-post-thumbnail hentry category-ciencia resize-featured-image\">\n<div class=\"gb-element-8487f0b6\">\n<a href=\"https:\/\/www.ecoticias.com\/hoyeco\/las-leyes-de-la-fisica-se-derrumban-y-los-cientificos-no-encuentran-explicacion-a-la-expansion-del-universo-es-mas-rapida-de-lo-que-pensaban-y-estamos-en-problemas\/35507\/\"><img loading=\"lazy\" decoding=\"async\" width=\"1800\" height=\"1013\" data-media-id=\"35508\" class=\"gb-media-2e2b60a5\" alt=\"Galaxias en el espacio profundo utilizadas para medir la expansi\u00f3n del Universo y la constante de Hubble.\" src=\"https:\/\/www.ecoticias.com\/hoyeco\/wp-content\/uploads\/2026\/04\/expansion-universo-constante-hubble-tension.jpg\" srcset=\"https:\/\/www.ecoticias.com\/hoyeco\/wp-content\/uploads\/2026\/04\/expansion-universo-constante-hubble-tension.jpg 1800w, https:\/\/www.ecoticias.com\/hoyeco\/wp-content\/uploads\/2026\/04\/expansion-universo-constante-hubble-tension-300x169.jpg 300w, https:\/\/www.ecoticias.com\/hoyeco\/wp-content\/uploads\/2026\/04\/expansion-universo-constante-hubble-tension-768x432.jpg 768w, https:\/\/www.ecoticias.com\/hoyeco\/wp-content\/uploads\/2026\/04\/expansion-universo-constante-hubble-tension-1536x864.jpg 1536w, https:\/\/www.ecoticias.com\/hoyeco\/wp-content\/uploads\/2026\/04\/expansion-universo-constante-hubble-tension-150x84.jpg 150w\" sizes=\"auto, (max-width: 1800px) 100vw, 1800px\" \/><\/a>\n<\/div>\n\n\n\n<div class=\"gb-element-c39041a7\">\n<h2 class=\"gb-text gb-text-8438f5d0\"><a href=\"https:\/\/www.ecoticias.com\/hoyeco\/las-leyes-de-la-fisica-se-derrumban-y-los-cientificos-no-encuentran-explicacion-a-la-expansion-del-universo-es-mas-rapida-de-lo-que-pensaban-y-estamos-en-problemas\/35507\/\">Las leyes de la f\u00edsica se derrumban y los cient\u00edficos no encuentran explicaci\u00f3n a la expansi\u00f3n del Universo: es m\u00e1s r\u00e1pida de lo que pensaban y estamos en problemas<\/a><\/h2>\n\n\n\n<div class=\"gb-element-9e1089be\">\n<div class=\"gb-text-ea2e5eaa\"><span class=\"gb-text\">Javier F.<\/span><span class=\"gb-shape\"><svg viewBox=\"0 0 24 24\"><path d=\"M23,12L20.56,9.22L20.9,5.54L17.29,4.72L15.4,1.54L12,3L8.6,1.54L6.71,4.72L3.1,5.53L3.44,9.21L1,12L3.44,14.78L3.1,18.47L6.71,19.29L8.6,22.47L12,21L15.4,22.46L17.29,19.28L20.9,18.46L20.56,14.78L23,12M10,17L6,13L7.41,11.59L10,14.17L16.59,7.58L18,9L10,17Z\"><\/path><\/svg><\/span><\/div>\n\n\n\n<div class=\"gb-text gb-text-a6acb7ef\">|<\/div>\n\n\n\n<div class=\"gb-text-56d330ba\"><span class=\"gb-shape\"><svg aria-hidden=\"true\" role=\"img\" height=\"1em\" width=\"1em\" viewBox=\"0 0 512 512\" xmlns=\"http:\/\/www.w3.org\/2000\/svg\"><path fill=\"currentColor\" d=\"M256 8C119 8 8 119 8 256s111 248 248 248 248-111 248-248S393 8 256 8zm0 448c-110.5 0-200-89.5-200-200S145.5 56 256 56s200 89.5 200 200-89.5 200-200 200zm61.8-104.4l-84.9-61.7c-3.1-2.3-4.9-5.9-4.9-9.7V116c0-6.6 5.4-12 12-12h32c6.6 0 12 5.4 12 12v141.7l66.8 48.6c5.4 3.9 6.5 11.4 2.6 16.8L334.6 349c-3.9 5.3-11.4 6.5-16.8 2.6z\"><\/path><\/svg><\/span><span class=\"gb-text\">29 de abril de 2026 a las 15:36<\/span><\/div>\n<\/div>\n\n\n\n<p class=\"gb-text gb-text-623e279a\">Si buscas un n\u00famero que resuma \u201ca qu\u00e9 velocidad crece el Universo\u201d, ese n\u00famero existe&#8230;..<\/p>\n<\/div>\n<\/div>\n\n<div class=\"gb-loop-item gb-loop-item-636a6f38 post-35482 post type-post status-publish format-standard has-post-thumbnail hentry category-ciencia resize-featured-image\">\n<div class=\"gb-element-8487f0b6\">\n<a href=\"https:\/\/www.ecoticias.com\/hoyeco\/cientificos-construyen-un-laboratorio-de-campo-magnetico-cero-para-probar-que-pasaria-con-la-tierra-si-desapareciera-y-el-resultado-es-estremecedor\/35482\/\"><img loading=\"lazy\" decoding=\"async\" width=\"1800\" height=\"1013\" data-media-id=\"35483\" class=\"gb-media-2e2b60a5\" alt=\"Representaci\u00f3n de la Tierra mostrando su campo magn\u00e9tico y el escudo frente a la radiaci\u00f3n solar en el espacio\" src=\"https:\/\/www.ecoticias.com\/hoyeco\/wp-content\/uploads\/2026\/04\/campo-magnetico-tierra-desaparece-laboratorio-cientificos.jpg\" srcset=\"https:\/\/www.ecoticias.com\/hoyeco\/wp-content\/uploads\/2026\/04\/campo-magnetico-tierra-desaparece-laboratorio-cientificos.jpg 1800w, https:\/\/www.ecoticias.com\/hoyeco\/wp-content\/uploads\/2026\/04\/campo-magnetico-tierra-desaparece-laboratorio-cientificos-300x169.jpg 300w, https:\/\/www.ecoticias.com\/hoyeco\/wp-content\/uploads\/2026\/04\/campo-magnetico-tierra-desaparece-laboratorio-cientificos-768x432.jpg 768w, https:\/\/www.ecoticias.com\/hoyeco\/wp-content\/uploads\/2026\/04\/campo-magnetico-tierra-desaparece-laboratorio-cientificos-1536x864.jpg 1536w, https:\/\/www.ecoticias.com\/hoyeco\/wp-content\/uploads\/2026\/04\/campo-magnetico-tierra-desaparece-laboratorio-cientificos-150x84.jpg 150w\" sizes=\"auto, (max-width: 1800px) 100vw, 1800px\" \/><\/a>\n<\/div>\n\n\n\n<div class=\"gb-element-c39041a7\">\n<h2 class=\"gb-text gb-text-8438f5d0\"><a href=\"https:\/\/www.ecoticias.com\/hoyeco\/cientificos-construyen-un-laboratorio-de-campo-magnetico-cero-para-probar-que-pasaria-con-la-tierra-si-desapareciera-y-el-resultado-es-estremecedor\/35482\/\">Cient\u00edficos construyen un Laboratorio de Campo Magn\u00e9tico Cero para probar qu\u00e9 pasar\u00eda con la Tierra si desapareciera y el resultado es estremecedor<\/a><\/h2>\n\n\n\n<div class=\"gb-element-9e1089be\">\n<div class=\"gb-text-ea2e5eaa\"><span class=\"gb-text\">Adrian Villellas<\/span><span class=\"gb-shape\"><svg viewBox=\"0 0 24 24\"><path d=\"M23,12L20.56,9.22L20.9,5.54L17.29,4.72L15.4,1.54L12,3L8.6,1.54L6.71,4.72L3.1,5.53L3.44,9.21L1,12L3.44,14.78L3.1,18.47L6.71,19.29L8.6,22.47L12,21L15.4,22.46L17.29,19.28L20.9,18.46L20.56,14.78L23,12M10,17L6,13L7.41,11.59L10,14.17L16.59,7.58L18,9L10,17Z\"><\/path><\/svg><\/span><\/div>\n\n\n\n<div class=\"gb-text gb-text-a6acb7ef\">|<\/div>\n\n\n\n<div class=\"gb-text-56d330ba\"><span class=\"gb-shape\"><svg aria-hidden=\"true\" role=\"img\" height=\"1em\" width=\"1em\" viewBox=\"0 0 512 512\" xmlns=\"http:\/\/www.w3.org\/2000\/svg\"><path fill=\"currentColor\" d=\"M256 8C119 8 8 119 8 256s111 248 248 248 248-111 248-248S393 8 256 8zm0 448c-110.5 0-200-89.5-200-200S145.5 56 256 56s200 89.5 200 200-89.5 200-200 200zm61.8-104.4l-84.9-61.7c-3.1-2.3-4.9-5.9-4.9-9.7V116c0-6.6 5.4-12 12-12h32c6.6 0 12 5.4 12 12v141.7l66.8 48.6c5.4 3.9 6.5 11.4 2.6 16.8L334.6 349c-3.9 5.3-11.4 6.5-16.8 2.6z\"><\/path><\/svg><\/span><span class=\"gb-text\">28 de abril de 2026 a las 18:46<\/span><\/div>\n<\/div>\n\n\n\n<p class=\"gb-text gb-text-623e279a\">Vivimos dentro de un escudo invisible. No lo vemos, pero est\u00e1 ah\u00ed, guiando br\u00fajulas, ayudando&#8230;..<\/p>\n<\/div>\n<\/div>\n\n<div class=\"gb-loop-item gb-loop-item-636a6f38 post-35476 post type-post status-publish format-standard has-post-thumbnail hentry category-ciencia resize-featured-image\">\n<div class=\"gb-element-8487f0b6\">\n<a href=\"https:\/\/www.ecoticias.com\/hoyeco\/hace-casi-50-anos-la-nasa-envio-la-sonda-voyager-1-a-los-confines-del-espacio-ahora-esta-sacrificando-su-obra-insignia-para-evitar-un-problema-peor\/35476\/\"><img loading=\"lazy\" decoding=\"async\" width=\"1800\" height=\"1013\" data-media-id=\"35477\" class=\"gb-media-2e2b60a5\" alt=\"Sonda Voyager 1 de la NASA en el espacio interestelar tras apagar un instrumento para ahorrar energ\u00eda.\" src=\"https:\/\/www.ecoticias.com\/hoyeco\/wp-content\/uploads\/2026\/04\/voyager-1-nasa-apaga-instrumento-energia-espacio-interestelar.jpg\" srcset=\"https:\/\/www.ecoticias.com\/hoyeco\/wp-content\/uploads\/2026\/04\/voyager-1-nasa-apaga-instrumento-energia-espacio-interestelar.jpg 1800w, https:\/\/www.ecoticias.com\/hoyeco\/wp-content\/uploads\/2026\/04\/voyager-1-nasa-apaga-instrumento-energia-espacio-interestelar-300x169.jpg 300w, https:\/\/www.ecoticias.com\/hoyeco\/wp-content\/uploads\/2026\/04\/voyager-1-nasa-apaga-instrumento-energia-espacio-interestelar-768x432.jpg 768w, https:\/\/www.ecoticias.com\/hoyeco\/wp-content\/uploads\/2026\/04\/voyager-1-nasa-apaga-instrumento-energia-espacio-interestelar-1536x864.jpg 1536w, https:\/\/www.ecoticias.com\/hoyeco\/wp-content\/uploads\/2026\/04\/voyager-1-nasa-apaga-instrumento-energia-espacio-interestelar-150x84.jpg 150w\" sizes=\"auto, (max-width: 1800px) 100vw, 1800px\" \/><\/a>\n<\/div>\n\n\n\n<div class=\"gb-element-c39041a7\">\n<h2 class=\"gb-text gb-text-8438f5d0\"><a href=\"https:\/\/www.ecoticias.com\/hoyeco\/hace-casi-50-anos-la-nasa-envio-la-sonda-voyager-1-a-los-confines-del-espacio-ahora-esta-sacrificando-su-obra-insignia-para-evitar-un-problema-peor\/35476\/\">Hace casi 50 a\u00f1os la NASA envi\u00f3 la sonda Voyager 1 a los confines del espacio, ahora est\u00e1 sacrificando su obra insignia para evitar un problema peor<\/a><\/h2>\n\n\n\n<div class=\"gb-element-9e1089be\">\n<div class=\"gb-text-ea2e5eaa\"><span class=\"gb-text\">HoyECO<\/span><span class=\"gb-shape\"><svg viewBox=\"0 0 24 24\"><path d=\"M23,12L20.56,9.22L20.9,5.54L17.29,4.72L15.4,1.54L12,3L8.6,1.54L6.71,4.72L3.1,5.53L3.44,9.21L1,12L3.44,14.78L3.1,18.47L6.71,19.29L8.6,22.47L12,21L15.4,22.46L17.29,19.28L20.9,18.46L20.56,14.78L23,12M10,17L6,13L7.41,11.59L10,14.17L16.59,7.58L18,9L10,17Z\"><\/path><\/svg><\/span><\/div>\n\n\n\n<div class=\"gb-text gb-text-a6acb7ef\">|<\/div>\n\n\n\n<div class=\"gb-text-56d330ba\"><span class=\"gb-shape\"><svg aria-hidden=\"true\" role=\"img\" height=\"1em\" width=\"1em\" viewBox=\"0 0 512 512\" xmlns=\"http:\/\/www.w3.org\/2000\/svg\"><path fill=\"currentColor\" d=\"M256 8C119 8 8 119 8 256s111 248 248 248 248-111 248-248S393 8 256 8zm0 448c-110.5 0-200-89.5-200-200S145.5 56 256 56s200 89.5 200 200-89.5 200-200 200zm61.8-104.4l-84.9-61.7c-3.1-2.3-4.9-5.9-4.9-9.7V116c0-6.6 5.4-12 12-12h32c6.6 0 12 5.4 12 12v141.7l66.8 48.6c5.4 3.9 6.5 11.4 2.6 16.8L334.6 349c-3.9 5.3-11.4 6.5-16.8 2.6z\"><\/path><\/svg><\/span><span class=\"gb-text\">28 de abril de 2026 a las 12:49<\/span><\/div>\n<\/div>\n\n\n\n<p class=\"gb-text gb-text-623e279a\">A medio siglo de su lanzamiento, la Voyager 1 sigue enviando datos desde un lugar&#8230;..<\/p>\n<\/div>\n<\/div>\n<\/div><\/div>\n<\/div>\n<\/div>\n<\/div>\n\n\n\n<div>\n<div class=\"gb-element-38db6f8f\">\n<div class=\"gb-element-1a159ea5\">\n<h2 class=\"gb-text gb-text-d2d578ad\">Construcci\u00f3n<\/h2>\n<\/div>\n\n\n\n<div><div class=\"gb-looper-0f2d717a\">\n<div class=\"gb-loop-item post-35555 post type-post status-publish format-standard has-post-thumbnail hentry category-construccion resize-featured-image\">\n<a href=\"https:\/\/www.ecoticias.com\/hoyeco\/india-descubre-un-tesoro-bajo-un-yacimiento-de-hierro-han-encontrado-20-toneladas-de-oro-en-la-region-de-odisha-con-valor-de-1500-millones-de-dolares\/35555\/\"><img loading=\"lazy\" decoding=\"async\" width=\"1800\" height=\"1013\" data-media-id=\"35556\" class=\"gb-media-1bc34869\" alt=\"Mina a cielo abierto en Odisha India donde se han detectado reservas de oro bajo yacimientos de hierro.\" src=\"https:\/\/www.ecoticias.com\/hoyeco\/wp-content\/uploads\/2026\/04\/india-oro-odisha-yacimiento-hierro-mina.jpg\" srcset=\"https:\/\/www.ecoticias.com\/hoyeco\/wp-content\/uploads\/2026\/04\/india-oro-odisha-yacimiento-hierro-mina.jpg 1800w, https:\/\/www.ecoticias.com\/hoyeco\/wp-content\/uploads\/2026\/04\/india-oro-odisha-yacimiento-hierro-mina-300x169.jpg 300w, https:\/\/www.ecoticias.com\/hoyeco\/wp-content\/uploads\/2026\/04\/india-oro-odisha-yacimiento-hierro-mina-768x432.jpg 768w, https:\/\/www.ecoticias.com\/hoyeco\/wp-content\/uploads\/2026\/04\/india-oro-odisha-yacimiento-hierro-mina-1536x864.jpg 1536w, https:\/\/www.ecoticias.com\/hoyeco\/wp-content\/uploads\/2026\/04\/india-oro-odisha-yacimiento-hierro-mina-150x84.jpg 150w\" sizes=\"auto, (max-width: 1800px) 100vw, 1800px\" \/><\/a>\n\n\n\n<h2 class=\"gb-text gb-text-bb9b4368\"><a href=\"https:\/\/www.ecoticias.com\/hoyeco\/india-descubre-un-tesoro-bajo-un-yacimiento-de-hierro-han-encontrado-20-toneladas-de-oro-en-la-region-de-odisha-con-valor-de-1500-millones-de-dolares\/35555\/\">India descubre un tesoro bajo un yacimiento de hierro: han encontrado 20 toneladas de oro en la regi\u00f3n de Odisha con valor de 1500 millones de d\u00f3lares<\/a><\/h2>\n<\/div>\n\n<div class=\"gb-loop-item post-35552 post type-post status-publish format-standard has-post-thumbnail hentry category-construccion resize-featured-image\">\n<a href=\"https:\/\/www.ecoticias.com\/hoyeco\/geologos-descubren-el-lugar-exacto-donde-se-esconden-104-millones-de-toneladas-de-illita-un-mineral-misterioso-enterrado-en-china\/35552\/\"><img loading=\"lazy\" decoding=\"async\" width=\"1800\" height=\"1013\" data-media-id=\"35553\" class=\"gb-media-1bc34869\" alt=\"Muestra de ilita, mineral arcilloso descubierto en Corea del Sur con potencial para absorber metales pesados.\" src=\"https:\/\/www.ecoticias.com\/hoyeco\/wp-content\/uploads\/2026\/04\/ilita-yeongdong-corea-104-millones-toneladas-mineral.jpg\" srcset=\"https:\/\/www.ecoticias.com\/hoyeco\/wp-content\/uploads\/2026\/04\/ilita-yeongdong-corea-104-millones-toneladas-mineral.jpg 1800w, https:\/\/www.ecoticias.com\/hoyeco\/wp-content\/uploads\/2026\/04\/ilita-yeongdong-corea-104-millones-toneladas-mineral-300x169.jpg 300w, https:\/\/www.ecoticias.com\/hoyeco\/wp-content\/uploads\/2026\/04\/ilita-yeongdong-corea-104-millones-toneladas-mineral-768x432.jpg 768w, https:\/\/www.ecoticias.com\/hoyeco\/wp-content\/uploads\/2026\/04\/ilita-yeongdong-corea-104-millones-toneladas-mineral-1536x864.jpg 1536w, https:\/\/www.ecoticias.com\/hoyeco\/wp-content\/uploads\/2026\/04\/ilita-yeongdong-corea-104-millones-toneladas-mineral-150x84.jpg 150w\" sizes=\"auto, (max-width: 1800px) 100vw, 1800px\" \/><\/a>\n\n\n\n<h2 class=\"gb-text gb-text-bb9b4368\"><a href=\"https:\/\/www.ecoticias.com\/hoyeco\/geologos-descubren-el-lugar-exacto-donde-se-esconden-104-millones-de-toneladas-de-illita-un-mineral-misterioso-enterrado-en-china\/35552\/\">Ge\u00f3logos descubren el lugar exacto donde se esconden 104 millones de toneladas de illita, un mineral misterioso enterrado en China<\/a><\/h2>\n<\/div>\n\n<div class=\"gb-loop-item post-35534 post type-post status-publish format-standard has-post-thumbnail hentry category-construccion resize-featured-image\">\n<a href=\"https:\/\/www.ecoticias.com\/hoyeco\/parece-imposible-pero-una-autopista-va-a-conectar-portugal-y-marruecos-a-traves-de-un-tunel-subterraneo-en-una-obra-faraonica-de-ingenieria-civil-que-va-a-costar-mas-de-800-millones-de-euros\/35534\/\"><img loading=\"lazy\" decoding=\"async\" width=\"1800\" height=\"1013\" data-media-id=\"35535\" class=\"gb-media-1bc34869\" alt=\"Tren de alta velocidad junto al mar en el Estrecho de Gibraltar, zona donde se estudia el t\u00fanel entre Espa\u00f1a y Marruecos.\" src=\"https:\/\/www.ecoticias.com\/hoyeco\/wp-content\/uploads\/2026\/04\/autopista-portugal-marruecos-tunel-estrecho-gibraltar-tren.jpg\" srcset=\"https:\/\/www.ecoticias.com\/hoyeco\/wp-content\/uploads\/2026\/04\/autopista-portugal-marruecos-tunel-estrecho-gibraltar-tren.jpg 1800w, https:\/\/www.ecoticias.com\/hoyeco\/wp-content\/uploads\/2026\/04\/autopista-portugal-marruecos-tunel-estrecho-gibraltar-tren-300x169.jpg 300w, https:\/\/www.ecoticias.com\/hoyeco\/wp-content\/uploads\/2026\/04\/autopista-portugal-marruecos-tunel-estrecho-gibraltar-tren-768x432.jpg 768w, https:\/\/www.ecoticias.com\/hoyeco\/wp-content\/uploads\/2026\/04\/autopista-portugal-marruecos-tunel-estrecho-gibraltar-tren-1536x864.jpg 1536w, https:\/\/www.ecoticias.com\/hoyeco\/wp-content\/uploads\/2026\/04\/autopista-portugal-marruecos-tunel-estrecho-gibraltar-tren-150x84.jpg 150w\" sizes=\"auto, (max-width: 1800px) 100vw, 1800px\" \/><\/a>\n\n\n\n<h2 class=\"gb-text gb-text-bb9b4368\"><a href=\"https:\/\/www.ecoticias.com\/hoyeco\/parece-imposible-pero-una-autopista-va-a-conectar-portugal-y-marruecos-a-traves-de-un-tunel-subterraneo-en-una-obra-faraonica-de-ingenieria-civil-que-va-a-costar-mas-de-800-millones-de-euros\/35534\/\">Parece imposible pero una autopista va a conectar Portugal y Marruecos a trav\u00e9s de un t\u00fanel subterr\u00e1neo en una obra fara\u00f3nica de ingenier\u00eda civil que va a costar m\u00e1s de 800 millones de euros<\/a><\/h2>\n<\/div>\n\n<div class=\"gb-loop-item post-35525 post type-post status-publish format-standard has-post-thumbnail hentry category-construccion resize-featured-image\">\n<a href=\"https:\/\/www.ecoticias.com\/hoyeco\/el-hallazgo-de-argentina-y-chile-que-sacude-los-cimientos-de-la-industria-descubren-un-yacimiento-gigante-con-13-000-millones-de-kg-de-cobre-y-onzas-de-oro-ocultas\/35525\/\"><img loading=\"lazy\" decoding=\"async\" width=\"1800\" height=\"1013\" data-media-id=\"35526\" class=\"gb-media-1bc34869\" alt=\"Mina a cielo abierto en la cordillera de los Andes en el distrito Vicu\u00f1a entre Argentina y Chile con gran yacimiento de cobre.\" src=\"https:\/\/www.ecoticias.com\/hoyeco\/wp-content\/uploads\/2026\/04\/hallazgo-cobre-andes-argentina-chile-yacimiento-vicuna-mina.jpg\" srcset=\"https:\/\/www.ecoticias.com\/hoyeco\/wp-content\/uploads\/2026\/04\/hallazgo-cobre-andes-argentina-chile-yacimiento-vicuna-mina.jpg 1800w, https:\/\/www.ecoticias.com\/hoyeco\/wp-content\/uploads\/2026\/04\/hallazgo-cobre-andes-argentina-chile-yacimiento-vicuna-mina-300x169.jpg 300w, https:\/\/www.ecoticias.com\/hoyeco\/wp-content\/uploads\/2026\/04\/hallazgo-cobre-andes-argentina-chile-yacimiento-vicuna-mina-768x432.jpg 768w, https:\/\/www.ecoticias.com\/hoyeco\/wp-content\/uploads\/2026\/04\/hallazgo-cobre-andes-argentina-chile-yacimiento-vicuna-mina-1536x864.jpg 1536w, https:\/\/www.ecoticias.com\/hoyeco\/wp-content\/uploads\/2026\/04\/hallazgo-cobre-andes-argentina-chile-yacimiento-vicuna-mina-150x84.jpg 150w\" sizes=\"auto, (max-width: 1800px) 100vw, 1800px\" \/><\/a>\n\n\n\n<h2 class=\"gb-text gb-text-bb9b4368\"><a href=\"https:\/\/www.ecoticias.com\/hoyeco\/el-hallazgo-de-argentina-y-chile-que-sacude-los-cimientos-de-la-industria-descubren-un-yacimiento-gigante-con-13-000-millones-de-kg-de-cobre-y-onzas-de-oro-ocultas\/35525\/\">El hallazgo de Argentina y Chile que sacude los cimientos de la industria: descubren un yacimiento gigante con 13.000 millones de kg de cobre y onzas de oro ocultas<\/a><\/h2>\n<\/div>\n\n<div class=\"gb-loop-item post-35522 post type-post status-publish format-standard has-post-thumbnail hentry category-construccion resize-featured-image\">\n<a href=\"https:\/\/www.ecoticias.com\/hoyeco\/estados-unidos-encuentra-18-millones-de-toneladas-de-oro-blanco-y-el-hallazgo-sacude-la-industria\/35522\/\"><img loading=\"lazy\" decoding=\"async\" width=\"1800\" height=\"1013\" data-media-id=\"35523\" class=\"gb-media-1bc34869\" alt=\"Planta geot\u00e9rmica en el Salton Sea (California) donde se estudia la extracci\u00f3n de litio de salmueras subterr\u00e1neas.\" src=\"https:\/\/www.ecoticias.com\/hoyeco\/wp-content\/uploads\/2026\/04\/litio-salton-sea-california-geotermia.jpg\" srcset=\"https:\/\/www.ecoticias.com\/hoyeco\/wp-content\/uploads\/2026\/04\/litio-salton-sea-california-geotermia.jpg 1800w, https:\/\/www.ecoticias.com\/hoyeco\/wp-content\/uploads\/2026\/04\/litio-salton-sea-california-geotermia-300x169.jpg 300w, https:\/\/www.ecoticias.com\/hoyeco\/wp-content\/uploads\/2026\/04\/litio-salton-sea-california-geotermia-768x432.jpg 768w, https:\/\/www.ecoticias.com\/hoyeco\/wp-content\/uploads\/2026\/04\/litio-salton-sea-california-geotermia-1536x864.jpg 1536w, https:\/\/www.ecoticias.com\/hoyeco\/wp-content\/uploads\/2026\/04\/litio-salton-sea-california-geotermia-150x84.jpg 150w\" sizes=\"auto, (max-width: 1800px) 100vw, 1800px\" \/><\/a>\n\n\n\n<h2 class=\"gb-text gb-text-bb9b4368\"><a href=\"https:\/\/www.ecoticias.com\/hoyeco\/estados-unidos-encuentra-18-millones-de-toneladas-de-oro-blanco-y-el-hallazgo-sacude-la-industria\/35522\/\">Estados Unidos encuentra 18 millones de toneladas de \u00aboro blanco\u00bb y el hallazgo sacude la industria<\/a><\/h2>\n<\/div>\n\n<div class=\"gb-loop-item post-35495 post type-post status-publish format-standard has-post-thumbnail hentry category-construccion resize-featured-image\">\n<a href=\"https:\/\/www.ecoticias.com\/hoyeco\/mientras-en-espana-tardamos-2-anos-en-construir-un-edificio-china-esta-apilando-modulos-prefabricados-para-levantar-un-edificio-de-10-plantas-en-28-horas\/35495\/\"><img loading=\"lazy\" decoding=\"async\" width=\"1800\" height=\"1013\" data-media-id=\"35496\" class=\"gb-media-1bc34869\" alt=\"Edificio modular de 10 plantas construido en 28 horas en China con gr\u00faas y m\u00f3dulos prefabricados.\" src=\"https:\/\/www.ecoticias.com\/hoyeco\/wp-content\/uploads\/2026\/04\/china-edificio-10-plantas-28-horas-construccion-modular.jpg\" srcset=\"https:\/\/www.ecoticias.com\/hoyeco\/wp-content\/uploads\/2026\/04\/china-edificio-10-plantas-28-horas-construccion-modular.jpg 1800w, https:\/\/www.ecoticias.com\/hoyeco\/wp-content\/uploads\/2026\/04\/china-edificio-10-plantas-28-horas-construccion-modular-300x169.jpg 300w, https:\/\/www.ecoticias.com\/hoyeco\/wp-content\/uploads\/2026\/04\/china-edificio-10-plantas-28-horas-construccion-modular-768x432.jpg 768w, https:\/\/www.ecoticias.com\/hoyeco\/wp-content\/uploads\/2026\/04\/china-edificio-10-plantas-28-horas-construccion-modular-1536x864.jpg 1536w, https:\/\/www.ecoticias.com\/hoyeco\/wp-content\/uploads\/2026\/04\/china-edificio-10-plantas-28-horas-construccion-modular-150x84.jpg 150w\" sizes=\"auto, (max-width: 1800px) 100vw, 1800px\" \/><\/a>\n\n\n\n<h2 class=\"gb-text gb-text-bb9b4368\"><a href=\"https:\/\/www.ecoticias.com\/hoyeco\/mientras-en-espana-tardamos-2-anos-en-construir-un-edificio-china-esta-apilando-modulos-prefabricados-para-levantar-un-edificio-de-10-plantas-en-28-horas\/35495\/\">Mientras en Espa\u00f1a tardamos 2 a\u00f1os en construir un edificio, China est\u00e1 apilando m\u00f3dulos prefabricados para levantar un edificio de 10 plantas en 28 horas<\/a><\/h2>\n<\/div>\n\n<div class=\"gb-loop-item post-35489 post type-post status-publish format-standard has-post-thumbnail hentry category-construccion resize-featured-image\">\n<a href=\"https:\/\/www.ecoticias.com\/hoyeco\/australia-construye-su-primera-ciudad-en-100-anos-y-ya-cuenta-con-un-circuito-verde-de-22-km-10-000-viviendas-y-un-parque-central-de-2-hectareas\/35489\/\"><img loading=\"lazy\" decoding=\"async\" width=\"1800\" height=\"1013\" data-media-id=\"35490\" class=\"gb-media-1bc34869\" alt=\"Vista de Bradfield, nueva ciudad sostenible en Australia con zonas verdes, edificios modernos y espacios peatonales.\" src=\"https:\/\/www.ecoticias.com\/hoyeco\/wp-content\/uploads\/2026\/04\/bradfield-australia-nueva-ciudad-sostenible-green-loop-parque-central.jpg\" srcset=\"https:\/\/www.ecoticias.com\/hoyeco\/wp-content\/uploads\/2026\/04\/bradfield-australia-nueva-ciudad-sostenible-green-loop-parque-central.jpg 1800w, https:\/\/www.ecoticias.com\/hoyeco\/wp-content\/uploads\/2026\/04\/bradfield-australia-nueva-ciudad-sostenible-green-loop-parque-central-300x169.jpg 300w, https:\/\/www.ecoticias.com\/hoyeco\/wp-content\/uploads\/2026\/04\/bradfield-australia-nueva-ciudad-sostenible-green-loop-parque-central-768x432.jpg 768w, https:\/\/www.ecoticias.com\/hoyeco\/wp-content\/uploads\/2026\/04\/bradfield-australia-nueva-ciudad-sostenible-green-loop-parque-central-1536x864.jpg 1536w, https:\/\/www.ecoticias.com\/hoyeco\/wp-content\/uploads\/2026\/04\/bradfield-australia-nueva-ciudad-sostenible-green-loop-parque-central-150x84.jpg 150w\" sizes=\"auto, (max-width: 1800px) 100vw, 1800px\" \/><\/a>\n\n\n\n<h2 class=\"gb-text gb-text-bb9b4368\"><a href=\"https:\/\/www.ecoticias.com\/hoyeco\/australia-construye-su-primera-ciudad-en-100-anos-y-ya-cuenta-con-un-circuito-verde-de-22-km-10-000-viviendas-y-un-parque-central-de-2-hectareas\/35489\/\">Australia construye su primera ciudad en 100 a\u00f1os y ya cuenta con un circuito verde de 2,2 km, 10.000 viviendas y un parque central de 2 hect\u00e1reas<\/a><\/h2>\n<\/div>\n\n<div class=\"gb-loop-item post-35485 post type-post status-publish format-standard has-post-thumbnail hentry category-construccion resize-featured-image\">\n<a href=\"https:\/\/www.ecoticias.com\/hoyeco\/china-hace-historia-con-un-rascacielos-horizontal-y-cilindrico-de-300-metros-que-reposa-sobre-4-edificios-y-que-funciona-como-puente-elevado\/35485\/\"><img loading=\"lazy\" decoding=\"async\" width=\"1800\" height=\"1013\" data-media-id=\"35487\" class=\"gb-media-1bc34869\" alt=\"Rascacielos horizontal The Crystal en Chongqing, China, un puente elevado de 300 metros sobre varios edificios.\" src=\"https:\/\/www.ecoticias.com\/hoyeco\/wp-content\/uploads\/2026\/04\/rascacielos-horizontal-china-the-crystal-chongqing.jpg\" srcset=\"https:\/\/www.ecoticias.com\/hoyeco\/wp-content\/uploads\/2026\/04\/rascacielos-horizontal-china-the-crystal-chongqing.jpg 1800w, https:\/\/www.ecoticias.com\/hoyeco\/wp-content\/uploads\/2026\/04\/rascacielos-horizontal-china-the-crystal-chongqing-300x169.jpg 300w, https:\/\/www.ecoticias.com\/hoyeco\/wp-content\/uploads\/2026\/04\/rascacielos-horizontal-china-the-crystal-chongqing-768x432.jpg 768w, https:\/\/www.ecoticias.com\/hoyeco\/wp-content\/uploads\/2026\/04\/rascacielos-horizontal-china-the-crystal-chongqing-1536x864.jpg 1536w, https:\/\/www.ecoticias.com\/hoyeco\/wp-content\/uploads\/2026\/04\/rascacielos-horizontal-china-the-crystal-chongqing-150x84.jpg 150w\" sizes=\"auto, (max-width: 1800px) 100vw, 1800px\" \/><\/a>\n\n\n\n<h2 class=\"gb-text gb-text-bb9b4368\"><a href=\"https:\/\/www.ecoticias.com\/hoyeco\/china-hace-historia-con-un-rascacielos-horizontal-y-cilindrico-de-300-metros-que-reposa-sobre-4-edificios-y-que-funciona-como-puente-elevado\/35485\/\">China hace historia con un rascacielos horizontal y cil\u00edndrico de 300 metros que reposa sobre 4 edificios y que funciona como puente elevado<\/a><\/h2>\n<\/div>\n<\/div><\/div>\n<\/div>\n\n\n\n<p><\/p>\n<\/div>\n\n\n\n<div class=\"eco2-wrap eco2-wrap--single\" aria-label=\"ECO News \u00b7 Latest\">\n  <div class=\"eco2-grid eco2-grid--single\">\n    <!-- EN -->\n    <section class=\"eco2-card\" aria-labelledby=\"eco2-en-title\">\n      <header class=\"eco2-head\">\n        <a class=\"eco2-brand\" href=\"https:\/\/www.ecoticias.com\/en\/\" aria-label=\"ECO News\">\n          <img class=\"eco2-logo\" src=\"https:\/\/www.ecoticias.com\/en\/wp-content\/uploads\/2025\/12\/logo-econews-2.png\" alt=\"ECO News\" loading=\"lazy\" decoding=\"async\">\n          <span class=\"eco2-sr\" id=\"eco2-en-title\">ECO News \u00b7 Latest<\/span>\n        <\/a>\n\n        <a class=\"eco2-more\" href=\"https:\/\/www.ecoticias.com\/en\/\">\n          Ver secci\u00f3n <span aria-hidden=\"true\">\u2192<\/span>\n        <\/a>\n      <\/header>\n\n      <div class=\"eco2-table-wrap\">\n        <table class=\"eco2-table\" aria-label=\"\u00daltimas noticias de ECO News\">\n          <thead>\n            <tr>\n              <th>Noticia<\/th>\n              <th class=\"eco2-th-date\">Fecha<\/th>\n            <\/tr>\n          <\/thead>\n          <tbody id=\"eco2-en-body\">\n            <tr><td colspan=\"2\">Cargando\u2026<\/td><\/tr>\n          <\/tbody>\n        <\/table>\n      <\/div>\n\n      <footer class=\"eco2-foot\">\n        <a class=\"eco2-btn\" href=\"https:\/\/www.ecoticias.com\/en\/\">Ver m\u00e1s<\/a>\n      <\/footer>\n    <\/section>\n\n    <noscript>\n      <p>\n        Para ver la tabla, activa JavaScript. Mientras tanto:\n        <a href=\"https:\/\/www.ecoticias.com\/en\/\">ECO News<\/a>\n      <\/p>\n    <\/noscript>\n  <\/div>\n<\/div>\n\n<style>\n  .eco2-wrap{\n    width: 100%;\n    max-width: var(--container-width, 1200px);\n    margin: 0 auto;\n    padding-left: 30px;\n    padding-right: 30px;\n    box-sizing: border-box;\n\n    --eco2-bg: var(--background, #fff);\n    --eco2-bg2: var(--background-1, #f7f7f7);\n    --eco2-text: var(--text-1, #111);\n    --eco2-muted: var(--text-2, #666);\n    --eco2-border: var(--border-color, rgba(0,0,0,.12));\n    --eco2-green: #aed963;\n    --eco2-btntext: #1f2a1f;\n  }\n  @media (max-width: 768px){\n    .eco2-wrap{ padding-left: 20px; padding-right: 20px; }\n  }\n\n  \/* Single column *\/\n  .eco2-grid--single{\n    display: grid;\n    grid-template-columns: 1fr;\n    gap: 20px;\n  }\n\n  .eco2-card{\n    background: var(--eco2-bg);\n    border: 1px solid var(--eco2-border);\n    border-radius: 10px;\n    overflow: hidden;\n  }\n\n  .eco2-head{\n    display: flex;\n    align-items: center;\n    justify-content: space-between;\n    gap: 12px;\n    padding: 12px 16px;\n    border-bottom: 1px solid var(--eco2-border);\n    background: var(--eco2-bg);\n  }\n\n  .eco2-brand{\n    display:flex;\n    align-items:center;\n    gap:12px;\n    min-width: 0;\n    text-decoration:none;\n  }\n  .eco2-logo{\n    height: 34px;\n    width: auto;\n    max-width: 190px;\n    display:block;\n  }\n  @media (max-width: 480px){\n    .eco2-logo{ height: 28px; max-width: 150px; }\n  }\n\n  \/* Bot\u00f3n \"Ver secci\u00f3n\" (verde) *\/\n  .eco2-head .eco2-more,\n  .eco2-head .eco2-more:visited{\n    display:inline-flex;\n    align-items:center;\n    gap:8px;\n\n    padding: 8px 12px;\n    border-radius: 999px;\n\n    border: 1px solid color-mix(in srgb, var(--eco2-green) 55%, var(--eco2-border));\n    background: color-mix(in srgb, var(--eco2-green) 14%, var(--eco2-bg));\n\n    color: var(--eco2-btntext) !important;\n    font-size: 13px;\n    font-weight: 700;\n    line-height: 1;\n\n    text-decoration: none !important;\n    white-space: nowrap;\n\n    transition: transform .15s ease, background-color .15s ease, border-color .15s ease, box-shadow .15s ease;\n  }\n  .eco2-head .eco2-more span{ color: inherit !important; }\n  .eco2-head .eco2-more:hover{\n    background: color-mix(in srgb, var(--eco2-green) 22%, var(--eco2-bg));\n    border-color: color-mix(in srgb, var(--eco2-green) 75%, var(--eco2-border));\n    transform: translateY(-1px);\n    box-shadow: 0 6px 16px rgba(0,0,0,.06);\n    color: var(--eco2-btntext) !important;\n  }\n  .eco2-head .eco2-more:active{ transform: translateY(0); box-shadow:none; }\n  .eco2-head .eco2-more:focus-visible{\n    outline: 2px solid var(--eco2-green);\n    outline-offset: 2px;\n    color: var(--eco2-btntext) !important;\n  }\n  @media (max-width: 480px){\n    .eco2-head .eco2-more{ padding: 7px 10px; }\n  }\n\n  .eco2-table-wrap{ width: 100%; overflow: hidden; }\n  .eco2-table{\n    width: 100%;\n    border-collapse: collapse;\n    table-layout: fixed;\n    font-size: 14px;\n  }\n  .eco2-table th, .eco2-table td{\n    padding: 10px 16px;\n    border-bottom: 1px solid var(--eco2-border);\n    vertical-align: top;\n  }\n  .eco2-table thead th{\n    font-size: 11px;\n    text-transform: uppercase;\n    letter-spacing: .05em;\n    color: var(--eco2-muted);\n    background: var(--eco2-bg2);\n  }\n\n  .eco2-th-date{ width: 96px; text-align: right; }\n  .eco2-td-date{\n    width: 96px;\n    text-align: right;\n    white-space: nowrap;\n    font-size: 13px;\n    color: var(--eco2-muted);\n  }\n\n  .eco2-td-title{\n    overflow-wrap: anywhere;\n    word-break: break-word;\n  }\n  .eco2-td-title a{\n    color: var(--eco2-text) !important;\n    text-decoration: none !important;\n  }\n  .eco2-td-title a:hover{\n    text-decoration: underline !important;\n    text-decoration-thickness: 2px;\n    text-decoration-color: var(--eco2-green) !important;\n  }\n  .eco2-td-title a:focus-visible{\n    outline: 2px solid var(--eco2-green);\n    outline-offset: 2px;\n    text-decoration-color: var(--eco2-green);\n  }\n\n  .eco2-table tbody tr:last-child td{ border-bottom: none; }\n\n  \/* Bot\u00f3n \"Ver m\u00e1s\" (verde) *\/\n  .eco2-foot{\n    padding: 12px 16px;\n    display: flex;\n    justify-content: flex-end;\n    background: var(--eco2-bg2);\n    border-top: 1px solid var(--eco2-border);\n  }\n  .eco2-foot .eco2-btn,\n  .eco2-foot .eco2-btn:visited{\n    display: inline-block;\n    padding: 9px 12px;\n    border-radius: 10px;\n\n    text-decoration: none !important;\n    font-size: 13px;\n    font-weight: 700;\n\n    color: var(--eco2-btntext) !important;\n    background: color-mix(in srgb, var(--eco2-green) 22%, var(--eco2-bg));\n    border: 1px solid color-mix(in srgb, var(--eco2-green) 70%, var(--eco2-border));\n\n    transition: transform .15s ease, background-color .15s ease, box-shadow .15s ease;\n  }\n  .eco2-foot .eco2-btn:hover{\n    background: color-mix(in srgb, var(--eco2-green) 32%, var(--eco2-bg));\n    transform: translateY(-1px);\n    box-shadow: 0 6px 16px rgba(0,0,0,.06);\n    color: var(--eco2-btntext) !important;\n  }\n  .eco2-foot .eco2-btn:active{ transform: translateY(0); box-shadow:none; }\n  .eco2-foot .eco2-btn:focus-visible{\n    outline: 2px solid var(--eco2-green);\n    outline-offset: 2px;\n    color: var(--eco2-btntext) !important;\n  }\n\n  .eco2-sr{\n    position:absolute !important;\n    width:1px; height:1px;\n    padding:0; margin:-1px;\n    overflow:hidden; clip:rect(0,0,0,0);\n    white-space:nowrap; border:0;\n  }\n<\/style>\n\n<script>\n(function(){\n  const FEED_URL = \"https:\/\/www.ecoticias.com\/en\/feed\/\";\n  const TARGET_ID = \"eco2-en-body\";\n  const MAX_ITEMS = 18;\n\n  const pad2 = (n) => (n < 10 ? \"0\" + n : \"\" + n);\n\n  function formatDate(pubDateStr){\n    const d = new Date(pubDateStr);\n    if (isNaN(d.getTime())) return \"\";\n    return pad2(d.getDate()) + \"\/\" + pad2(d.getMonth() + 1) + \"\/\" + d.getFullYear();\n  }\n\n  function escHtml(s){\n    return String(s)\n      .replaceAll(\"&#038;\",\"&amp;\")\n      .replaceAll(\"<\",\"&lt;\")\n      .replaceAll(\">\",\"&gt;\")\n      .replaceAll('\"',\"&quot;\")\n      .replaceAll(\"'\",\"&#039;\");\n  }\n\n  async function loadFeed(){\n    const tbody = document.getElementById(TARGET_ID);\n    if (!tbody) return;\n\n    try{\n      const res = await fetch(FEED_URL, { credentials: \"same-origin\" });\n      if (!res.ok) throw new Error(\"HTTP \" + res.status);\n\n      const xmlText = await res.text();\n      const doc = new DOMParser().parseFromString(xmlText, \"text\/xml\");\n      const items = Array.from(doc.querySelectorAll(\"item\")).slice(0, MAX_ITEMS);\n\n      if (!items.length){\n        tbody.innerHTML = '<tr><td colspan=\"2\">No hay noticias disponibles.<\/td><\/tr>';\n        return;\n      }\n\n      const rows = items.map((item, idx) => {\n        const title = item.querySelector(\"title\")?.textContent?.trim() || \"Sin t\u00edtulo\";\n        const link  = item.querySelector(\"link\")?.textContent?.trim() || \"#\";\n        const pub   = item.querySelector(\"pubDate\")?.textContent?.trim() || \"\";\n        const date  = formatDate(pub);\n\n        return `\n          <tr itemscope itemtype=\"https:\/\/schema.org\/ListItem\">\n            <td class=\"eco2-td-title\">\n              <meta itemprop=\"position\" content=\"${idx + 1}\">\n              <a itemprop=\"url\" rel=\"bookmark\" href=\"${escHtml(link)}\">${escHtml(title)}<\/a>\n            <\/td>\n            <td class=\"eco2-td-date\">${escHtml(date)}<\/td>\n          <\/tr>\n        `;\n      }).join(\"\");\n\n      tbody.innerHTML = rows;\n    } catch(err){\n      console.warn(\"No se pudo cargar feed:\", FEED_URL, err);\n      tbody.innerHTML = '<tr><td colspan=\"2\">No se pudo cargar el feed en este momento.<\/td><\/tr>';\n    }\n  }\n\n  loadFeed();\n})();\n<\/script>\n\n\n\n<p><\/p>\n","protected":false},"excerpt":{"rendered":"<p>Actualidad Movilidad Energ\u00eda Consumo Ciencia Construcci\u00f3n ECO News \u00b7 Latest Ver secci\u00f3n \u2192 Noticia Fecha Cargando\u2026 Ver m\u00e1s Para ver &#8230; <\/p>\n<p class=\"read-more-container\"><a title=\"HoyECO\" class=\"read-more button\" href=\"https:\/\/www.ecoticias.com\/hoyeco\/#more-22\" aria-label=\"Leer m\u00e1s sobre HoyECO\">Read more<\/a><\/p>\n","protected":false},"author":17,"featured_media":0,"parent":0,"menu_order":0,"comment_status":"closed","ping_status":"closed","template":"","meta":{"footnotes":""},"class_list":["post-22","page","type-page","status-publish"],"_links":{"self":[{"href":"https:\/\/www.ecoticias.com\/hoyeco\/wp-json\/wp\/v2\/pages\/22","targetHints":{"allow":["GET"]}}],"collection":[{"href":"https:\/\/www.ecoticias.com\/hoyeco\/wp-json\/wp\/v2\/pages"}],"about":[{"href":"https:\/\/www.ecoticias.com\/hoyeco\/wp-json\/wp\/v2\/types\/page"}],"author":[{"embeddable":true,"href":"https:\/\/www.ecoticias.com\/hoyeco\/wp-json\/wp\/v2\/users\/17"}],"replies":[{"embeddable":true,"href":"https:\/\/www.ecoticias.com\/hoyeco\/wp-json\/wp\/v2\/comments?post=22"}],"version-history":[{"count":3,"href":"https:\/\/www.ecoticias.com\/hoyeco\/wp-json\/wp\/v2\/pages\/22\/revisions"}],"predecessor-version":[{"id":33347,"href":"https:\/\/www.ecoticias.com\/hoyeco\/wp-json\/wp\/v2\/pages\/22\/revisions\/33347"}],"wp:attachment":[{"href":"https:\/\/www.ecoticias.com\/hoyeco\/wp-json\/wp\/v2\/media?parent=22"}],"curies":[{"name":"wp","href":"https:\/\/api.w.org\/{rel}","templated":true}]}}